{"id":14337,"date":"2025-10-17T11:58:10","date_gmt":"2025-10-17T09:58:10","guid":{"rendered":"https:\/\/vertigojazz.pl\/wydarzenia\/scena-pod-regalem-ocalic-od-zapomnienia-w-holdzie-markowi-grechucie\/"},"modified":"2025-10-27T10:20:59","modified_gmt":"2025-10-27T09:20:59","slug":"scena-pod-regalem-ocalic-od-zapomnienia-w-holdzie-markowi-grechucie","status":"publish","type":"wydarzenie","link":"https:\/\/vertigojazz.pl\/de\/wydarzenia\/scena-pod-regalem-ocalic-od-zapomnienia-w-holdzie-markowi-grechucie\/","title":{"rendered":"SCENA POD REGA\u0141EM: &#8222;Ocali\u0107 od zapomnienia&#8230; w ho\u0142dzie Markowi Grechucie&#8220;"},"content":{"rendered":"<h1><\/h1>\n<h2>\u200bJubileusz wielkiego mistrza<\/h2>\n<p>Arty\u015bci Sceny pod Rega\u0142em zapraszaj\u0105 na wyj\u0105tkowy, sentymentalny koncert z okazji 80. urodzin Marka Grechuty, poety, muzyka, malarza i architekta w jednym.<br \/>\n23 listopada o godzinie 20:00 w Vertigo Jazz Club &amp; Restaurant zabrzmi\u0105 jego najwi\u0119ksze przeboje, kt\u00f3re od dekad poruszaj\u0105 serca s\u0142uchaczy.<\/p>\n<p>To b\u0119dzie wiecz\u00f3r pe\u0142en wspomnie\u0144, refleksji i wzrusze\u0144. Arty\u015bci opowiedz\u0105 r\u00f3wnie\u017c anegdoty z \u017cycia Grechuty, odkrywaj\u0105c przed publiczno\u015bci\u0105 jego niezwyk\u0142\u0105 wra\u017cliwo\u015b\u0107 i artystyczn\u0105 natur\u0119.<\/p>\n<h2>\u200bMuzyczna podr\u00f3\u017c przez ponadczasow\u0105 tw\u00f3rczo\u015b\u0107<\/h2>\n<p>Koncert \u201eOcali\u0107 od zapomnienia &#8211; 80 lat pami\u0119ci M. Grechuty\u201d to wyprawa przez dorobek artysty, kt\u00f3ry stworzy\u0142 dziesi\u0105tki nie\u015bmiertelnych utwor\u00f3w.<br \/>\nUs\u0142yszymy takie klasyki jak: \u201eNie dokazuj\u201d, \u201eB\u0119dziesz moj\u0105 Pani\u0105\u201d, \u201eTango Anawa\u201d, \u201eNiepewno\u015b\u0107\u201d, \u201eOcali\u0107 od zapomnienia\u201d, \u201eDni, kt\u00f3rych jeszcze nie znamy\u201d czy \u201eWiosna, wiosna &#8211; ach to Ty\u201d.<\/p>\n<p>Wiecz\u00f3r nawi\u0105zuje klimatem do krakowskiej Piwnicy pod Baranami, miejsca szczeg\u00f3lnie bliskiego Grechucie &#8211; pe\u0142nego artystycznego ducha i poetyckiego sznytu.<\/p>\n<h3>\u200bArty\u015bci wieczoru<\/h3>\n<p>Krzysztof Pacho\u0142ek &#8211; wokal<\/p>\n<p>Malwina Rabenda-Duszy\u0144ska &#8211; skrzypce i wokal<\/p>\n<p>oraz zesp\u00f3\u0142 muzyczny pod kierownictwem Micha\u0142a Hadasika<\/p>\n<p>Micha\u0142 Hadasik: piano<\/p>\n<p>\u017benia Betli\u0144ski: bass<\/p>\n<p>Mateusz Maniak: perkusja<\/p>\n<p>Niech ten wiecz\u00f3r stanie si\u0119 wsp\u00f3lnym \u015bwi\u0119towaniem tw\u00f3rczo\u015bci Marka Grechuty, pe\u0142nym poezji, emocji i muzyki, kt\u00f3ra nigdy nie traci blasku.<br \/>\nTego wydarzenia nie mo\u017cna przegapi\u0107!<\/p>\n<p>REGULAMIN: Lokal po godzinie 19:00 przeznaczony jest dla os\u00f3b powy\u017cej 18 roku \u017cycia. Osoby niepe\u0142noletnie nie zostan\u0105 wpuszczone na wydarzenia organizowane przez Vertigo Jazz Club &amp; Restaurant<\/p>\n<p>English below:<\/p>\n<p><strong>A Jubilee for a Great Master<\/strong><\/p>\n<p>The artists of <em>Scena pod Rega\u0142em<\/em> invite you to a special, sentimental concert celebrating the 80th birthday of Marek Grechuta \u2014 a poet, musician, painter, and architect in one.<br \/>\nOn November 23rd at 8:00 PM, Vertigo Jazz Club &amp; Restaurant will resound with his greatest hits \u2014 songs that have touched the hearts of listeners for decades.<\/p>\n<p>It will be an evening full of memories, reflection, and emotion. The artists will also share anecdotes from Grechuta\u2019s life, revealing his remarkable sensitivity and artistic spirit.<\/p>\n\n<p><strong>A Musical Journey Through Timeless Artistry<\/strong><\/p>\n<p>The concert <em>\u201cTo Save from Oblivion \u2013 80 Years in Memory of M. Grechuta\u201d<\/em> is a journey through the legacy of an artist who created dozens of immortal songs.<br \/>\nYou will hear such classics as: <em>\u201cNie dokazuj,\u201d \u201cB\u0119dziesz moj\u0105 Pani\u0105,\u201d \u201cTango Anawa,\u201d \u201cNiepewno\u015b\u0107,\u201d \u201cOcali\u0107 od zapomnienia,\u201d \u201cDni, kt\u00f3rych jeszcze nie znamy,\u201d<\/em> and <em>\u201cWiosna, wiosna \u2013 ach to Ty.\u201d<\/em><\/p>\n<p>The evening\u2019s atmosphere will evoke the spirit of Piwnica pod Baranami in Krak\u00f3w \u2014 a place especially dear to Grechuta, filled with artistic energy and poetic charm.<\/p>\n<p><strong>REGULATIONS:\u00a0<\/strong>After 7:00 PM, the venue is reserved for guests aged 18 and over. Minors will not be admitted to events organized by Vertigo Jazz Club &amp; Restaurant.<\/p>\n","protected":false},"excerpt":{"rendered":"<p>\u200bJubileusz wielkiego mistrza Arty\u015bci Sceny pod Rega\u0142em zapraszaj\u0105 na wyj\u0105tkowy, sentymentalny koncert z okazji 80. urodzin Marka Grechuty, poety, muzyka, malarza i architekta w jednym. 23 listopada o godzinie 20:00 w Vertigo Jazz Club &amp; Restaurant zabrzmi\u0105 jego najwi\u0119ksze przeboje, kt\u00f3re od dekad poruszaj\u0105 serca s\u0142uchaczy. To b\u0119dzie wiecz\u00f3r pe\u0142en wspomnie\u0144, refleksji i wzrusze\u0144. Arty\u015bci [&hellip;]<\/p>\n","protected":false},"author":14,"featured_media":0,"parent":0,"menu_order":0,"template":"","meta":{"_acf_changed":false,"footnotes":""},"class_list":["post-14337","wydarzenie","type-wydarzenie","status-publish","hentry"],"acf":[],"yoast_head":"<!-- This site is optimized with the Yoast SEO plugin v26.0 - https:\/\/yoast.com\/wordpress\/plugins\/seo\/ -->\n<title>SCENA POD REGA\u0141EM: &quot;Ocali\u0107 od zapomnienia... w ho\u0142dzie Markowi Grechucie&quot; - Vertigo Jazz Club &amp; Restaurant<\/title>\n<meta name=\"description\" content=\"Arty\u015bci Sceny pod Rega\u0142em zapraszaj\u0105 na wyj\u0105tkowy, sentymentalny koncert z okazji 80. urodzin Marka Grechuty, poety, muzyka, malarza i architekta w jednym.\" \/>\n<meta name=\"robots\" content=\"index, follow, max-snippet:-1, max-image-preview:large, max-video-preview:-1\" \/>\n<link rel=\"canonical\" href=\"https:\/\/vertigojazz.pl\/wydarzenia\/scena-pod-regalem-ocalic-od-zapomnienia-w-holdzie-markowi-grechucie\/\" \/>\n<meta property=\"og:locale\" content=\"de_DE\" \/>\n<meta property=\"og:type\" content=\"article\" \/>\n<meta property=\"og:title\" content=\"SCENA POD REGA\u0141EM: &quot;Ocali\u0107 od zapomnienia... w ho\u0142dzie Markowi Grechucie&quot; - Vertigo Jazz Club &amp; Restaurant\" \/>\n<meta property=\"og:description\" content=\"Arty\u015bci Sceny pod Rega\u0142em zapraszaj\u0105 na wyj\u0105tkowy, sentymentalny koncert z okazji 80. urodzin Marka Grechuty, poety, muzyka, malarza i architekta w jednym.\" \/>\n<meta property=\"og:url\" content=\"https:\/\/vertigojazz.pl\/wydarzenia\/scena-pod-regalem-ocalic-od-zapomnienia-w-holdzie-markowi-grechucie\/\" \/>\n<meta property=\"og:site_name\" content=\"Vertigo Jazz Club &amp; Restaurant\" \/>\n<meta property=\"article:publisher\" content=\"https:\/\/www.facebook.com\/vertigojazzclub\" \/>\n<meta property=\"article:modified_time\" content=\"2025-10-27T09:20:59+00:00\" \/>\n<meta property=\"og:image\" content=\"https:\/\/vertigojazz.pl\/wp-content\/uploads\/2025\/08\/VertigoJazz-Logo_1080_1080.jpeg\" \/>\n\t<meta property=\"og:image:width\" content=\"768\" \/>\n\t<meta property=\"og:image:height\" content=\"768\" \/>\n\t<meta property=\"og:image:type\" content=\"image\/jpeg\" \/>\n<meta name=\"twitter:card\" content=\"summary_large_image\" \/>\n<meta name=\"twitter:label1\" content=\"Gesch\u00e4tzte Lesezeit\" \/>\n\t<meta name=\"twitter:data1\" content=\"3\u00a0Minuten\" \/>\n<script type=\"application\/ld+json\" class=\"yoast-schema-graph\">{\"@context\":\"https:\/\/schema.org\",\"@graph\":[{\"@type\":\"WebPage\",\"@id\":\"https:\/\/vertigojazz.pl\/wydarzenia\/scena-pod-regalem-ocalic-od-zapomnienia-w-holdzie-markowi-grechucie\/\",\"url\":\"https:\/\/vertigojazz.pl\/wydarzenia\/scena-pod-regalem-ocalic-od-zapomnienia-w-holdzie-markowi-grechucie\/\",\"name\":\"SCENA POD REGA\u0141EM: \\\"Ocali\u0107 od zapomnienia... w ho\u0142dzie Markowi Grechucie\\\" - Vertigo Jazz Club &amp; Restaurant\",\"isPartOf\":{\"@id\":\"https:\/\/vertigojazz.pl\/#website\"},\"datePublished\":\"2025-10-17T09:58:10+00:00\",\"dateModified\":\"2025-10-27T09:20:59+00:00\",\"description\":\"Arty\u015bci Sceny pod Rega\u0142em zapraszaj\u0105 na wyj\u0105tkowy, sentymentalny koncert z okazji 80. urodzin Marka Grechuty, poety, muzyka, malarza i architekta w jednym.\",\"breadcrumb\":{\"@id\":\"https:\/\/vertigojazz.pl\/wydarzenia\/scena-pod-regalem-ocalic-od-zapomnienia-w-holdzie-markowi-grechucie\/#breadcrumb\"},\"inLanguage\":\"de\",\"potentialAction\":[{\"@type\":\"ReadAction\",\"target\":[\"https:\/\/vertigojazz.pl\/wydarzenia\/scena-pod-regalem-ocalic-od-zapomnienia-w-holdzie-markowi-grechucie\/\"]}]},{\"@type\":\"BreadcrumbList\",\"@id\":\"https:\/\/vertigojazz.pl\/wydarzenia\/scena-pod-regalem-ocalic-od-zapomnienia-w-holdzie-markowi-grechucie\/#breadcrumb\",\"itemListElement\":[{\"@type\":\"ListItem\",\"position\":1,\"name\":\"Strona g\u0142\u00f3wna\",\"item\":\"https:\/\/vertigojazz.pl\/de\/\"},{\"@type\":\"ListItem\",\"position\":2,\"name\":\"SCENA POD REGA\u0141EM: &#8222;Ocali\u0107 od zapomnienia&#8230; w ho\u0142dzie Markowi Grechucie&#8221;\"}]},{\"@type\":\"WebSite\",\"@id\":\"https:\/\/vertigojazz.pl\/#website\",\"url\":\"https:\/\/vertigojazz.pl\/\",\"name\":\"Vertigo Jazz Club & Restaurant\",\"description\":\"klub muzyczny we Wroc\u0142awiu\",\"publisher\":{\"@id\":\"https:\/\/vertigojazz.pl\/#organization\"},\"potentialAction\":[{\"@type\":\"SearchAction\",\"target\":{\"@type\":\"EntryPoint\",\"urlTemplate\":\"https:\/\/vertigojazz.pl\/?s={search_term_string}\"},\"query-input\":{\"@type\":\"PropertyValueSpecification\",\"valueRequired\":true,\"valueName\":\"search_term_string\"}}],\"inLanguage\":\"de\"},{\"@type\":\"Organization\",\"@id\":\"https:\/\/vertigojazz.pl\/#organization\",\"name\":\"Vertigo Jazz Club & Restaurant\",\"alternateName\":\"Klub muzyczny we Wroc\u0142awiu\",\"url\":\"https:\/\/vertigojazz.pl\/\",\"logo\":{\"@type\":\"ImageObject\",\"inLanguage\":\"de\",\"@id\":\"https:\/\/vertigojazz.pl\/#\/schema\/logo\/image\/\",\"url\":\"https:\/\/vertigojazz.pl\/wp-content\/uploads\/2025\/04\/cropped-vertigo_logo_biale-180x180-1.jpg\",\"contentUrl\":\"https:\/\/vertigojazz.pl\/wp-content\/uploads\/2025\/04\/cropped-vertigo_logo_biale-180x180-1.jpg\",\"width\":180,\"height\":180,\"caption\":\"Vertigo Jazz Club & Restaurant\"},\"image\":{\"@id\":\"https:\/\/vertigojazz.pl\/#\/schema\/logo\/image\/\"},\"sameAs\":[\"https:\/\/www.facebook.com\/vertigojazzclub\",\"https:\/\/www.instagram.com\/vertigo_jazz_club\/\",\"https:\/\/www.youtube.com\/channel\/UC8sPrX3Xuv7bfuhfr3XbqXg\",\"https:\/\/www.tiktok.com\/@vertigojazzclub\"]}]}<\/script>\n<!-- \/ Yoast SEO plugin. -->","yoast_head_json":{"title":"SCENA POD REGA\u0141EM: \"Ocali\u0107 od zapomnienia... w ho\u0142dzie Markowi Grechucie\" - Vertigo Jazz Club &amp; Restaurant","description":"Arty\u015bci Sceny pod Rega\u0142em zapraszaj\u0105 na wyj\u0105tkowy, sentymentalny koncert z okazji 80. urodzin Marka Grechuty, poety, muzyka, malarza i architekta w jednym.","robots":{"index":"index","follow":"follow","max-snippet":"max-snippet:-1","max-image-preview":"max-image-preview:large","max-video-preview":"max-video-preview:-1"},"canonical":"https:\/\/vertigojazz.pl\/wydarzenia\/scena-pod-regalem-ocalic-od-zapomnienia-w-holdzie-markowi-grechucie\/","og_locale":"de_DE","og_type":"article","og_title":"SCENA POD REGA\u0141EM: \"Ocali\u0107 od zapomnienia... w ho\u0142dzie Markowi Grechucie\" - Vertigo Jazz Club &amp; Restaurant","og_description":"Arty\u015bci Sceny pod Rega\u0142em zapraszaj\u0105 na wyj\u0105tkowy, sentymentalny koncert z okazji 80. urodzin Marka Grechuty, poety, muzyka, malarza i architekta w jednym.","og_url":"https:\/\/vertigojazz.pl\/wydarzenia\/scena-pod-regalem-ocalic-od-zapomnienia-w-holdzie-markowi-grechucie\/","og_site_name":"Vertigo Jazz Club &amp; Restaurant","article_publisher":"https:\/\/www.facebook.com\/vertigojazzclub","article_modified_time":"2025-10-27T09:20:59+00:00","og_image":[{"width":768,"height":768,"url":"https:\/\/vertigojazz.pl\/wp-content\/uploads\/2025\/08\/VertigoJazz-Logo_1080_1080.jpeg","type":"image\/jpeg"}],"twitter_card":"summary_large_image","twitter_misc":{"Gesch\u00e4tzte Lesezeit":"3\u00a0Minuten"},"schema":{"@context":"https:\/\/schema.org","@graph":[{"@type":"WebPage","@id":"https:\/\/vertigojazz.pl\/wydarzenia\/scena-pod-regalem-ocalic-od-zapomnienia-w-holdzie-markowi-grechucie\/","url":"https:\/\/vertigojazz.pl\/wydarzenia\/scena-pod-regalem-ocalic-od-zapomnienia-w-holdzie-markowi-grechucie\/","name":"SCENA POD REGA\u0141EM: \"Ocali\u0107 od zapomnienia... w ho\u0142dzie Markowi Grechucie\" - Vertigo Jazz Club &amp; Restaurant","isPartOf":{"@id":"https:\/\/vertigojazz.pl\/#website"},"datePublished":"2025-10-17T09:58:10+00:00","dateModified":"2025-10-27T09:20:59+00:00","description":"Arty\u015bci Sceny pod Rega\u0142em zapraszaj\u0105 na wyj\u0105tkowy, sentymentalny koncert z okazji 80. urodzin Marka Grechuty, poety, muzyka, malarza i architekta w jednym.","breadcrumb":{"@id":"https:\/\/vertigojazz.pl\/wydarzenia\/scena-pod-regalem-ocalic-od-zapomnienia-w-holdzie-markowi-grechucie\/#breadcrumb"},"inLanguage":"de","potentialAction":[{"@type":"ReadAction","target":["https:\/\/vertigojazz.pl\/wydarzenia\/scena-pod-regalem-ocalic-od-zapomnienia-w-holdzie-markowi-grechucie\/"]}]},{"@type":"BreadcrumbList","@id":"https:\/\/vertigojazz.pl\/wydarzenia\/scena-pod-regalem-ocalic-od-zapomnienia-w-holdzie-markowi-grechucie\/#breadcrumb","itemListElement":[{"@type":"ListItem","position":1,"name":"Strona g\u0142\u00f3wna","item":"https:\/\/vertigojazz.pl\/de\/"},{"@type":"ListItem","position":2,"name":"SCENA POD REGA\u0141EM: &#8222;Ocali\u0107 od zapomnienia&#8230; w ho\u0142dzie Markowi Grechucie&#8221;"}]},{"@type":"WebSite","@id":"https:\/\/vertigojazz.pl\/#website","url":"https:\/\/vertigojazz.pl\/","name":"Vertigo Jazz Club & Restaurant","description":"klub muzyczny we Wroc\u0142awiu","publisher":{"@id":"https:\/\/vertigojazz.pl\/#organization"},"potentialAction":[{"@type":"SearchAction","target":{"@type":"EntryPoint","urlTemplate":"https:\/\/vertigojazz.pl\/?s={search_term_string}"},"query-input":{"@type":"PropertyValueSpecification","valueRequired":true,"valueName":"search_term_string"}}],"inLanguage":"de"},{"@type":"Organization","@id":"https:\/\/vertigojazz.pl\/#organization","name":"Vertigo Jazz Club & Restaurant","alternateName":"Klub muzyczny we Wroc\u0142awiu","url":"https:\/\/vertigojazz.pl\/","logo":{"@type":"ImageObject","inLanguage":"de","@id":"https:\/\/vertigojazz.pl\/#\/schema\/logo\/image\/","url":"https:\/\/vertigojazz.pl\/wp-content\/uploads\/2025\/04\/cropped-vertigo_logo_biale-180x180-1.jpg","contentUrl":"https:\/\/vertigojazz.pl\/wp-content\/uploads\/2025\/04\/cropped-vertigo_logo_biale-180x180-1.jpg","width":180,"height":180,"caption":"Vertigo Jazz Club & Restaurant"},"image":{"@id":"https:\/\/vertigojazz.pl\/#\/schema\/logo\/image\/"},"sameAs":["https:\/\/www.facebook.com\/vertigojazzclub","https:\/\/www.instagram.com\/vertigo_jazz_club\/","https:\/\/www.youtube.com\/channel\/UC8sPrX3Xuv7bfuhfr3XbqXg","https:\/\/www.tiktok.com\/@vertigojazzclub"]}]}},"_links":{"self":[{"href":"https:\/\/vertigojazz.pl\/de\/wp-json\/wp\/v2\/wydarzenie\/14337","targetHints":{"allow":["GET"]}}],"collection":[{"href":"https:\/\/vertigojazz.pl\/de\/wp-json\/wp\/v2\/wydarzenie"}],"about":[{"href":"https:\/\/vertigojazz.pl\/de\/wp-json\/wp\/v2\/types\/wydarzenie"}],"author":[{"embeddable":true,"href":"https:\/\/vertigojazz.pl\/de\/wp-json\/wp\/v2\/users\/14"}],"version-history":[{"count":1,"href":"https:\/\/vertigojazz.pl\/de\/wp-json\/wp\/v2\/wydarzenie\/14337\/revisions"}],"predecessor-version":[{"id":14623,"href":"https:\/\/vertigojazz.pl\/de\/wp-json\/wp\/v2\/wydarzenie\/14337\/revisions\/14623"}],"wp:attachment":[{"href":"https:\/\/vertigojazz.pl\/de\/wp-json\/wp\/v2\/media?parent=14337"}],"curies":[{"name":"wp","href":"https:\/\/api.w.org\/{rel}","templated":true}]}}