{"id":14409,"date":"2025-10-20T19:23:43","date_gmt":"2025-10-20T17:23:43","guid":{"rendered":"https:\/\/vertigojazz.pl\/wydarzenia\/bogdan-holownia-pawel-panta-to-nie-przypadek\/"},"modified":"2025-10-27T10:10:07","modified_gmt":"2025-10-27T09:10:07","slug":"bogdan-holownia-pawel-panta-to-nie-przypadek","status":"publish","type":"wydarzenie","link":"https:\/\/vertigojazz.pl\/de\/wydarzenia\/bogdan-holownia-pawel-panta-to-nie-przypadek\/","title":{"rendered":"Bogdan Ho\u0142ownia &amp; Pawe\u0142 Pa\u0144ta &#8211; To nie przypadek"},"content":{"rendered":"<h1>\u200bBogdan Ho\u0142ownia i Pawe\u0142 Pa\u0144ta w wyj\u0105tkowym duecie<\/h1>\n<p>Piotr Guzek Impresariat i Vertigo Jazz Club &amp; Restaurant zapraszaj\u0105 na kolejny koncert z cyklu \u201eAkustyczny Jazz\u201d \u2013 projekt pod tytu\u0142em \u201eTo nie przypadek\u201d.<br \/>\nAlbum o tym samym tytule to efekt spontanicznego spotkania dw\u00f3ch wybitnych muzyk\u00f3w \u2013 pianisty Bogdana Ho\u0142owni i kontrabasisty Paw\u0142a Pa\u0144ty.<br \/>\nPocz\u0105tkowo planowane nagranie w trio nie dosz\u0142o do skutku, lecz arty\u015bci wykorzystali czas w studiu, tworz\u0105c niezwykle sp\u00f3jny i intymny duet.<\/p>\n<p>Na p\u0142ycie znalaz\u0142y si\u0119 wy\u0142\u0105cznie polskie piosenki \u2013 od przedwojennych po wsp\u00f3\u0142czesne \u2013 w nowych, pe\u0142nych ciep\u0142a i swobody interpretacjach. Utwory takie jak <i>Przed noc\u0105 i mg\u0142\u0105<\/i>, <i>Nie oczekuj\u0119 dzi\u015b nikogo<\/i>, <i>Tyle jest miast<\/i>, <i>Ulice wielkich miast<\/i>, <i>Czas rozpali\u0107 piec<\/i> czy <i>D\u00e9j\u00e0 vu<\/i> zyska\u0142y tu \u015bwie\u017ce, kameralne brzmienie.<\/p>\n<p>Ho\u0142ownia i Pa\u0144ta z niezwyk\u0142ym wyczuciem buduj\u0105 dialog pomi\u0119dzy fortepianem a kontrabasem, tworz\u0105c muzyk\u0119 subteln\u0105, nastrojow\u0105 i g\u0142\u0119boko poruszaj\u0105c\u0105.<\/p>\n<h2>\u200bSpotkanie dw\u00f3ch osobowo\u015bci<\/h2>\n<p>Duet Bogdana Ho\u0142owni (fortepian) i Paw\u0142a Pa\u0144ty (kontrabas) to spotkanie dw\u00f3ch wybitnych osobowo\u015bci polskiej sceny jazzowej.<br \/>\nW duecie odnajduj\u0105 wsp\u00f3lny j\u0119zyk oparty na subtelno\u015bci, wzajemnym s\u0142uchaniu i przestrzeni \u2013 to muzyka, w kt\u00f3rej liczy si\u0119 nie tylko d\u017awi\u0119k, ale i cisza mi\u0119dzy nimi.<br \/>\nIch koncerty emanuj\u0105 spokojem, klas\u0105 i naturalno\u015bci\u0105, a publiczno\u015b\u0107 ceni ich za szczero\u015b\u0107 przekazu i niezwyk\u0142\u0105 muzyczn\u0105 kultur\u0119.<\/p>\n<p><b>REGULAMIN: Lokal po godzinie 19:00 przeznaczony jest dla os\u00f3b powy\u017cej 18 roku \u017cycia. Osoby niepe\u0142noletnie nie zostan\u0105 wpuszczone na wydarzenia organizowane przez Vertigo Jazz Club &amp; Restaurant<\/b><\/p>\n<p>English below:<\/p>\n<p><strong>Bogdan Ho\u0142ownia and Pawe\u0142 Pa\u0144ta in an Exceptional Duo<\/strong><\/p>\n<p>Piotr Guzek Impresariat and Vertigo Jazz Club &amp; Restaurant invite you to another concert in the <em>\u201cAcoustic Jazz\u201d<\/em> series \u2013 a project titled <em>\u201cIt\u2019s No Coincidence.\u201d<\/em><\/p>\n<p>The album of the same name is the result of a spontaneous meeting between two outstanding musicians \u2013 pianist <strong>Bogdan Ho\u0142ownia<\/strong> and double bassist <strong>Pawe\u0142 Pa\u0144ta<\/strong>.<br \/>\nOriginally planned as a trio recording, the session took a different turn, and the artists used their studio time to create an exceptionally cohesive and intimate duet.<\/p>\n<p>The album features exclusively Polish songs \u2013 from pre-war classics to contemporary pieces \u2013 presented in warm, free, and heartfelt interpretations.<br \/>\nSongs such as <em>Przed noc\u0105 i mg\u0142\u0105<\/em> (<em>Before Night and Mist<\/em>), <em>Nie oczekuj\u0119 dzi\u015b nikogo<\/em> (<em>I\u2019m Not Expecting Anyone Today<\/em>), <em>Tyle jest miast<\/em> (<em>So Many Cities<\/em>), <em>Ulice wielkich miast<\/em> (<em>Streets of Big Cities<\/em>), <em>Czas rozpali\u0107 piec<\/em> (<em>Time to Light the Stove<\/em>), and <em>D\u00e9j\u00e0 vu<\/em> gain a fresh, intimate sound in their hands.<\/p>\n<p>Ho\u0142ownia and Pa\u0144ta, with remarkable sensitivity, build a dialogue between piano and double bass, creating music that is subtle, atmospheric, and deeply moving.<\/p>\n<p><strong>A Meeting of Two Musical Personalities<\/strong>\u200b<br \/>\nThe duo of Bogdan Ho\u0142ownia (piano) and Pawe\u0142 Pa\u0144ta (double bass) is a meeting of two remarkable figures of the Polish jazz scene.<br \/>\nTogether, they find a common language based on subtlety, mutual listening, and space \u2013 a kind of music where not only the sound matters, but also the silence between the notes.<br \/>\nTheir concerts radiate calm, elegance, and naturalness, and audiences value them for their honesty and exceptional musical culture.<\/p>\n\n<p><strong>REGULATIONS:<\/strong><\/p>\n<p>The venue is reserved for guests aged 18 and over after 7:00 PM.<br \/>\nMinors will not be admitted to events organized by Vertigo Jazz Club &amp; Restaurant.<\/p>\n","protected":false},"excerpt":{"rendered":"<p>\u200bBogdan Ho\u0142ownia i Pawe\u0142 Pa\u0144ta w wyj\u0105tkowym duecie Piotr Guzek Impresariat i Vertigo Jazz Club &amp; Restaurant zapraszaj\u0105 na kolejny koncert z cyklu \u201eAkustyczny Jazz\u201d \u2013 projekt pod tytu\u0142em \u201eTo nie przypadek\u201d. Album o tym samym tytule to efekt spontanicznego spotkania dw\u00f3ch wybitnych muzyk\u00f3w \u2013 pianisty Bogdana Ho\u0142owni i kontrabasisty Paw\u0142a Pa\u0144ty. Pocz\u0105tkowo planowane nagranie [&hellip;]<\/p>\n","protected":false},"author":13,"featured_media":0,"parent":0,"menu_order":0,"template":"","meta":{"_acf_changed":false,"footnotes":""},"class_list":["post-14409","wydarzenie","type-wydarzenie","status-publish","hentry"],"acf":[],"yoast_head":"<!-- This site is optimized with the Yoast SEO plugin v26.0 - https:\/\/yoast.com\/wordpress\/plugins\/seo\/ -->\n<title>Bogdan Ho\u0142ownia &amp; Pawe\u0142 Pa\u0144ta - To nie przypadek - Vertigo Jazz Club &amp; Restaurant<\/title>\n<meta name=\"description\" content=\"Piotr Guzek Impresariat i Vertigo Jazz Club &amp; Restaurant zapraszaj\u0105 na kolejny koncert z cyklu \u201eAkustyczny Jazz\u201d \u2013 projekt pod tytu\u0142em \u201eTo nie przypadek\u201d.\" \/>\n<meta name=\"robots\" content=\"index, follow, max-snippet:-1, max-image-preview:large, max-video-preview:-1\" \/>\n<link rel=\"canonical\" href=\"https:\/\/vertigojazz.pl\/wydarzenia\/bogdan-holownia-pawel-panta-to-nie-przypadek\/\" \/>\n<meta property=\"og:locale\" content=\"de_DE\" \/>\n<meta property=\"og:type\" content=\"article\" \/>\n<meta property=\"og:title\" content=\"Bogdan Ho\u0142ownia &amp; Pawe\u0142 Pa\u0144ta - To nie przypadek - Vertigo Jazz Club &amp; Restaurant\" \/>\n<meta property=\"og:description\" content=\"Piotr Guzek Impresariat i Vertigo Jazz Club &amp; Restaurant zapraszaj\u0105 na kolejny koncert z cyklu \u201eAkustyczny Jazz\u201d \u2013 projekt pod tytu\u0142em \u201eTo nie przypadek\u201d.\" \/>\n<meta property=\"og:url\" content=\"https:\/\/vertigojazz.pl\/wydarzenia\/bogdan-holownia-pawel-panta-to-nie-przypadek\/\" \/>\n<meta property=\"og:site_name\" content=\"Vertigo Jazz Club &amp; Restaurant\" \/>\n<meta property=\"article:publisher\" content=\"https:\/\/www.facebook.com\/vertigojazzclub\" \/>\n<meta property=\"article:modified_time\" content=\"2025-10-27T09:10:07+00:00\" \/>\n<meta property=\"og:image\" content=\"https:\/\/vertigojazz.pl\/wp-content\/uploads\/2025\/08\/VertigoJazz-Logo_1080_1080.jpeg\" \/>\n\t<meta property=\"og:image:width\" content=\"768\" \/>\n\t<meta property=\"og:image:height\" content=\"768\" \/>\n\t<meta property=\"og:image:type\" content=\"image\/jpeg\" \/>\n<meta name=\"twitter:card\" content=\"summary_large_image\" \/>\n<meta name=\"twitter:label1\" content=\"Gesch\u00e4tzte Lesezeit\" \/>\n\t<meta name=\"twitter:data1\" content=\"4\u00a0Minuten\" \/>\n<script type=\"application\/ld+json\" class=\"yoast-schema-graph\">{\"@context\":\"https:\/\/schema.org\",\"@graph\":[{\"@type\":\"WebPage\",\"@id\":\"https:\/\/vertigojazz.pl\/wydarzenia\/bogdan-holownia-pawel-panta-to-nie-przypadek\/\",\"url\":\"https:\/\/vertigojazz.pl\/wydarzenia\/bogdan-holownia-pawel-panta-to-nie-przypadek\/\",\"name\":\"Bogdan Ho\u0142ownia &amp; Pawe\u0142 Pa\u0144ta - To nie przypadek - Vertigo Jazz Club &amp; Restaurant\",\"isPartOf\":{\"@id\":\"https:\/\/vertigojazz.pl\/#website\"},\"datePublished\":\"2025-10-20T17:23:43+00:00\",\"dateModified\":\"2025-10-27T09:10:07+00:00\",\"description\":\"Piotr Guzek Impresariat i Vertigo Jazz Club & Restaurant zapraszaj\u0105 na kolejny koncert z cyklu \u201eAkustyczny Jazz\u201d \u2013 projekt pod tytu\u0142em \u201eTo nie przypadek\u201d.\",\"breadcrumb\":{\"@id\":\"https:\/\/vertigojazz.pl\/wydarzenia\/bogdan-holownia-pawel-panta-to-nie-przypadek\/#breadcrumb\"},\"inLanguage\":\"de\",\"potentialAction\":[{\"@type\":\"ReadAction\",\"target\":[\"https:\/\/vertigojazz.pl\/wydarzenia\/bogdan-holownia-pawel-panta-to-nie-przypadek\/\"]}]},{\"@type\":\"BreadcrumbList\",\"@id\":\"https:\/\/vertigojazz.pl\/wydarzenia\/bogdan-holownia-pawel-panta-to-nie-przypadek\/#breadcrumb\",\"itemListElement\":[{\"@type\":\"ListItem\",\"position\":1,\"name\":\"Strona g\u0142\u00f3wna\",\"item\":\"https:\/\/vertigojazz.pl\/de\/\"},{\"@type\":\"ListItem\",\"position\":2,\"name\":\"Bogdan Ho\u0142ownia &amp; Pawe\u0142 Pa\u0144ta &#8211; To nie przypadek\"}]},{\"@type\":\"WebSite\",\"@id\":\"https:\/\/vertigojazz.pl\/#website\",\"url\":\"https:\/\/vertigojazz.pl\/\",\"name\":\"Vertigo Jazz Club & Restaurant\",\"description\":\"klub muzyczny we Wroc\u0142awiu\",\"publisher\":{\"@id\":\"https:\/\/vertigojazz.pl\/#organization\"},\"potentialAction\":[{\"@type\":\"SearchAction\",\"target\":{\"@type\":\"EntryPoint\",\"urlTemplate\":\"https:\/\/vertigojazz.pl\/?s={search_term_string}\"},\"query-input\":{\"@type\":\"PropertyValueSpecification\",\"valueRequired\":true,\"valueName\":\"search_term_string\"}}],\"inLanguage\":\"de\"},{\"@type\":\"Organization\",\"@id\":\"https:\/\/vertigojazz.pl\/#organization\",\"name\":\"Vertigo Jazz Club & Restaurant\",\"alternateName\":\"Klub muzyczny we Wroc\u0142awiu\",\"url\":\"https:\/\/vertigojazz.pl\/\",\"logo\":{\"@type\":\"ImageObject\",\"inLanguage\":\"de\",\"@id\":\"https:\/\/vertigojazz.pl\/#\/schema\/logo\/image\/\",\"url\":\"https:\/\/vertigojazz.pl\/wp-content\/uploads\/2025\/04\/cropped-vertigo_logo_biale-180x180-1.jpg\",\"contentUrl\":\"https:\/\/vertigojazz.pl\/wp-content\/uploads\/2025\/04\/cropped-vertigo_logo_biale-180x180-1.jpg\",\"width\":180,\"height\":180,\"caption\":\"Vertigo Jazz Club & Restaurant\"},\"image\":{\"@id\":\"https:\/\/vertigojazz.pl\/#\/schema\/logo\/image\/\"},\"sameAs\":[\"https:\/\/www.facebook.com\/vertigojazzclub\",\"https:\/\/www.instagram.com\/vertigo_jazz_club\/\",\"https:\/\/www.youtube.com\/channel\/UC8sPrX3Xuv7bfuhfr3XbqXg\",\"https:\/\/www.tiktok.com\/@vertigojazzclub\"]}]}<\/script>\n<!-- \/ Yoast SEO plugin. -->","yoast_head_json":{"title":"Bogdan Ho\u0142ownia &amp; Pawe\u0142 Pa\u0144ta - To nie przypadek - Vertigo Jazz Club &amp; Restaurant","description":"Piotr Guzek Impresariat i Vertigo Jazz Club & Restaurant zapraszaj\u0105 na kolejny koncert z cyklu \u201eAkustyczny Jazz\u201d \u2013 projekt pod tytu\u0142em \u201eTo nie przypadek\u201d.","robots":{"index":"index","follow":"follow","max-snippet":"max-snippet:-1","max-image-preview":"max-image-preview:large","max-video-preview":"max-video-preview:-1"},"canonical":"https:\/\/vertigojazz.pl\/wydarzenia\/bogdan-holownia-pawel-panta-to-nie-przypadek\/","og_locale":"de_DE","og_type":"article","og_title":"Bogdan Ho\u0142ownia &amp; Pawe\u0142 Pa\u0144ta - To nie przypadek - Vertigo Jazz Club &amp; Restaurant","og_description":"Piotr Guzek Impresariat i Vertigo Jazz Club & Restaurant zapraszaj\u0105 na kolejny koncert z cyklu \u201eAkustyczny Jazz\u201d \u2013 projekt pod tytu\u0142em \u201eTo nie przypadek\u201d.","og_url":"https:\/\/vertigojazz.pl\/wydarzenia\/bogdan-holownia-pawel-panta-to-nie-przypadek\/","og_site_name":"Vertigo Jazz Club &amp; Restaurant","article_publisher":"https:\/\/www.facebook.com\/vertigojazzclub","article_modified_time":"2025-10-27T09:10:07+00:00","og_image":[{"width":768,"height":768,"url":"https:\/\/vertigojazz.pl\/wp-content\/uploads\/2025\/08\/VertigoJazz-Logo_1080_1080.jpeg","type":"image\/jpeg"}],"twitter_card":"summary_large_image","twitter_misc":{"Gesch\u00e4tzte Lesezeit":"4\u00a0Minuten"},"schema":{"@context":"https:\/\/schema.org","@graph":[{"@type":"WebPage","@id":"https:\/\/vertigojazz.pl\/wydarzenia\/bogdan-holownia-pawel-panta-to-nie-przypadek\/","url":"https:\/\/vertigojazz.pl\/wydarzenia\/bogdan-holownia-pawel-panta-to-nie-przypadek\/","name":"Bogdan Ho\u0142ownia &amp; Pawe\u0142 Pa\u0144ta - To nie przypadek - Vertigo Jazz Club &amp; Restaurant","isPartOf":{"@id":"https:\/\/vertigojazz.pl\/#website"},"datePublished":"2025-10-20T17:23:43+00:00","dateModified":"2025-10-27T09:10:07+00:00","description":"Piotr Guzek Impresariat i Vertigo Jazz Club & Restaurant zapraszaj\u0105 na kolejny koncert z cyklu \u201eAkustyczny Jazz\u201d \u2013 projekt pod tytu\u0142em \u201eTo nie przypadek\u201d.","breadcrumb":{"@id":"https:\/\/vertigojazz.pl\/wydarzenia\/bogdan-holownia-pawel-panta-to-nie-przypadek\/#breadcrumb"},"inLanguage":"de","potentialAction":[{"@type":"ReadAction","target":["https:\/\/vertigojazz.pl\/wydarzenia\/bogdan-holownia-pawel-panta-to-nie-przypadek\/"]}]},{"@type":"BreadcrumbList","@id":"https:\/\/vertigojazz.pl\/wydarzenia\/bogdan-holownia-pawel-panta-to-nie-przypadek\/#breadcrumb","itemListElement":[{"@type":"ListItem","position":1,"name":"Strona g\u0142\u00f3wna","item":"https:\/\/vertigojazz.pl\/de\/"},{"@type":"ListItem","position":2,"name":"Bogdan Ho\u0142ownia &amp; Pawe\u0142 Pa\u0144ta &#8211; To nie przypadek"}]},{"@type":"WebSite","@id":"https:\/\/vertigojazz.pl\/#website","url":"https:\/\/vertigojazz.pl\/","name":"Vertigo Jazz Club & Restaurant","description":"klub muzyczny we Wroc\u0142awiu","publisher":{"@id":"https:\/\/vertigojazz.pl\/#organization"},"potentialAction":[{"@type":"SearchAction","target":{"@type":"EntryPoint","urlTemplate":"https:\/\/vertigojazz.pl\/?s={search_term_string}"},"query-input":{"@type":"PropertyValueSpecification","valueRequired":true,"valueName":"search_term_string"}}],"inLanguage":"de"},{"@type":"Organization","@id":"https:\/\/vertigojazz.pl\/#organization","name":"Vertigo Jazz Club & Restaurant","alternateName":"Klub muzyczny we Wroc\u0142awiu","url":"https:\/\/vertigojazz.pl\/","logo":{"@type":"ImageObject","inLanguage":"de","@id":"https:\/\/vertigojazz.pl\/#\/schema\/logo\/image\/","url":"https:\/\/vertigojazz.pl\/wp-content\/uploads\/2025\/04\/cropped-vertigo_logo_biale-180x180-1.jpg","contentUrl":"https:\/\/vertigojazz.pl\/wp-content\/uploads\/2025\/04\/cropped-vertigo_logo_biale-180x180-1.jpg","width":180,"height":180,"caption":"Vertigo Jazz Club & Restaurant"},"image":{"@id":"https:\/\/vertigojazz.pl\/#\/schema\/logo\/image\/"},"sameAs":["https:\/\/www.facebook.com\/vertigojazzclub","https:\/\/www.instagram.com\/vertigo_jazz_club\/","https:\/\/www.youtube.com\/channel\/UC8sPrX3Xuv7bfuhfr3XbqXg","https:\/\/www.tiktok.com\/@vertigojazzclub"]}]}},"_links":{"self":[{"href":"https:\/\/vertigojazz.pl\/de\/wp-json\/wp\/v2\/wydarzenie\/14409","targetHints":{"allow":["GET"]}}],"collection":[{"href":"https:\/\/vertigojazz.pl\/de\/wp-json\/wp\/v2\/wydarzenie"}],"about":[{"href":"https:\/\/vertigojazz.pl\/de\/wp-json\/wp\/v2\/types\/wydarzenie"}],"author":[{"embeddable":true,"href":"https:\/\/vertigojazz.pl\/de\/wp-json\/wp\/v2\/users\/13"}],"version-history":[{"count":1,"href":"https:\/\/vertigojazz.pl\/de\/wp-json\/wp\/v2\/wydarzenie\/14409\/revisions"}],"predecessor-version":[{"id":14616,"href":"https:\/\/vertigojazz.pl\/de\/wp-json\/wp\/v2\/wydarzenie\/14409\/revisions\/14616"}],"wp:attachment":[{"href":"https:\/\/vertigojazz.pl\/de\/wp-json\/wp\/v2\/media?parent=14409"}],"curies":[{"name":"wp","href":"https:\/\/api.w.org\/{rel}","templated":true}]}}