{"id":14433,"date":"2025-10-21T19:58:45","date_gmt":"2025-10-21T17:58:45","guid":{"rendered":"https:\/\/vertigojazz.pl\/wydarzenia\/kuba-adamus-harmony-of-smiles-koncert-z-okazji-dnia-zyczliwosci\/"},"modified":"2025-10-27T10:17:59","modified_gmt":"2025-10-27T09:17:59","slug":"kuba-adamus-harmony-of-smiles-koncert-z-okazji-dnia-zyczliwosci","status":"publish","type":"wydarzenie","link":"https:\/\/vertigojazz.pl\/de\/wydarzenia\/kuba-adamus-harmony-of-smiles-koncert-z-okazji-dnia-zyczliwosci\/","title":{"rendered":"Kuba Adamus Harmony of Smiles &#8211; Koncert z okazji Dnia \u017byczliwo\u015bci"},"content":{"rendered":"<h1>\u200bMuzyka w rytmie \u017cyczliwo\u015bci<\/h1>\n<p>Zapraszamy na wyj\u0105tkowy wiecz\u00f3r w Vertigo, podczas kt\u00f3rego muzyka spotka si\u0119 z ide\u0105 Dnia \u017byczliwo\u015bci.<\/p>\n<p>Kuba Adamus wraz z zespo\u0142em zabierze publiczno\u015b\u0107 w podr\u00f3\u017c pe\u0142n\u0105 ciep\u0142a i pozytywnej energii.<\/p>\n<h2>\u200bSoulowe brzmienia i lekko\u015b\u0107 u\u015bmiechu<\/h2>\n<p>W programie us\u0142yszymy soulowe interpretacje, kt\u00f3re emanuj\u0105 rado\u015bci\u0105, lekko\u015bci\u0105 i harmoni\u0105.<\/p>\n<p>To muzyka, kt\u00f3ra \u0142\u0105czy ludzi i przypomina, jak wielk\u0105 moc maj\u0105 drobne gesty dobroci.<\/p>\n<h2>Wiecz\u00f3r pe\u0142en \u015bwiat\u0142a i emocji<\/h2>\n<p>Harmony of Smiles to koncert, podczas kt\u00f3rego muzyka stanie si\u0119 j\u0119zykiem otwarto\u015bci, u\u015bmiechu i wzajemnej \u017cyczliwo\u015bci.<\/p>\n<p>Pozw\u00f3lcie Pa\u0144stwo, aby d\u017awi\u0119ki roz\u015bwietli\u0142y listopadowy wiecz\u00f3r w Vertigo!<\/p>\n<p>REGULAMIN: Lokal po godzinie 19:00 przeznaczony jest dla os\u00f3b powy\u017cej 18 roku \u017cycia. Osoby niepe\u0142noletnie nie zostan\u0105 wpuszczone na wydarzenia organizowane przez Vertigo Jazz Club &amp; Restaurant<\/p>\n<p>English below:<\/p>\n<p><strong>Music in the Rhythm of Kindness<\/strong><br \/>\nJoin us for a special evening at Vertigo, where music meets the spirit of the Day of Kindness.Kuba Adamus and his band will take the audience on a journey filled with warmth and positive energy.<\/p>\n<p><strong>Soulful Sounds and the Lightness of a Smile<\/strong><br \/>\nThe program will feature soulful interpretations that radiate joy, lightness, and harmony.<\/p>\n<p>It\u2019s music that brings people together and reminds us of the power of small acts of kindness.<\/p>\n<p><strong>An Evening Full of Light and Emotion<\/strong><br \/>\n<em>Harmony of Smiles<\/em> is a concert where music becomes a language of openness, joy, and mutual kindness.<\/p>\n<p>Let the sounds brighten up your November evening at Vertigo!<\/p>\n<p><strong>REGULATIONS:<\/strong><br \/>\nAfter 7:00 PM, the venue is reserved for guests aged 18 and over.<br \/>\nMinors will not be admitted to events organized by Vertigo Jazz Club &amp; Restaurant.<\/p>\n","protected":false},"excerpt":{"rendered":"<p>\u200bMuzyka w rytmie \u017cyczliwo\u015bci Zapraszamy na wyj\u0105tkowy wiecz\u00f3r w Vertigo, podczas kt\u00f3rego muzyka spotka si\u0119 z ide\u0105 Dnia \u017byczliwo\u015bci. Kuba Adamus wraz z zespo\u0142em zabierze publiczno\u015b\u0107 w podr\u00f3\u017c pe\u0142n\u0105 ciep\u0142a i pozytywnej energii. \u200bSoulowe brzmienia i lekko\u015b\u0107 u\u015bmiechu W programie us\u0142yszymy soulowe interpretacje, kt\u00f3re emanuj\u0105 rado\u015bci\u0105, lekko\u015bci\u0105 i harmoni\u0105. To muzyka, kt\u00f3ra \u0142\u0105czy ludzi i [&hellip;]<\/p>\n","protected":false},"author":13,"featured_media":0,"parent":0,"menu_order":0,"template":"","meta":{"_acf_changed":false,"footnotes":""},"class_list":["post-14433","wydarzenie","type-wydarzenie","status-publish","hentry"],"acf":[],"yoast_head":"<!-- This site is optimized with the Yoast SEO plugin v26.0 - https:\/\/yoast.com\/wordpress\/plugins\/seo\/ -->\n<title>Kuba Adamus Harmony of Smiles - Koncert z okazji Dnia \u017byczliwo\u015bci - Vertigo Jazz Club &amp; Restaurant<\/title>\n<meta name=\"description\" content=\"Harmony of Smiles to koncert, podczas kt\u00f3rego muzyka stanie si\u0119 j\u0119zykiem otwarto\u015bci, u\u015bmiechu i wzajemnej \u017cyczliwo\u015bci.\u00a0\u00a0\" \/>\n<meta name=\"robots\" content=\"index, follow, max-snippet:-1, max-image-preview:large, max-video-preview:-1\" \/>\n<link rel=\"canonical\" href=\"https:\/\/vertigojazz.pl\/wydarzenia\/kuba-adamus-harmony-of-smiles-koncert-z-okazji-dnia-zyczliwosci\/\" \/>\n<meta property=\"og:locale\" content=\"de_DE\" \/>\n<meta property=\"og:type\" content=\"article\" \/>\n<meta property=\"og:title\" content=\"Kuba Adamus Harmony of Smiles - Koncert z okazji Dnia \u017byczliwo\u015bci - Vertigo Jazz Club &amp; Restaurant\" \/>\n<meta property=\"og:description\" content=\"Harmony of Smiles to koncert, podczas kt\u00f3rego muzyka stanie si\u0119 j\u0119zykiem otwarto\u015bci, u\u015bmiechu i wzajemnej \u017cyczliwo\u015bci.\u00a0\u00a0\" \/>\n<meta property=\"og:url\" content=\"https:\/\/vertigojazz.pl\/wydarzenia\/kuba-adamus-harmony-of-smiles-koncert-z-okazji-dnia-zyczliwosci\/\" \/>\n<meta property=\"og:site_name\" content=\"Vertigo Jazz Club &amp; Restaurant\" \/>\n<meta property=\"article:publisher\" content=\"https:\/\/www.facebook.com\/vertigojazzclub\" \/>\n<meta property=\"article:modified_time\" content=\"2025-10-27T09:17:59+00:00\" \/>\n<meta property=\"og:image\" content=\"https:\/\/vertigojazz.pl\/wp-content\/uploads\/2025\/08\/VertigoJazz-Logo_1080_1080.jpeg\" \/>\n\t<meta property=\"og:image:width\" content=\"768\" \/>\n\t<meta property=\"og:image:height\" content=\"768\" \/>\n\t<meta property=\"og:image:type\" content=\"image\/jpeg\" \/>\n<meta name=\"twitter:card\" content=\"summary_large_image\" \/>\n<meta name=\"twitter:label1\" content=\"Gesch\u00e4tzte Lesezeit\" \/>\n\t<meta name=\"twitter:data1\" content=\"2\u00a0Minuten\" \/>\n<script type=\"application\/ld+json\" class=\"yoast-schema-graph\">{\"@context\":\"https:\/\/schema.org\",\"@graph\":[{\"@type\":\"WebPage\",\"@id\":\"https:\/\/vertigojazz.pl\/wydarzenia\/kuba-adamus-harmony-of-smiles-koncert-z-okazji-dnia-zyczliwosci\/\",\"url\":\"https:\/\/vertigojazz.pl\/wydarzenia\/kuba-adamus-harmony-of-smiles-koncert-z-okazji-dnia-zyczliwosci\/\",\"name\":\"Kuba Adamus Harmony of Smiles - Koncert z okazji Dnia \u017byczliwo\u015bci - Vertigo Jazz Club &amp; Restaurant\",\"isPartOf\":{\"@id\":\"https:\/\/vertigojazz.pl\/#website\"},\"datePublished\":\"2025-10-21T17:58:45+00:00\",\"dateModified\":\"2025-10-27T09:17:59+00:00\",\"description\":\"Harmony of Smiles to koncert, podczas kt\u00f3rego muzyka stanie si\u0119 j\u0119zykiem otwarto\u015bci, u\u015bmiechu i wzajemnej \u017cyczliwo\u015bci.\u00a0\u00a0\",\"breadcrumb\":{\"@id\":\"https:\/\/vertigojazz.pl\/wydarzenia\/kuba-adamus-harmony-of-smiles-koncert-z-okazji-dnia-zyczliwosci\/#breadcrumb\"},\"inLanguage\":\"de\",\"potentialAction\":[{\"@type\":\"ReadAction\",\"target\":[\"https:\/\/vertigojazz.pl\/wydarzenia\/kuba-adamus-harmony-of-smiles-koncert-z-okazji-dnia-zyczliwosci\/\"]}]},{\"@type\":\"BreadcrumbList\",\"@id\":\"https:\/\/vertigojazz.pl\/wydarzenia\/kuba-adamus-harmony-of-smiles-koncert-z-okazji-dnia-zyczliwosci\/#breadcrumb\",\"itemListElement\":[{\"@type\":\"ListItem\",\"position\":1,\"name\":\"Strona g\u0142\u00f3wna\",\"item\":\"https:\/\/vertigojazz.pl\/de\/\"},{\"@type\":\"ListItem\",\"position\":2,\"name\":\"Kuba Adamus Harmony of Smiles &#8211; Koncert z okazji Dnia \u017byczliwo\u015bci\"}]},{\"@type\":\"WebSite\",\"@id\":\"https:\/\/vertigojazz.pl\/#website\",\"url\":\"https:\/\/vertigojazz.pl\/\",\"name\":\"Vertigo Jazz Club & Restaurant\",\"description\":\"klub muzyczny we Wroc\u0142awiu\",\"publisher\":{\"@id\":\"https:\/\/vertigojazz.pl\/#organization\"},\"potentialAction\":[{\"@type\":\"SearchAction\",\"target\":{\"@type\":\"EntryPoint\",\"urlTemplate\":\"https:\/\/vertigojazz.pl\/?s={search_term_string}\"},\"query-input\":{\"@type\":\"PropertyValueSpecification\",\"valueRequired\":true,\"valueName\":\"search_term_string\"}}],\"inLanguage\":\"de\"},{\"@type\":\"Organization\",\"@id\":\"https:\/\/vertigojazz.pl\/#organization\",\"name\":\"Vertigo Jazz Club & Restaurant\",\"alternateName\":\"Klub muzyczny we Wroc\u0142awiu\",\"url\":\"https:\/\/vertigojazz.pl\/\",\"logo\":{\"@type\":\"ImageObject\",\"inLanguage\":\"de\",\"@id\":\"https:\/\/vertigojazz.pl\/#\/schema\/logo\/image\/\",\"url\":\"https:\/\/vertigojazz.pl\/wp-content\/uploads\/2025\/04\/cropped-vertigo_logo_biale-180x180-1.jpg\",\"contentUrl\":\"https:\/\/vertigojazz.pl\/wp-content\/uploads\/2025\/04\/cropped-vertigo_logo_biale-180x180-1.jpg\",\"width\":180,\"height\":180,\"caption\":\"Vertigo Jazz Club & Restaurant\"},\"image\":{\"@id\":\"https:\/\/vertigojazz.pl\/#\/schema\/logo\/image\/\"},\"sameAs\":[\"https:\/\/www.facebook.com\/vertigojazzclub\",\"https:\/\/www.instagram.com\/vertigo_jazz_club\/\",\"https:\/\/www.youtube.com\/channel\/UC8sPrX3Xuv7bfuhfr3XbqXg\",\"https:\/\/www.tiktok.com\/@vertigojazzclub\"]}]}<\/script>\n<!-- \/ Yoast SEO plugin. -->","yoast_head_json":{"title":"Kuba Adamus Harmony of Smiles - Koncert z okazji Dnia \u017byczliwo\u015bci - Vertigo Jazz Club &amp; Restaurant","description":"Harmony of Smiles to koncert, podczas kt\u00f3rego muzyka stanie si\u0119 j\u0119zykiem otwarto\u015bci, u\u015bmiechu i wzajemnej \u017cyczliwo\u015bci.\u00a0\u00a0","robots":{"index":"index","follow":"follow","max-snippet":"max-snippet:-1","max-image-preview":"max-image-preview:large","max-video-preview":"max-video-preview:-1"},"canonical":"https:\/\/vertigojazz.pl\/wydarzenia\/kuba-adamus-harmony-of-smiles-koncert-z-okazji-dnia-zyczliwosci\/","og_locale":"de_DE","og_type":"article","og_title":"Kuba Adamus Harmony of Smiles - Koncert z okazji Dnia \u017byczliwo\u015bci - Vertigo Jazz Club &amp; Restaurant","og_description":"Harmony of Smiles to koncert, podczas kt\u00f3rego muzyka stanie si\u0119 j\u0119zykiem otwarto\u015bci, u\u015bmiechu i wzajemnej \u017cyczliwo\u015bci.\u00a0\u00a0","og_url":"https:\/\/vertigojazz.pl\/wydarzenia\/kuba-adamus-harmony-of-smiles-koncert-z-okazji-dnia-zyczliwosci\/","og_site_name":"Vertigo Jazz Club &amp; Restaurant","article_publisher":"https:\/\/www.facebook.com\/vertigojazzclub","article_modified_time":"2025-10-27T09:17:59+00:00","og_image":[{"width":768,"height":768,"url":"https:\/\/vertigojazz.pl\/wp-content\/uploads\/2025\/08\/VertigoJazz-Logo_1080_1080.jpeg","type":"image\/jpeg"}],"twitter_card":"summary_large_image","twitter_misc":{"Gesch\u00e4tzte Lesezeit":"2\u00a0Minuten"},"schema":{"@context":"https:\/\/schema.org","@graph":[{"@type":"WebPage","@id":"https:\/\/vertigojazz.pl\/wydarzenia\/kuba-adamus-harmony-of-smiles-koncert-z-okazji-dnia-zyczliwosci\/","url":"https:\/\/vertigojazz.pl\/wydarzenia\/kuba-adamus-harmony-of-smiles-koncert-z-okazji-dnia-zyczliwosci\/","name":"Kuba Adamus Harmony of Smiles - Koncert z okazji Dnia \u017byczliwo\u015bci - Vertigo Jazz Club &amp; Restaurant","isPartOf":{"@id":"https:\/\/vertigojazz.pl\/#website"},"datePublished":"2025-10-21T17:58:45+00:00","dateModified":"2025-10-27T09:17:59+00:00","description":"Harmony of Smiles to koncert, podczas kt\u00f3rego muzyka stanie si\u0119 j\u0119zykiem otwarto\u015bci, u\u015bmiechu i wzajemnej \u017cyczliwo\u015bci.\u00a0\u00a0","breadcrumb":{"@id":"https:\/\/vertigojazz.pl\/wydarzenia\/kuba-adamus-harmony-of-smiles-koncert-z-okazji-dnia-zyczliwosci\/#breadcrumb"},"inLanguage":"de","potentialAction":[{"@type":"ReadAction","target":["https:\/\/vertigojazz.pl\/wydarzenia\/kuba-adamus-harmony-of-smiles-koncert-z-okazji-dnia-zyczliwosci\/"]}]},{"@type":"BreadcrumbList","@id":"https:\/\/vertigojazz.pl\/wydarzenia\/kuba-adamus-harmony-of-smiles-koncert-z-okazji-dnia-zyczliwosci\/#breadcrumb","itemListElement":[{"@type":"ListItem","position":1,"name":"Strona g\u0142\u00f3wna","item":"https:\/\/vertigojazz.pl\/de\/"},{"@type":"ListItem","position":2,"name":"Kuba Adamus Harmony of Smiles &#8211; Koncert z okazji Dnia \u017byczliwo\u015bci"}]},{"@type":"WebSite","@id":"https:\/\/vertigojazz.pl\/#website","url":"https:\/\/vertigojazz.pl\/","name":"Vertigo Jazz Club & Restaurant","description":"klub muzyczny we Wroc\u0142awiu","publisher":{"@id":"https:\/\/vertigojazz.pl\/#organization"},"potentialAction":[{"@type":"SearchAction","target":{"@type":"EntryPoint","urlTemplate":"https:\/\/vertigojazz.pl\/?s={search_term_string}"},"query-input":{"@type":"PropertyValueSpecification","valueRequired":true,"valueName":"search_term_string"}}],"inLanguage":"de"},{"@type":"Organization","@id":"https:\/\/vertigojazz.pl\/#organization","name":"Vertigo Jazz Club & Restaurant","alternateName":"Klub muzyczny we Wroc\u0142awiu","url":"https:\/\/vertigojazz.pl\/","logo":{"@type":"ImageObject","inLanguage":"de","@id":"https:\/\/vertigojazz.pl\/#\/schema\/logo\/image\/","url":"https:\/\/vertigojazz.pl\/wp-content\/uploads\/2025\/04\/cropped-vertigo_logo_biale-180x180-1.jpg","contentUrl":"https:\/\/vertigojazz.pl\/wp-content\/uploads\/2025\/04\/cropped-vertigo_logo_biale-180x180-1.jpg","width":180,"height":180,"caption":"Vertigo Jazz Club & Restaurant"},"image":{"@id":"https:\/\/vertigojazz.pl\/#\/schema\/logo\/image\/"},"sameAs":["https:\/\/www.facebook.com\/vertigojazzclub","https:\/\/www.instagram.com\/vertigo_jazz_club\/","https:\/\/www.youtube.com\/channel\/UC8sPrX3Xuv7bfuhfr3XbqXg","https:\/\/www.tiktok.com\/@vertigojazzclub"]}]}},"_links":{"self":[{"href":"https:\/\/vertigojazz.pl\/de\/wp-json\/wp\/v2\/wydarzenie\/14433","targetHints":{"allow":["GET"]}}],"collection":[{"href":"https:\/\/vertigojazz.pl\/de\/wp-json\/wp\/v2\/wydarzenie"}],"about":[{"href":"https:\/\/vertigojazz.pl\/de\/wp-json\/wp\/v2\/types\/wydarzenie"}],"author":[{"embeddable":true,"href":"https:\/\/vertigojazz.pl\/de\/wp-json\/wp\/v2\/users\/13"}],"version-history":[{"count":1,"href":"https:\/\/vertigojazz.pl\/de\/wp-json\/wp\/v2\/wydarzenie\/14433\/revisions"}],"predecessor-version":[{"id":14619,"href":"https:\/\/vertigojazz.pl\/de\/wp-json\/wp\/v2\/wydarzenie\/14433\/revisions\/14619"}],"wp:attachment":[{"href":"https:\/\/vertigojazz.pl\/de\/wp-json\/wp\/v2\/media?parent=14433"}],"curies":[{"name":"wp","href":"https:\/\/api.w.org\/{rel}","templated":true}]}}