{"id":14892,"date":"2025-11-13T16:49:59","date_gmt":"2025-11-13T15:49:59","guid":{"rendered":"https:\/\/vertigojazz.pl\/wydarzenia\/koledy-zaspiewane-z-sercem-monika-wisniowska-basel\/"},"modified":"2025-11-26T18:35:29","modified_gmt":"2025-11-26T17:35:29","slug":"koledy-zaspiewane-z-sercem-monika-wisniowska-basel","status":"publish","type":"wydarzenie","link":"https:\/\/vertigojazz.pl\/de\/wydarzenia\/koledy-zaspiewane-z-sercem-monika-wisniowska-basel\/","title":{"rendered":"Kol\u0119dy Za\u015bpiewane z Sercem &#8211; Monika Wi\u015bniowska &#8211; Basel"},"content":{"rendered":"<h1>\u200b\u015awi\u0105teczny Wiecz\u00f3r z Monik\u0105 Basel<\/h1>\n<p>Zapraszamy na nastrojowe spotkanie z muzyk\u0105 \u015bwi\u0105teczn\u0105 w wykonaniu Moniki Basel i jej zespo\u0142u. Podczas tego wyj\u0105tkowego wieczoru zabrzmi\u0105 najpi\u0119kniejsze polskie kol\u0119dy oraz piosenki \u015bwi\u0105teczne, kt\u00f3re wprowadz\u0105 publiczno\u015b\u0107 w klimat ciep\u0142a, blisko\u015bci i magii Bo\u017cego Narodzenia.<\/p>\n<p>Monika oczaruje s\u0142uchaczy swoim niezwyk\u0142ym g\u0142osem i emocjonalnymi interpretacjami, a towarzysz\u0105cy jej muzycy zadbaj\u0105 o subtelne, pe\u0142ne wra\u017cliwo\u015bci brzmienie. W repertuarze znajd\u0105 si\u0119 zar\u00f3wno tradycyjne kol\u0119dy, jak i wsp\u00f3\u0142czesne utwory o \u015bwi\u0105tecznym charakterze, kt\u00f3re porusz\u0105 serca i przypomn\u0105 o tym, co w \u015awi\u0119tach najwa\u017cniejsze.<\/p>\n<p>To wiecz\u00f3r, kt\u00f3ry pozwoli zatrzyma\u0107 si\u0119 na chwil\u0119 w \u015bwi\u0105tecznym zgie\u0142ku i zanurzy\u0107 w muzyce pe\u0142nej spokoju, rado\u015bci i ciep\u0142a.<\/p>\n<p>English below:<\/p>\n<p><strong>A Christmas Evening with Monika Basel<\/strong><\/p>\n<p>We invite you to an atmospheric evening of Christmas music performed by Monika Basel and her band. During this special night, the most beautiful Polish carols and Christmas songs will be heard, bringing the audience into a mood of warmth, closeness and the magic of Christmas.<\/p>\n<p>Monika will enchant listeners with her remarkable voice and emotionally charged interpretations, while the accompanying musicians will create a subtle, sensitive sound. The repertoire will include both traditional carols and contemporary Christmas songs that will touch the heart and remind us of what is most important during the holidays.<\/p>\n<p>It will be an evening that lets you pause for a moment amid the festive hustle and bustle and immerse yourself in music full of peace, joy and warmth.<\/p>\n","protected":false},"excerpt":{"rendered":"<p>\u200b\u015awi\u0105teczny Wiecz\u00f3r z Monik\u0105 Basel Zapraszamy na nastrojowe spotkanie z muzyk\u0105 \u015bwi\u0105teczn\u0105 w wykonaniu Moniki Basel i jej zespo\u0142u. Podczas tego wyj\u0105tkowego wieczoru zabrzmi\u0105 najpi\u0119kniejsze polskie kol\u0119dy oraz piosenki \u015bwi\u0105teczne, kt\u00f3re wprowadz\u0105 publiczno\u015b\u0107 w klimat ciep\u0142a, blisko\u015bci i magii Bo\u017cego Narodzenia. Monika oczaruje s\u0142uchaczy swoim niezwyk\u0142ym g\u0142osem i emocjonalnymi interpretacjami, a towarzysz\u0105cy jej muzycy zadbaj\u0105 [&hellip;]<\/p>\n","protected":false},"author":13,"featured_media":0,"parent":0,"menu_order":0,"template":"","meta":{"_acf_changed":false,"footnotes":""},"class_list":["post-14892","wydarzenie","type-wydarzenie","status-publish","hentry"],"acf":[],"yoast_head":"<!-- This site is optimized with the Yoast SEO plugin v26.0 - https:\/\/yoast.com\/wordpress\/plugins\/seo\/ -->\n<title>Kol\u0119dy Za\u015bpiewane z Sercem - Monika Wi\u015bniowska - Basel - Vertigo Jazz Club &amp; Restaurant<\/title>\n<meta name=\"description\" content=\"Podczas tego wyj\u0105tkowego wieczoru zabrzmi\u0105 najpi\u0119kniejsze polskie kol\u0119dy oraz piosenki \u015bwi\u0105teczne, kt\u00f3re wprowadz\u0105 publiczno\u015b\u0107 w klimat ciep\u0142a, blisko\u015bci i magii Bo\u017cego Narodzenia.\" \/>\n<meta name=\"robots\" content=\"index, follow, max-snippet:-1, max-image-preview:large, max-video-preview:-1\" \/>\n<link rel=\"canonical\" href=\"https:\/\/vertigojazz.pl\/wydarzenia\/koledy-zaspiewane-z-sercem-monika-wisniowska-basel\/\" \/>\n<meta property=\"og:locale\" content=\"de_DE\" \/>\n<meta property=\"og:type\" content=\"article\" \/>\n<meta property=\"og:title\" content=\"Kol\u0119dy Za\u015bpiewane z Sercem - Monika Wi\u015bniowska - Basel - Vertigo Jazz Club &amp; Restaurant\" \/>\n<meta property=\"og:description\" content=\"Podczas tego wyj\u0105tkowego wieczoru zabrzmi\u0105 najpi\u0119kniejsze polskie kol\u0119dy oraz piosenki \u015bwi\u0105teczne, kt\u00f3re wprowadz\u0105 publiczno\u015b\u0107 w klimat ciep\u0142a, blisko\u015bci i magii Bo\u017cego Narodzenia.\" \/>\n<meta property=\"og:url\" content=\"https:\/\/vertigojazz.pl\/wydarzenia\/koledy-zaspiewane-z-sercem-monika-wisniowska-basel\/\" \/>\n<meta property=\"og:site_name\" content=\"Vertigo Jazz Club &amp; Restaurant\" \/>\n<meta property=\"article:publisher\" content=\"https:\/\/www.facebook.com\/vertigojazzclub\" \/>\n<meta property=\"article:modified_time\" content=\"2025-11-26T17:35:29+00:00\" \/>\n<meta property=\"og:image\" content=\"https:\/\/vertigojazz.pl\/wp-content\/uploads\/2025\/08\/VertigoJazz-Logo_1080_1080.jpeg\" \/>\n\t<meta property=\"og:image:width\" content=\"768\" \/>\n\t<meta property=\"og:image:height\" content=\"768\" \/>\n\t<meta property=\"og:image:type\" content=\"image\/jpeg\" \/>\n<meta name=\"twitter:card\" content=\"summary_large_image\" \/>\n<meta name=\"twitter:label1\" content=\"Gesch\u00e4tzte Lesezeit\" \/>\n\t<meta name=\"twitter:data1\" content=\"2\u00a0Minuten\" \/>\n<script type=\"application\/ld+json\" class=\"yoast-schema-graph\">{\"@context\":\"https:\/\/schema.org\",\"@graph\":[{\"@type\":\"WebPage\",\"@id\":\"https:\/\/vertigojazz.pl\/wydarzenia\/koledy-zaspiewane-z-sercem-monika-wisniowska-basel\/\",\"url\":\"https:\/\/vertigojazz.pl\/wydarzenia\/koledy-zaspiewane-z-sercem-monika-wisniowska-basel\/\",\"name\":\"Kol\u0119dy Za\u015bpiewane z Sercem - Monika Wi\u015bniowska - Basel - Vertigo Jazz Club &amp; Restaurant\",\"isPartOf\":{\"@id\":\"https:\/\/vertigojazz.pl\/#website\"},\"datePublished\":\"2025-11-13T15:49:59+00:00\",\"dateModified\":\"2025-11-26T17:35:29+00:00\",\"description\":\"Podczas tego wyj\u0105tkowego wieczoru zabrzmi\u0105 najpi\u0119kniejsze polskie kol\u0119dy oraz piosenki \u015bwi\u0105teczne, kt\u00f3re wprowadz\u0105 publiczno\u015b\u0107 w klimat ciep\u0142a, blisko\u015bci i magii Bo\u017cego Narodzenia.\",\"breadcrumb\":{\"@id\":\"https:\/\/vertigojazz.pl\/wydarzenia\/koledy-zaspiewane-z-sercem-monika-wisniowska-basel\/#breadcrumb\"},\"inLanguage\":\"de\",\"potentialAction\":[{\"@type\":\"ReadAction\",\"target\":[\"https:\/\/vertigojazz.pl\/wydarzenia\/koledy-zaspiewane-z-sercem-monika-wisniowska-basel\/\"]}]},{\"@type\":\"BreadcrumbList\",\"@id\":\"https:\/\/vertigojazz.pl\/wydarzenia\/koledy-zaspiewane-z-sercem-monika-wisniowska-basel\/#breadcrumb\",\"itemListElement\":[{\"@type\":\"ListItem\",\"position\":1,\"name\":\"Strona g\u0142\u00f3wna\",\"item\":\"https:\/\/vertigojazz.pl\/de\/\"},{\"@type\":\"ListItem\",\"position\":2,\"name\":\"Kol\u0119dy Za\u015bpiewane z Sercem &#8211; Monika Wi\u015bniowska &#8211; Basel\"}]},{\"@type\":\"WebSite\",\"@id\":\"https:\/\/vertigojazz.pl\/#website\",\"url\":\"https:\/\/vertigojazz.pl\/\",\"name\":\"Vertigo Jazz Club & Restaurant\",\"description\":\"klub muzyczny we Wroc\u0142awiu\",\"publisher\":{\"@id\":\"https:\/\/vertigojazz.pl\/#organization\"},\"potentialAction\":[{\"@type\":\"SearchAction\",\"target\":{\"@type\":\"EntryPoint\",\"urlTemplate\":\"https:\/\/vertigojazz.pl\/?s={search_term_string}\"},\"query-input\":{\"@type\":\"PropertyValueSpecification\",\"valueRequired\":true,\"valueName\":\"search_term_string\"}}],\"inLanguage\":\"de\"},{\"@type\":\"Organization\",\"@id\":\"https:\/\/vertigojazz.pl\/#organization\",\"name\":\"Vertigo Jazz Club & Restaurant\",\"alternateName\":\"Klub muzyczny we Wroc\u0142awiu\",\"url\":\"https:\/\/vertigojazz.pl\/\",\"logo\":{\"@type\":\"ImageObject\",\"inLanguage\":\"de\",\"@id\":\"https:\/\/vertigojazz.pl\/#\/schema\/logo\/image\/\",\"url\":\"https:\/\/vertigojazz.pl\/wp-content\/uploads\/2025\/04\/cropped-vertigo_logo_biale-180x180-1.jpg\",\"contentUrl\":\"https:\/\/vertigojazz.pl\/wp-content\/uploads\/2025\/04\/cropped-vertigo_logo_biale-180x180-1.jpg\",\"width\":180,\"height\":180,\"caption\":\"Vertigo Jazz Club & Restaurant\"},\"image\":{\"@id\":\"https:\/\/vertigojazz.pl\/#\/schema\/logo\/image\/\"},\"sameAs\":[\"https:\/\/www.facebook.com\/vertigojazzclub\",\"https:\/\/www.instagram.com\/vertigo_jazz_club\/\",\"https:\/\/www.youtube.com\/channel\/UC8sPrX3Xuv7bfuhfr3XbqXg\",\"https:\/\/www.tiktok.com\/@vertigojazzclub\"]}]}<\/script>\n<!-- \/ Yoast SEO plugin. -->","yoast_head_json":{"title":"Kol\u0119dy Za\u015bpiewane z Sercem - Monika Wi\u015bniowska - Basel - Vertigo Jazz Club &amp; Restaurant","description":"Podczas tego wyj\u0105tkowego wieczoru zabrzmi\u0105 najpi\u0119kniejsze polskie kol\u0119dy oraz piosenki \u015bwi\u0105teczne, kt\u00f3re wprowadz\u0105 publiczno\u015b\u0107 w klimat ciep\u0142a, blisko\u015bci i magii Bo\u017cego Narodzenia.","robots":{"index":"index","follow":"follow","max-snippet":"max-snippet:-1","max-image-preview":"max-image-preview:large","max-video-preview":"max-video-preview:-1"},"canonical":"https:\/\/vertigojazz.pl\/wydarzenia\/koledy-zaspiewane-z-sercem-monika-wisniowska-basel\/","og_locale":"de_DE","og_type":"article","og_title":"Kol\u0119dy Za\u015bpiewane z Sercem - Monika Wi\u015bniowska - Basel - Vertigo Jazz Club &amp; Restaurant","og_description":"Podczas tego wyj\u0105tkowego wieczoru zabrzmi\u0105 najpi\u0119kniejsze polskie kol\u0119dy oraz piosenki \u015bwi\u0105teczne, kt\u00f3re wprowadz\u0105 publiczno\u015b\u0107 w klimat ciep\u0142a, blisko\u015bci i magii Bo\u017cego Narodzenia.","og_url":"https:\/\/vertigojazz.pl\/wydarzenia\/koledy-zaspiewane-z-sercem-monika-wisniowska-basel\/","og_site_name":"Vertigo Jazz Club &amp; Restaurant","article_publisher":"https:\/\/www.facebook.com\/vertigojazzclub","article_modified_time":"2025-11-26T17:35:29+00:00","og_image":[{"width":768,"height":768,"url":"https:\/\/vertigojazz.pl\/wp-content\/uploads\/2025\/08\/VertigoJazz-Logo_1080_1080.jpeg","type":"image\/jpeg"}],"twitter_card":"summary_large_image","twitter_misc":{"Gesch\u00e4tzte Lesezeit":"2\u00a0Minuten"},"schema":{"@context":"https:\/\/schema.org","@graph":[{"@type":"WebPage","@id":"https:\/\/vertigojazz.pl\/wydarzenia\/koledy-zaspiewane-z-sercem-monika-wisniowska-basel\/","url":"https:\/\/vertigojazz.pl\/wydarzenia\/koledy-zaspiewane-z-sercem-monika-wisniowska-basel\/","name":"Kol\u0119dy Za\u015bpiewane z Sercem - Monika Wi\u015bniowska - Basel - Vertigo Jazz Club &amp; Restaurant","isPartOf":{"@id":"https:\/\/vertigojazz.pl\/#website"},"datePublished":"2025-11-13T15:49:59+00:00","dateModified":"2025-11-26T17:35:29+00:00","description":"Podczas tego wyj\u0105tkowego wieczoru zabrzmi\u0105 najpi\u0119kniejsze polskie kol\u0119dy oraz piosenki \u015bwi\u0105teczne, kt\u00f3re wprowadz\u0105 publiczno\u015b\u0107 w klimat ciep\u0142a, blisko\u015bci i magii Bo\u017cego Narodzenia.","breadcrumb":{"@id":"https:\/\/vertigojazz.pl\/wydarzenia\/koledy-zaspiewane-z-sercem-monika-wisniowska-basel\/#breadcrumb"},"inLanguage":"de","potentialAction":[{"@type":"ReadAction","target":["https:\/\/vertigojazz.pl\/wydarzenia\/koledy-zaspiewane-z-sercem-monika-wisniowska-basel\/"]}]},{"@type":"BreadcrumbList","@id":"https:\/\/vertigojazz.pl\/wydarzenia\/koledy-zaspiewane-z-sercem-monika-wisniowska-basel\/#breadcrumb","itemListElement":[{"@type":"ListItem","position":1,"name":"Strona g\u0142\u00f3wna","item":"https:\/\/vertigojazz.pl\/de\/"},{"@type":"ListItem","position":2,"name":"Kol\u0119dy Za\u015bpiewane z Sercem &#8211; Monika Wi\u015bniowska &#8211; Basel"}]},{"@type":"WebSite","@id":"https:\/\/vertigojazz.pl\/#website","url":"https:\/\/vertigojazz.pl\/","name":"Vertigo Jazz Club & Restaurant","description":"klub muzyczny we Wroc\u0142awiu","publisher":{"@id":"https:\/\/vertigojazz.pl\/#organization"},"potentialAction":[{"@type":"SearchAction","target":{"@type":"EntryPoint","urlTemplate":"https:\/\/vertigojazz.pl\/?s={search_term_string}"},"query-input":{"@type":"PropertyValueSpecification","valueRequired":true,"valueName":"search_term_string"}}],"inLanguage":"de"},{"@type":"Organization","@id":"https:\/\/vertigojazz.pl\/#organization","name":"Vertigo Jazz Club & Restaurant","alternateName":"Klub muzyczny we Wroc\u0142awiu","url":"https:\/\/vertigojazz.pl\/","logo":{"@type":"ImageObject","inLanguage":"de","@id":"https:\/\/vertigojazz.pl\/#\/schema\/logo\/image\/","url":"https:\/\/vertigojazz.pl\/wp-content\/uploads\/2025\/04\/cropped-vertigo_logo_biale-180x180-1.jpg","contentUrl":"https:\/\/vertigojazz.pl\/wp-content\/uploads\/2025\/04\/cropped-vertigo_logo_biale-180x180-1.jpg","width":180,"height":180,"caption":"Vertigo Jazz Club & Restaurant"},"image":{"@id":"https:\/\/vertigojazz.pl\/#\/schema\/logo\/image\/"},"sameAs":["https:\/\/www.facebook.com\/vertigojazzclub","https:\/\/www.instagram.com\/vertigo_jazz_club\/","https:\/\/www.youtube.com\/channel\/UC8sPrX3Xuv7bfuhfr3XbqXg","https:\/\/www.tiktok.com\/@vertigojazzclub"]}]}},"_links":{"self":[{"href":"https:\/\/vertigojazz.pl\/de\/wp-json\/wp\/v2\/wydarzenie\/14892","targetHints":{"allow":["GET"]}}],"collection":[{"href":"https:\/\/vertigojazz.pl\/de\/wp-json\/wp\/v2\/wydarzenie"}],"about":[{"href":"https:\/\/vertigojazz.pl\/de\/wp-json\/wp\/v2\/types\/wydarzenie"}],"author":[{"embeddable":true,"href":"https:\/\/vertigojazz.pl\/de\/wp-json\/wp\/v2\/users\/13"}],"version-history":[{"count":1,"href":"https:\/\/vertigojazz.pl\/de\/wp-json\/wp\/v2\/wydarzenie\/14892\/revisions"}],"predecessor-version":[{"id":15225,"href":"https:\/\/vertigojazz.pl\/de\/wp-json\/wp\/v2\/wydarzenie\/14892\/revisions\/15225"}],"wp:attachment":[{"href":"https:\/\/vertigojazz.pl\/de\/wp-json\/wp\/v2\/media?parent=14892"}],"curies":[{"name":"wp","href":"https:\/\/api.w.org\/{rel}","templated":true}]}}