{"id":15613,"date":"2025-12-10T16:14:56","date_gmt":"2025-12-10T15:14:56","guid":{"rendered":"https:\/\/vertigojazz.pl\/wydarzenia\/scena-pod-regalem-noworocznie-dziwny-jest-ten-swiat-w-holdzie-czeslawowi-niemenowi\/"},"modified":"2025-12-18T11:29:52","modified_gmt":"2025-12-18T10:29:52","slug":"dziwny-jest-ten-swiat-w-holdzie-czeslawowi-niemenowi","status":"publish","type":"wydarzenie","link":"https:\/\/vertigojazz.pl\/de\/wydarzenia\/dziwny-jest-ten-swiat-w-holdzie-czeslawowi-niemenowi\/","title":{"rendered":"Scena pod Rega\u0142em Noworocznie: Dziwny Jest Ten \u015awiat&#8230; w ho\u0142dzie Czes\u0142awowi Niemenowi"},"content":{"rendered":"<p>*Scroll down to English version*<\/p>\n<h1>\u200bNoworoczny wiecz\u00f3r pe\u0142en wspomnie\u0144 i emocji<\/h1>\n<p>Zapraszamy na wyj\u0105tkowy, sentymentalny wiecz\u00f3r z okazji rozpocz\u0119cia nowego roku 2026 ze Scen\u0105 Pod Rega\u0142em 2025\/2026. Ju\u017c 4 stycznia, w niedziel\u0119 o godzinie 20:00, spotykamy si\u0119 w Vertigo Jazz Club &amp; Restaurant, by wsp\u00f3lnie zanurzy\u0107 si\u0119 w noworoczny nastr\u00f3j pe\u0142en emocji i pi\u0119knej muzyki.<\/p>\n<p>Tego wyj\u0105tkowego wieczoru zabierzemy Pa\u0144stwa w muzyczn\u0105 podr\u00f3\u017c po tw\u00f3rczo\u015bci jednego z najwybitniejszych polskich artyst\u00f3w: Czes\u0142awa Niemena. Artysty o niezwyk\u0142ej wra\u017cliwo\u015bci, wielu talentach i g\u0142osie jedynym w swoim rodzaju.<\/p>\n<h2>Najwi\u0119ksze przeboje i historie z \u017cycia mistrza<\/h2>\n<p>\u201eDziwny jest ten \u015bwiat\u201d to wyprawa szlakiem najwi\u0119kszych przeboj\u00f3w artysty, kt\u00f3ry pozostawi\u0142 po sobie dziesi\u0105tki znakomitych tekst\u00f3w, wspania\u0142e kompozycje oraz liczne anegdoty. Jego dorobek artystyczny to skarbnica pi\u0119kna, pasji i wra\u017cliwo\u015bci.<\/p>\n<p>Podczas wieczoru przypomnimy nie tylko jego najwi\u0119ksze utwory, ale tak\u017ce podzielimy si\u0119 ciekawymi historiami z \u017cycia mistrza.<\/p>\n<h2>Wyst\u0105pi\u0105:<\/h2>\n<p>Wojciech Dere\u0144 &#8211; wokal<br \/>\nMicha\u0142 Hadasik &#8211; fortepian<br \/>\nMateusz Maniak &#8211; instrumenty perkusyjne<br \/>\n\u017benia Betli\u0144ski &#8211; kontrabas<br \/>\nPiotr Treli\u0144ski &#8211; gitara<\/p>\n<p><b>REGULAMIN: Lokal po godzinie 19:00 przeznaczony jest dla os\u00f3b powy\u017cej 18 roku \u017cycia. Osoby niepe\u0142noletnie nie zostan\u0105 wpuszczone na wydarzenia organizowane przez Vertigo Jazz Club &amp; Restaurant<\/b><\/p>\n<p>*English version*<\/p>\n<p><b>A New Year&#8217;s Eve Full of Memories and Emotions<\/b><br \/>\nWe invite you to a unique, sentimental evening celebrating the start of the new year 2026 with the Stage Under the Shelf (Scena Pod Rega\u0142em) 2025\/2026. On Sunday, January 4th, at 8:00 PM, we meet at Vertigo Jazz Club &amp; Restaurant to jointly immerse ourselves in a New Year&#8217;s mood full of emotion and beautiful music.<br \/>\nOn this special evening, we will take you on a musical journey through the work of one of the most outstanding Polish artists: <b>Czes\u0142aw Niemen<\/b>. An artist of exceptional sensitivity, many talents, and a one-of-a-kind voice.<\/p>\n<p><b>Greatest Hits and Stories from the Master&#8217;s Life<\/b><br \/>\n\u201cDziwny jest ten \u015bwiat\u201d (Strange is This World) is an expedition tracing the artist&#8217;s greatest hits. He left behind dozens of excellent lyrics, magnificent compositions, and numerous anecdotes. His artistic output is a treasury of beauty, passion, and sensitivity.<br \/>\nDuring the evening, we will not only recall his greatest songs but also share interesting stories from the master&#8217;s life.<\/p>\n<p><b>Featuring:<\/b><br \/>\nWojciech Dere\u0144 &#8211; vocals<br \/>\nMicha\u0142 Hadasik &#8211; piano<br \/>\nMateusz Maniak &#8211; percussion<br \/>\n\u017benia Betli\u0144ski &#8211; double bass<br \/>\nPiotr Treli\u0144ski &#8211; guitar<\/p>\n","protected":false},"excerpt":{"rendered":"<p>*Scroll down to English version* \u200bNoworoczny wiecz\u00f3r pe\u0142en wspomnie\u0144 i emocji Zapraszamy na wyj\u0105tkowy, sentymentalny wiecz\u00f3r z okazji rozpocz\u0119cia nowego roku 2026 ze Scen\u0105 Pod Rega\u0142em 2025\/2026. Ju\u017c 4 stycznia, w niedziel\u0119 o godzinie 20:00, spotykamy si\u0119 w Vertigo Jazz Club &amp; Restaurant, by wsp\u00f3lnie zanurzy\u0107 si\u0119 w noworoczny nastr\u00f3j pe\u0142en emocji i pi\u0119knej muzyki. [&hellip;]<\/p>\n","protected":false},"author":13,"featured_media":0,"parent":0,"menu_order":0,"template":"","meta":{"_acf_changed":false,"footnotes":""},"class_list":["post-15613","wydarzenie","type-wydarzenie","status-publish","hentry"],"acf":[],"yoast_head":"<!-- This site is optimized with the Yoast SEO plugin v26.0 - https:\/\/yoast.com\/wordpress\/plugins\/seo\/ -->\n<title>Scena pod Rega\u0142em Noworocznie: Dziwny Jest Ten \u015awiat... w ho\u0142dzie Czes\u0142awowi Niemenowi - Vertigo Jazz Club &amp; Restaurant<\/title>\n<meta name=\"description\" content=\"Ju\u017c 4 stycznia, w niedziel\u0119 o godzinie 20:00, spotykamy si\u0119 w Vertigo Jazz Club &amp; Restaurant, by wsp\u00f3lnie zanurzy\u0107 si\u0119 w noworoczny nastr\u00f3j pe\u0142en emocji i pi\u0119knej muzyki.\" \/>\n<meta name=\"robots\" content=\"index, follow, max-snippet:-1, max-image-preview:large, max-video-preview:-1\" \/>\n<link rel=\"canonical\" href=\"https:\/\/vertigojazz.pl\/wydarzenia\/dziwny-jest-ten-swiat-w-holdzie-czeslawowi-niemenowi\/\" \/>\n<meta property=\"og:locale\" content=\"de_DE\" \/>\n<meta property=\"og:type\" content=\"article\" \/>\n<meta property=\"og:title\" content=\"Scena pod Rega\u0142em Noworocznie: Dziwny Jest Ten \u015awiat... w ho\u0142dzie Czes\u0142awowi Niemenowi - Vertigo Jazz Club &amp; Restaurant\" \/>\n<meta property=\"og:description\" content=\"Ju\u017c 4 stycznia, w niedziel\u0119 o godzinie 20:00, spotykamy si\u0119 w Vertigo Jazz Club &amp; Restaurant, by wsp\u00f3lnie zanurzy\u0107 si\u0119 w noworoczny nastr\u00f3j pe\u0142en emocji i pi\u0119knej muzyki.\" \/>\n<meta property=\"og:url\" content=\"https:\/\/vertigojazz.pl\/wydarzenia\/dziwny-jest-ten-swiat-w-holdzie-czeslawowi-niemenowi\/\" \/>\n<meta property=\"og:site_name\" content=\"Vertigo Jazz Club &amp; Restaurant\" \/>\n<meta property=\"article:publisher\" content=\"https:\/\/www.facebook.com\/vertigojazzclub\" \/>\n<meta property=\"article:modified_time\" content=\"2025-12-18T10:29:52+00:00\" \/>\n<meta property=\"og:image\" content=\"https:\/\/vertigojazz.pl\/wp-content\/uploads\/2025\/08\/VertigoJazz-Logo_1080_1080.jpeg\" \/>\n\t<meta property=\"og:image:width\" content=\"768\" \/>\n\t<meta property=\"og:image:height\" content=\"768\" \/>\n\t<meta property=\"og:image:type\" content=\"image\/jpeg\" \/>\n<meta name=\"twitter:card\" content=\"summary_large_image\" \/>\n<meta name=\"twitter:label1\" content=\"Gesch\u00e4tzte Lesezeit\" \/>\n\t<meta name=\"twitter:data1\" content=\"3\u00a0Minuten\" \/>\n<script type=\"application\/ld+json\" class=\"yoast-schema-graph\">{\"@context\":\"https:\/\/schema.org\",\"@graph\":[{\"@type\":\"WebPage\",\"@id\":\"https:\/\/vertigojazz.pl\/wydarzenia\/dziwny-jest-ten-swiat-w-holdzie-czeslawowi-niemenowi\/\",\"url\":\"https:\/\/vertigojazz.pl\/wydarzenia\/dziwny-jest-ten-swiat-w-holdzie-czeslawowi-niemenowi\/\",\"name\":\"Scena pod Rega\u0142em Noworocznie: Dziwny Jest Ten \u015awiat... w ho\u0142dzie Czes\u0142awowi Niemenowi - Vertigo Jazz Club &amp; Restaurant\",\"isPartOf\":{\"@id\":\"https:\/\/vertigojazz.pl\/#website\"},\"datePublished\":\"2025-12-10T15:14:56+00:00\",\"dateModified\":\"2025-12-18T10:29:52+00:00\",\"description\":\"Ju\u017c 4 stycznia, w niedziel\u0119 o godzinie 20:00, spotykamy si\u0119 w Vertigo Jazz Club & Restaurant, by wsp\u00f3lnie zanurzy\u0107 si\u0119 w noworoczny nastr\u00f3j pe\u0142en emocji i pi\u0119knej muzyki.\",\"breadcrumb\":{\"@id\":\"https:\/\/vertigojazz.pl\/wydarzenia\/dziwny-jest-ten-swiat-w-holdzie-czeslawowi-niemenowi\/#breadcrumb\"},\"inLanguage\":\"de\",\"potentialAction\":[{\"@type\":\"ReadAction\",\"target\":[\"https:\/\/vertigojazz.pl\/wydarzenia\/dziwny-jest-ten-swiat-w-holdzie-czeslawowi-niemenowi\/\"]}]},{\"@type\":\"BreadcrumbList\",\"@id\":\"https:\/\/vertigojazz.pl\/wydarzenia\/dziwny-jest-ten-swiat-w-holdzie-czeslawowi-niemenowi\/#breadcrumb\",\"itemListElement\":[{\"@type\":\"ListItem\",\"position\":1,\"name\":\"Strona g\u0142\u00f3wna\",\"item\":\"https:\/\/vertigojazz.pl\/de\/\"},{\"@type\":\"ListItem\",\"position\":2,\"name\":\"Scena pod Rega\u0142em Noworocznie: Dziwny Jest Ten \u015awiat&#8230; w ho\u0142dzie Czes\u0142awowi Niemenowi\"}]},{\"@type\":\"WebSite\",\"@id\":\"https:\/\/vertigojazz.pl\/#website\",\"url\":\"https:\/\/vertigojazz.pl\/\",\"name\":\"Vertigo Jazz Club & Restaurant\",\"description\":\"klub muzyczny we Wroc\u0142awiu\",\"publisher\":{\"@id\":\"https:\/\/vertigojazz.pl\/#organization\"},\"potentialAction\":[{\"@type\":\"SearchAction\",\"target\":{\"@type\":\"EntryPoint\",\"urlTemplate\":\"https:\/\/vertigojazz.pl\/?s={search_term_string}\"},\"query-input\":{\"@type\":\"PropertyValueSpecification\",\"valueRequired\":true,\"valueName\":\"search_term_string\"}}],\"inLanguage\":\"de\"},{\"@type\":\"Organization\",\"@id\":\"https:\/\/vertigojazz.pl\/#organization\",\"name\":\"Vertigo Jazz Club & Restaurant\",\"alternateName\":\"Klub muzyczny we Wroc\u0142awiu\",\"url\":\"https:\/\/vertigojazz.pl\/\",\"logo\":{\"@type\":\"ImageObject\",\"inLanguage\":\"de\",\"@id\":\"https:\/\/vertigojazz.pl\/#\/schema\/logo\/image\/\",\"url\":\"https:\/\/vertigojazz.pl\/wp-content\/uploads\/2025\/04\/cropped-vertigo_logo_biale-180x180-1.jpg\",\"contentUrl\":\"https:\/\/vertigojazz.pl\/wp-content\/uploads\/2025\/04\/cropped-vertigo_logo_biale-180x180-1.jpg\",\"width\":180,\"height\":180,\"caption\":\"Vertigo Jazz Club & Restaurant\"},\"image\":{\"@id\":\"https:\/\/vertigojazz.pl\/#\/schema\/logo\/image\/\"},\"sameAs\":[\"https:\/\/www.facebook.com\/vertigojazzclub\",\"https:\/\/www.instagram.com\/vertigo_jazz_club\/\",\"https:\/\/www.youtube.com\/channel\/UC8sPrX3Xuv7bfuhfr3XbqXg\",\"https:\/\/www.tiktok.com\/@vertigojazzclub\"]}]}<\/script>\n<!-- \/ Yoast SEO plugin. -->","yoast_head_json":{"title":"Scena pod Rega\u0142em Noworocznie: Dziwny Jest Ten \u015awiat... w ho\u0142dzie Czes\u0142awowi Niemenowi - Vertigo Jazz Club &amp; Restaurant","description":"Ju\u017c 4 stycznia, w niedziel\u0119 o godzinie 20:00, spotykamy si\u0119 w Vertigo Jazz Club & Restaurant, by wsp\u00f3lnie zanurzy\u0107 si\u0119 w noworoczny nastr\u00f3j pe\u0142en emocji i pi\u0119knej muzyki.","robots":{"index":"index","follow":"follow","max-snippet":"max-snippet:-1","max-image-preview":"max-image-preview:large","max-video-preview":"max-video-preview:-1"},"canonical":"https:\/\/vertigojazz.pl\/wydarzenia\/dziwny-jest-ten-swiat-w-holdzie-czeslawowi-niemenowi\/","og_locale":"de_DE","og_type":"article","og_title":"Scena pod Rega\u0142em Noworocznie: Dziwny Jest Ten \u015awiat... w ho\u0142dzie Czes\u0142awowi Niemenowi - Vertigo Jazz Club &amp; Restaurant","og_description":"Ju\u017c 4 stycznia, w niedziel\u0119 o godzinie 20:00, spotykamy si\u0119 w Vertigo Jazz Club & Restaurant, by wsp\u00f3lnie zanurzy\u0107 si\u0119 w noworoczny nastr\u00f3j pe\u0142en emocji i pi\u0119knej muzyki.","og_url":"https:\/\/vertigojazz.pl\/wydarzenia\/dziwny-jest-ten-swiat-w-holdzie-czeslawowi-niemenowi\/","og_site_name":"Vertigo Jazz Club &amp; Restaurant","article_publisher":"https:\/\/www.facebook.com\/vertigojazzclub","article_modified_time":"2025-12-18T10:29:52+00:00","og_image":[{"width":768,"height":768,"url":"https:\/\/vertigojazz.pl\/wp-content\/uploads\/2025\/08\/VertigoJazz-Logo_1080_1080.jpeg","type":"image\/jpeg"}],"twitter_card":"summary_large_image","twitter_misc":{"Gesch\u00e4tzte Lesezeit":"3\u00a0Minuten"},"schema":{"@context":"https:\/\/schema.org","@graph":[{"@type":"WebPage","@id":"https:\/\/vertigojazz.pl\/wydarzenia\/dziwny-jest-ten-swiat-w-holdzie-czeslawowi-niemenowi\/","url":"https:\/\/vertigojazz.pl\/wydarzenia\/dziwny-jest-ten-swiat-w-holdzie-czeslawowi-niemenowi\/","name":"Scena pod Rega\u0142em Noworocznie: Dziwny Jest Ten \u015awiat... w ho\u0142dzie Czes\u0142awowi Niemenowi - Vertigo Jazz Club &amp; Restaurant","isPartOf":{"@id":"https:\/\/vertigojazz.pl\/#website"},"datePublished":"2025-12-10T15:14:56+00:00","dateModified":"2025-12-18T10:29:52+00:00","description":"Ju\u017c 4 stycznia, w niedziel\u0119 o godzinie 20:00, spotykamy si\u0119 w Vertigo Jazz Club & Restaurant, by wsp\u00f3lnie zanurzy\u0107 si\u0119 w noworoczny nastr\u00f3j pe\u0142en emocji i pi\u0119knej muzyki.","breadcrumb":{"@id":"https:\/\/vertigojazz.pl\/wydarzenia\/dziwny-jest-ten-swiat-w-holdzie-czeslawowi-niemenowi\/#breadcrumb"},"inLanguage":"de","potentialAction":[{"@type":"ReadAction","target":["https:\/\/vertigojazz.pl\/wydarzenia\/dziwny-jest-ten-swiat-w-holdzie-czeslawowi-niemenowi\/"]}]},{"@type":"BreadcrumbList","@id":"https:\/\/vertigojazz.pl\/wydarzenia\/dziwny-jest-ten-swiat-w-holdzie-czeslawowi-niemenowi\/#breadcrumb","itemListElement":[{"@type":"ListItem","position":1,"name":"Strona g\u0142\u00f3wna","item":"https:\/\/vertigojazz.pl\/de\/"},{"@type":"ListItem","position":2,"name":"Scena pod Rega\u0142em Noworocznie: Dziwny Jest Ten \u015awiat&#8230; w ho\u0142dzie Czes\u0142awowi Niemenowi"}]},{"@type":"WebSite","@id":"https:\/\/vertigojazz.pl\/#website","url":"https:\/\/vertigojazz.pl\/","name":"Vertigo Jazz Club & Restaurant","description":"klub muzyczny we Wroc\u0142awiu","publisher":{"@id":"https:\/\/vertigojazz.pl\/#organization"},"potentialAction":[{"@type":"SearchAction","target":{"@type":"EntryPoint","urlTemplate":"https:\/\/vertigojazz.pl\/?s={search_term_string}"},"query-input":{"@type":"PropertyValueSpecification","valueRequired":true,"valueName":"search_term_string"}}],"inLanguage":"de"},{"@type":"Organization","@id":"https:\/\/vertigojazz.pl\/#organization","name":"Vertigo Jazz Club & Restaurant","alternateName":"Klub muzyczny we Wroc\u0142awiu","url":"https:\/\/vertigojazz.pl\/","logo":{"@type":"ImageObject","inLanguage":"de","@id":"https:\/\/vertigojazz.pl\/#\/schema\/logo\/image\/","url":"https:\/\/vertigojazz.pl\/wp-content\/uploads\/2025\/04\/cropped-vertigo_logo_biale-180x180-1.jpg","contentUrl":"https:\/\/vertigojazz.pl\/wp-content\/uploads\/2025\/04\/cropped-vertigo_logo_biale-180x180-1.jpg","width":180,"height":180,"caption":"Vertigo Jazz Club & Restaurant"},"image":{"@id":"https:\/\/vertigojazz.pl\/#\/schema\/logo\/image\/"},"sameAs":["https:\/\/www.facebook.com\/vertigojazzclub","https:\/\/www.instagram.com\/vertigo_jazz_club\/","https:\/\/www.youtube.com\/channel\/UC8sPrX3Xuv7bfuhfr3XbqXg","https:\/\/www.tiktok.com\/@vertigojazzclub"]}]}},"_links":{"self":[{"href":"https:\/\/vertigojazz.pl\/de\/wp-json\/wp\/v2\/wydarzenie\/15613","targetHints":{"allow":["GET"]}}],"collection":[{"href":"https:\/\/vertigojazz.pl\/de\/wp-json\/wp\/v2\/wydarzenie"}],"about":[{"href":"https:\/\/vertigojazz.pl\/de\/wp-json\/wp\/v2\/types\/wydarzenie"}],"author":[{"embeddable":true,"href":"https:\/\/vertigojazz.pl\/de\/wp-json\/wp\/v2\/users\/13"}],"version-history":[{"count":1,"href":"https:\/\/vertigojazz.pl\/de\/wp-json\/wp\/v2\/wydarzenie\/15613\/revisions"}],"predecessor-version":[{"id":16861,"href":"https:\/\/vertigojazz.pl\/de\/wp-json\/wp\/v2\/wydarzenie\/15613\/revisions\/16861"}],"wp:attachment":[{"href":"https:\/\/vertigojazz.pl\/de\/wp-json\/wp\/v2\/media?parent=15613"}],"curies":[{"name":"wp","href":"https:\/\/api.w.org\/{rel}","templated":true}]}}