{"id":17867,"date":"2026-01-24T15:39:55","date_gmt":"2026-01-24T14:39:55","guid":{"rendered":"https:\/\/vertigojazz.pl\/wydarzenia\/ola-madziara-kuba-adamus-saturday-duet\/"},"modified":"2026-01-26T11:15:54","modified_gmt":"2026-01-26T10:15:54","slug":"ola-madziara-kuba-adamus-saturday-duet","status":"publish","type":"wydarzenie","link":"https:\/\/vertigojazz.pl\/de\/wydarzenia\/ola-madziara-kuba-adamus-saturday-duet\/","title":{"rendered":"Ola Madziara &amp; Kuba Adamus Saturday Duet"},"content":{"rendered":"<p>*scroll down to English version*<\/p>\n<h2>\u200bSoul funk i R&amp;B na \u017cywo w Vertigo<\/h2>\n<p>Zapraszamy Pa\u0144stwa na wyj\u0105tkowe wydarzenie z muzyk\u0105 na \u017cywo w Vertigo we Wroc\u0142awiu, pe\u0142ne soulowych d\u017awi\u0119k\u00f3w, funkowego groove\u2019u i brzmie\u0144 R&amp;B. To wiecz\u00f3r stworzony dla wszystkich, kt\u00f3rzy kochaj\u0105 energi\u0119 sceny, rytm i emocje, jakie daje muzyka na \u017cywo w klubowej atmosferze Vertigo.<\/p>\n<h2>\u200bOla Madziara i Kuba Adamus w duecie na \u017cywo<\/h2>\n<p>Tym razem wydarzenie poprowadzi znakomita wroc\u0142awska wokalistka Ola Madziara, a towarzyszy\u0107 jej b\u0119dzie Kuba Adamus. Oboje artyst\u00f3w mog\u0105 Pa\u0144stwo doskonale kojarzy\u0107 ze sceny Vertigo, gdzie od lat zachwycaj\u0105 publiczno\u015b\u0107 charyzm\u0105 i wyj\u0105tkow\u0105 muzyczn\u0105 wra\u017cliwo\u015bci\u0105. To spotkanie dw\u00f3ch silnych osobowo\u015bci scenicznych, kt\u00f3re gwarantuje \u015bwie\u017c\u0105 energi\u0119 i niepowtarzalny klimat.<\/p>\n<h2>\u200bDwa talenty jedna energia<\/h2>\n<p>Co powstanie z po\u0142\u0105czenia tych dw\u00f3ch talent\u00f3w? Tego najlepiej do\u015bwiadczy\u0107 na \u017cywo. Zapraszamy Pa\u0144stwa do Vertigo na wiecz\u00f3r pe\u0142en jazzu, soulu, groove\u2019u i dobrej energii, kt\u00f3ry na d\u0142ugo zostanie w pami\u0119ci.<\/p>\n<p>REGULAMIN: Lokal po godzinie 19:00 przeznaczony jest dla os\u00f3b powy\u017cej 18 roku \u017cycia. Osoby niepe\u0142noletnie nie zostan\u0105 wpuszczone na wydarzenia organizowane przez Vertigo Jazz Club &amp; Restaurant<\/p>\n<p>*English version*<\/p>\n<h2>Soul, Funk, and R&amp;B Live at Vertigo Wroc\u0142aw<\/h2>\n<p>We invite you to a unique live music event at Vertigo in Wroc\u0142aw, filled with soulful sounds, funky grooves, and R&amp;B vibes. This evening is designed for everyone who loves stage energy, rhythm, and the raw emotion that only live music in Vertigo\u2019s signature club atmosphere can provide.<\/p>\n<h3>Ola Madziara and Kuba Adamus: A Live Duo<\/h3>\n<p>This time, the evening will be led by the outstanding Wroc\u0142aw vocalist <b>Ola Madziara<\/b>, accompanied by <b>Kuba Adamus<\/b>. You may already know both artists well from the Vertigo stage, where they have been captivating audiences for years with their charisma and exceptional musical sensitivity. This meeting of two strong stage personalities guarantees fresh energy and a one-of-a-kind atmosphere.<\/p>\n<h3>Two Talents, One Energy<\/h3>\n<p>What happens when these two talents join forces? The best way to find out is to experience it live. We invite you to Vertigo for an evening full of jazz, soul, groove, and great vibes that will stay with you long after the final note.<\/p>\n","protected":false},"excerpt":{"rendered":"<p>*scroll down to English version* \u200bSoul funk i R&amp;B na \u017cywo w Vertigo Zapraszamy Pa\u0144stwa na wyj\u0105tkowe wydarzenie z muzyk\u0105 na \u017cywo w Vertigo we Wroc\u0142awiu, pe\u0142ne soulowych d\u017awi\u0119k\u00f3w, funkowego groove\u2019u i brzmie\u0144 R&amp;B. To wiecz\u00f3r stworzony dla wszystkich, kt\u00f3rzy kochaj\u0105 energi\u0119 sceny, rytm i emocje, jakie daje muzyka na \u017cywo w klubowej atmosferze Vertigo. [&hellip;]<\/p>\n","protected":false},"author":13,"featured_media":0,"parent":0,"menu_order":0,"template":"","meta":{"_acf_changed":false,"footnotes":""},"class_list":["post-17867","wydarzenie","type-wydarzenie","status-publish","hentry"],"acf":[],"yoast_head":"<!-- This site is optimized with the Yoast SEO plugin v26.0 - https:\/\/yoast.com\/wordpress\/plugins\/seo\/ -->\n<title>Ola Madziara &amp; Kuba Adamus Saturday Duet - Vertigo Jazz Club &amp; Restaurant<\/title>\n<meta name=\"description\" content=\"To wiecz\u00f3r stworzony dla wszystkich, kt\u00f3rzy kochaj\u0105 energi\u0119 sceny, rytm i emocje, jakie daje muzyka na \u017cywo w klubowej atmosferze Vertigo.\" \/>\n<meta name=\"robots\" content=\"index, follow, max-snippet:-1, max-image-preview:large, max-video-preview:-1\" \/>\n<link rel=\"canonical\" href=\"https:\/\/vertigojazz.pl\/wydarzenia\/ola-madziara-kuba-adamus-saturday-duet\/\" \/>\n<meta property=\"og:locale\" content=\"de_DE\" \/>\n<meta property=\"og:type\" content=\"article\" \/>\n<meta property=\"og:title\" content=\"Ola Madziara &amp; Kuba Adamus Saturday Duet - Vertigo Jazz Club &amp; Restaurant\" \/>\n<meta property=\"og:description\" content=\"To wiecz\u00f3r stworzony dla wszystkich, kt\u00f3rzy kochaj\u0105 energi\u0119 sceny, rytm i emocje, jakie daje muzyka na \u017cywo w klubowej atmosferze Vertigo.\" \/>\n<meta property=\"og:url\" content=\"https:\/\/vertigojazz.pl\/wydarzenia\/ola-madziara-kuba-adamus-saturday-duet\/\" \/>\n<meta property=\"og:site_name\" content=\"Vertigo Jazz Club &amp; Restaurant\" \/>\n<meta property=\"article:publisher\" content=\"https:\/\/www.facebook.com\/vertigojazzclub\" \/>\n<meta property=\"article:modified_time\" content=\"2026-01-26T10:15:54+00:00\" \/>\n<meta property=\"og:image\" content=\"https:\/\/vertigojazz.pl\/wp-content\/uploads\/2025\/08\/VertigoJazz-Logo_1080_1080.jpeg\" \/>\n\t<meta property=\"og:image:width\" content=\"768\" \/>\n\t<meta property=\"og:image:height\" content=\"768\" \/>\n\t<meta property=\"og:image:type\" content=\"image\/jpeg\" \/>\n<meta name=\"twitter:card\" content=\"summary_large_image\" \/>\n<meta name=\"twitter:label1\" content=\"Gesch\u00e4tzte Lesezeit\" \/>\n\t<meta name=\"twitter:data1\" content=\"3\u00a0Minuten\" \/>\n<script type=\"application\/ld+json\" class=\"yoast-schema-graph\">{\"@context\":\"https:\/\/schema.org\",\"@graph\":[{\"@type\":\"WebPage\",\"@id\":\"https:\/\/vertigojazz.pl\/wydarzenia\/ola-madziara-kuba-adamus-saturday-duet\/\",\"url\":\"https:\/\/vertigojazz.pl\/wydarzenia\/ola-madziara-kuba-adamus-saturday-duet\/\",\"name\":\"Ola Madziara &amp; Kuba Adamus Saturday Duet - Vertigo Jazz Club &amp; Restaurant\",\"isPartOf\":{\"@id\":\"https:\/\/vertigojazz.pl\/#website\"},\"datePublished\":\"2026-01-24T14:39:55+00:00\",\"dateModified\":\"2026-01-26T10:15:54+00:00\",\"description\":\"To wiecz\u00f3r stworzony dla wszystkich, kt\u00f3rzy kochaj\u0105 energi\u0119 sceny, rytm i emocje, jakie daje muzyka na \u017cywo w klubowej atmosferze Vertigo.\",\"breadcrumb\":{\"@id\":\"https:\/\/vertigojazz.pl\/wydarzenia\/ola-madziara-kuba-adamus-saturday-duet\/#breadcrumb\"},\"inLanguage\":\"de\",\"potentialAction\":[{\"@type\":\"ReadAction\",\"target\":[\"https:\/\/vertigojazz.pl\/wydarzenia\/ola-madziara-kuba-adamus-saturday-duet\/\"]}]},{\"@type\":\"BreadcrumbList\",\"@id\":\"https:\/\/vertigojazz.pl\/wydarzenia\/ola-madziara-kuba-adamus-saturday-duet\/#breadcrumb\",\"itemListElement\":[{\"@type\":\"ListItem\",\"position\":1,\"name\":\"Strona g\u0142\u00f3wna\",\"item\":\"https:\/\/vertigojazz.pl\/de\/\"},{\"@type\":\"ListItem\",\"position\":2,\"name\":\"Ola Madziara &amp; Kuba Adamus Saturday Duet\"}]},{\"@type\":\"WebSite\",\"@id\":\"https:\/\/vertigojazz.pl\/#website\",\"url\":\"https:\/\/vertigojazz.pl\/\",\"name\":\"Vertigo Jazz Club & Restaurant\",\"description\":\"klub muzyczny we Wroc\u0142awiu\",\"publisher\":{\"@id\":\"https:\/\/vertigojazz.pl\/#organization\"},\"potentialAction\":[{\"@type\":\"SearchAction\",\"target\":{\"@type\":\"EntryPoint\",\"urlTemplate\":\"https:\/\/vertigojazz.pl\/?s={search_term_string}\"},\"query-input\":{\"@type\":\"PropertyValueSpecification\",\"valueRequired\":true,\"valueName\":\"search_term_string\"}}],\"inLanguage\":\"de\"},{\"@type\":\"Organization\",\"@id\":\"https:\/\/vertigojazz.pl\/#organization\",\"name\":\"Vertigo Jazz Club & Restaurant\",\"alternateName\":\"Klub muzyczny we Wroc\u0142awiu\",\"url\":\"https:\/\/vertigojazz.pl\/\",\"logo\":{\"@type\":\"ImageObject\",\"inLanguage\":\"de\",\"@id\":\"https:\/\/vertigojazz.pl\/#\/schema\/logo\/image\/\",\"url\":\"https:\/\/vertigojazz.pl\/wp-content\/uploads\/2025\/04\/cropped-vertigo_logo_biale-180x180-1.jpg\",\"contentUrl\":\"https:\/\/vertigojazz.pl\/wp-content\/uploads\/2025\/04\/cropped-vertigo_logo_biale-180x180-1.jpg\",\"width\":180,\"height\":180,\"caption\":\"Vertigo Jazz Club & Restaurant\"},\"image\":{\"@id\":\"https:\/\/vertigojazz.pl\/#\/schema\/logo\/image\/\"},\"sameAs\":[\"https:\/\/www.facebook.com\/vertigojazzclub\",\"https:\/\/www.instagram.com\/vertigo_jazz_club\/\",\"https:\/\/www.youtube.com\/channel\/UC8sPrX3Xuv7bfuhfr3XbqXg\",\"https:\/\/www.tiktok.com\/@vertigojazzclub\"]}]}<\/script>\n<!-- \/ Yoast SEO plugin. -->","yoast_head_json":{"title":"Ola Madziara &amp; Kuba Adamus Saturday Duet - Vertigo Jazz Club &amp; Restaurant","description":"To wiecz\u00f3r stworzony dla wszystkich, kt\u00f3rzy kochaj\u0105 energi\u0119 sceny, rytm i emocje, jakie daje muzyka na \u017cywo w klubowej atmosferze Vertigo.","robots":{"index":"index","follow":"follow","max-snippet":"max-snippet:-1","max-image-preview":"max-image-preview:large","max-video-preview":"max-video-preview:-1"},"canonical":"https:\/\/vertigojazz.pl\/wydarzenia\/ola-madziara-kuba-adamus-saturday-duet\/","og_locale":"de_DE","og_type":"article","og_title":"Ola Madziara &amp; Kuba Adamus Saturday Duet - Vertigo Jazz Club &amp; Restaurant","og_description":"To wiecz\u00f3r stworzony dla wszystkich, kt\u00f3rzy kochaj\u0105 energi\u0119 sceny, rytm i emocje, jakie daje muzyka na \u017cywo w klubowej atmosferze Vertigo.","og_url":"https:\/\/vertigojazz.pl\/wydarzenia\/ola-madziara-kuba-adamus-saturday-duet\/","og_site_name":"Vertigo Jazz Club &amp; Restaurant","article_publisher":"https:\/\/www.facebook.com\/vertigojazzclub","article_modified_time":"2026-01-26T10:15:54+00:00","og_image":[{"width":768,"height":768,"url":"https:\/\/vertigojazz.pl\/wp-content\/uploads\/2025\/08\/VertigoJazz-Logo_1080_1080.jpeg","type":"image\/jpeg"}],"twitter_card":"summary_large_image","twitter_misc":{"Gesch\u00e4tzte Lesezeit":"3\u00a0Minuten"},"schema":{"@context":"https:\/\/schema.org","@graph":[{"@type":"WebPage","@id":"https:\/\/vertigojazz.pl\/wydarzenia\/ola-madziara-kuba-adamus-saturday-duet\/","url":"https:\/\/vertigojazz.pl\/wydarzenia\/ola-madziara-kuba-adamus-saturday-duet\/","name":"Ola Madziara &amp; Kuba Adamus Saturday Duet - Vertigo Jazz Club &amp; Restaurant","isPartOf":{"@id":"https:\/\/vertigojazz.pl\/#website"},"datePublished":"2026-01-24T14:39:55+00:00","dateModified":"2026-01-26T10:15:54+00:00","description":"To wiecz\u00f3r stworzony dla wszystkich, kt\u00f3rzy kochaj\u0105 energi\u0119 sceny, rytm i emocje, jakie daje muzyka na \u017cywo w klubowej atmosferze Vertigo.","breadcrumb":{"@id":"https:\/\/vertigojazz.pl\/wydarzenia\/ola-madziara-kuba-adamus-saturday-duet\/#breadcrumb"},"inLanguage":"de","potentialAction":[{"@type":"ReadAction","target":["https:\/\/vertigojazz.pl\/wydarzenia\/ola-madziara-kuba-adamus-saturday-duet\/"]}]},{"@type":"BreadcrumbList","@id":"https:\/\/vertigojazz.pl\/wydarzenia\/ola-madziara-kuba-adamus-saturday-duet\/#breadcrumb","itemListElement":[{"@type":"ListItem","position":1,"name":"Strona g\u0142\u00f3wna","item":"https:\/\/vertigojazz.pl\/de\/"},{"@type":"ListItem","position":2,"name":"Ola Madziara &amp; Kuba Adamus Saturday Duet"}]},{"@type":"WebSite","@id":"https:\/\/vertigojazz.pl\/#website","url":"https:\/\/vertigojazz.pl\/","name":"Vertigo Jazz Club & Restaurant","description":"klub muzyczny we Wroc\u0142awiu","publisher":{"@id":"https:\/\/vertigojazz.pl\/#organization"},"potentialAction":[{"@type":"SearchAction","target":{"@type":"EntryPoint","urlTemplate":"https:\/\/vertigojazz.pl\/?s={search_term_string}"},"query-input":{"@type":"PropertyValueSpecification","valueRequired":true,"valueName":"search_term_string"}}],"inLanguage":"de"},{"@type":"Organization","@id":"https:\/\/vertigojazz.pl\/#organization","name":"Vertigo Jazz Club & Restaurant","alternateName":"Klub muzyczny we Wroc\u0142awiu","url":"https:\/\/vertigojazz.pl\/","logo":{"@type":"ImageObject","inLanguage":"de","@id":"https:\/\/vertigojazz.pl\/#\/schema\/logo\/image\/","url":"https:\/\/vertigojazz.pl\/wp-content\/uploads\/2025\/04\/cropped-vertigo_logo_biale-180x180-1.jpg","contentUrl":"https:\/\/vertigojazz.pl\/wp-content\/uploads\/2025\/04\/cropped-vertigo_logo_biale-180x180-1.jpg","width":180,"height":180,"caption":"Vertigo Jazz Club & Restaurant"},"image":{"@id":"https:\/\/vertigojazz.pl\/#\/schema\/logo\/image\/"},"sameAs":["https:\/\/www.facebook.com\/vertigojazzclub","https:\/\/www.instagram.com\/vertigo_jazz_club\/","https:\/\/www.youtube.com\/channel\/UC8sPrX3Xuv7bfuhfr3XbqXg","https:\/\/www.tiktok.com\/@vertigojazzclub"]}]}},"_links":{"self":[{"href":"https:\/\/vertigojazz.pl\/de\/wp-json\/wp\/v2\/wydarzenie\/17867","targetHints":{"allow":["GET"]}}],"collection":[{"href":"https:\/\/vertigojazz.pl\/de\/wp-json\/wp\/v2\/wydarzenie"}],"about":[{"href":"https:\/\/vertigojazz.pl\/de\/wp-json\/wp\/v2\/types\/wydarzenie"}],"author":[{"embeddable":true,"href":"https:\/\/vertigojazz.pl\/de\/wp-json\/wp\/v2\/users\/13"}],"version-history":[{"count":1,"href":"https:\/\/vertigojazz.pl\/de\/wp-json\/wp\/v2\/wydarzenie\/17867\/revisions"}],"predecessor-version":[{"id":17887,"href":"https:\/\/vertigojazz.pl\/de\/wp-json\/wp\/v2\/wydarzenie\/17867\/revisions\/17887"}],"wp:attachment":[{"href":"https:\/\/vertigojazz.pl\/de\/wp-json\/wp\/v2\/media?parent=17867"}],"curies":[{"name":"wp","href":"https:\/\/api.w.org\/{rel}","templated":true}]}}