{"id":19243,"date":"2026-03-07T19:15:44","date_gmt":"2026-03-07T18:15:44","guid":{"rendered":"https:\/\/vertigojazz.pl\/wydarzenia\/wodecki-tribute-zespol-konie\/"},"modified":"2026-03-26T12:16:09","modified_gmt":"2026-03-26T11:16:09","slug":"wodecki-tribute-zespol-konie","status":"publish","type":"wydarzenie","link":"https:\/\/vertigojazz.pl\/de\/wydarzenia\/wodecki-tribute-zespol-konie\/","title":{"rendered":"Wodecki Tribute Zesp\u00f3\u0142 Konie"},"content":{"rendered":"<p>English below.<\/p>\n<h1>\u200bWodecki Tribute Zesp\u00f3\u0142 Konie<\/h1>\n<p>Zesp\u00f3\u0142 Konie to grupa m\u0142odych muzyk\u00f3w, kt\u00f3rych styl i nowatorskie podej\u015bcie do aran\u017cacji porywa publiczno\u015b\u0107 do niezwyk\u0142ych, barwnych miejsc. Ich energia i rado\u015b\u0107 z grania zosta\u0142a ju\u017c doceniona przez wielu, mi\u0119dzy innymi podczas Wodecki Twist Festiwal. To wydarzenie jest prawdziw\u0105 gratk\u0105 dla wszystkich mi\u0142o\u015bnik\u00f3w tw\u00f3rczo\u015bci Zbigniewa Wodeckiego, kt\u00f3rzy pragn\u0105 na nowo odkry\u0107 magi\u0119 jego muzyki.<\/p>\n<h2>\u200bPowr\u00f3t do tw\u00f3rczo\u015bci Zbigniewa Wodeckiego w Vertigo<\/h2>\n<p>Zesp\u00f3\u0142 Konie gra Wodeckiego, po swojemu! Zapraszamy do opowie\u015bci na temat tw\u00f3rczo\u015bci Zbigniewa Wodeckiego, kt\u00f3ra zosta\u0142a ochoczo przyj\u0119ta przez publiczno\u015b\u0107 w ca\u0142ym kraju, czego \u015bwietnym przyk\u0142adem by\u0142y wyprzedane sale mi\u0119dzy innymi Filharmonii Kaszubskiej w Wejherowie, Oliwskiego Ratusza Kultury w Gda\u0144sku, czy chocia\u017cby Pa\u0142acu Potockich w Krakowie podczas kultowego Wodecki Twist Festiwal \u2013 a warto doda\u0107, \u017ce zaproszenie na ten niezwyk\u0142y festiwal to prawdziwy zaszczyt!<\/p>\n<p>Zesp\u00f3\u0142 Konie w sk\u0142adzie:<\/p>\n<p>Kacper D\u0119bski perkusja<\/p>\n<p>Piotr Zygma bass<\/p>\n<p>Franciszek Derkowski gitara<\/p>\n<p>Bart\u0142omiej Mazurek piano<\/p>\n<p>Kacper Siekirka gitara\/wokal<\/p>\n<h2>\u200bAutorskie koktajle i muzyka na \u017cywo<\/h2>\n<p>Wiecz\u00f3r w Vertigo to doskona\u0142e po\u0142\u0105czenie autorskich koktajli, muzyki na \u017cywo i wyj\u0105tkowej atmosfery Wroc\u0142awia. Zapraszamy Pa\u0144stwa, aby sp\u0119dzi\u0107 czas z bliskimi i stworzy\u0107 wspomnienia, kt\u00f3re zostan\u0105 na d\u0142ugo.<\/p>\n<p><b>REGULAMIN: Lokal po godzinie 19:00 przeznaczony jest dla os\u00f3b powy\u017cej 18 roku \u017cycia. Osoby niepe\u0142noletnie nie zostan\u0105 wpuszczone na wydarzenia organizowane przez Vertigo Jazz Club &amp; Restaurant<\/b><\/p>\n\n<p><b>English version:<\/b><\/p>\n<h2>Wodecki Tribute: Konie<\/h2>\n<p><b>Konie<\/b> is a group of young musicians whose unique style and innovative approach to arrangements sweep the audience away to extraordinary, vibrant places. Their energy and pure joy of performing have already been recognized by many, including a standout appearance at the prestigious <b>Wodecki Twist Festival<\/b>. This event is a true treat for all admirers of Zbigniew Wodecki who wish to rediscover the magic of his music.<\/p>\n<h3>Wodecki Reimagined at Vertigo<\/h3>\n<p>Konie plays Wodecki\u2014on their own terms! We invite you to a musical narrative that has been enthusiastically received across the country, with sold-out shows at the Kashubian Philharmonic in Wejherowo, the Oliva City Hall of Culture in Gda\u0144sk, and the Potocki Palace in Krak\u00f3w during the iconic Wodecki Twist Festival. It is worth noting that an invitation to this particular festival is considered a true honor in the Polish music industry.<\/p>\n<p><b>Konie Lineup:<\/b><\/p>\n<ul>\n<li><b>Kacper D\u0119bski<\/b> \u2013 Drums<\/li>\n<li><b>Piotr Zygma<\/b> \u2013 Bass<\/li>\n<li><b>Franciszek Derkowski<\/b> \u2013 Guitar<\/li>\n<li><b>Bart\u0142omiej Mazurek<\/b> \u2013 Piano<\/li>\n<li><b>Kacper Siekirka<\/b> \u2013 Guitar\/Vocals<\/li>\n<\/ul>\n<h3>Signature Cocktails and Live Music<\/h3>\n<p>An evening at Vertigo is the perfect combination of signature cocktails, live music, and the unique atmosphere of Wroc\u0142aw. Join us to spend quality time with your loved ones and create memories that will last long after the final note.<\/p>\n","protected":false},"excerpt":{"rendered":"<p>English below. \u200bWodecki Tribute Zesp\u00f3\u0142 Konie Zesp\u00f3\u0142 Konie to grupa m\u0142odych muzyk\u00f3w, kt\u00f3rych styl i nowatorskie podej\u015bcie do aran\u017cacji porywa publiczno\u015b\u0107 do niezwyk\u0142ych, barwnych miejsc. Ich energia i rado\u015b\u0107 z grania zosta\u0142a ju\u017c doceniona przez wielu, mi\u0119dzy innymi podczas Wodecki Twist Festiwal. To wydarzenie jest prawdziw\u0105 gratk\u0105 dla wszystkich mi\u0142o\u015bnik\u00f3w tw\u00f3rczo\u015bci Zbigniewa Wodeckiego, kt\u00f3rzy pragn\u0105 [&hellip;]<\/p>\n","protected":false},"author":13,"featured_media":0,"parent":0,"menu_order":0,"template":"","meta":{"_acf_changed":false,"footnotes":""},"class_list":["post-19243","wydarzenie","type-wydarzenie","status-publish","hentry"],"acf":[],"yoast_head":"<!-- This site is optimized with the Yoast SEO plugin v26.0 - https:\/\/yoast.com\/wordpress\/plugins\/seo\/ -->\n<title>Wodecki Tribute Zesp\u00f3\u0142 Konie - Vertigo Jazz Club &amp; Restaurant<\/title>\n<meta name=\"description\" content=\"To wydarzenie jest prawdziw\u0105 gratk\u0105 dla wszystkich mi\u0142o\u015bnik\u00f3w tw\u00f3rczo\u015bci Zbigniewa Wodeckiego, kt\u00f3rzy pragn\u0105 na nowo odkry\u0107 magi\u0119 jego muzyki.\" \/>\n<meta name=\"robots\" content=\"index, follow, max-snippet:-1, max-image-preview:large, max-video-preview:-1\" \/>\n<link rel=\"canonical\" href=\"https:\/\/vertigojazz.pl\/wydarzenia\/wodecki-tribute-zespol-konie\/\" \/>\n<meta property=\"og:locale\" content=\"de_DE\" \/>\n<meta property=\"og:type\" content=\"article\" \/>\n<meta property=\"og:title\" content=\"Wodecki Tribute Zesp\u00f3\u0142 Konie - Vertigo Jazz Club &amp; Restaurant\" \/>\n<meta property=\"og:description\" content=\"To wydarzenie jest prawdziw\u0105 gratk\u0105 dla wszystkich mi\u0142o\u015bnik\u00f3w tw\u00f3rczo\u015bci Zbigniewa Wodeckiego, kt\u00f3rzy pragn\u0105 na nowo odkry\u0107 magi\u0119 jego muzyki.\" \/>\n<meta property=\"og:url\" content=\"https:\/\/vertigojazz.pl\/wydarzenia\/wodecki-tribute-zespol-konie\/\" \/>\n<meta property=\"og:site_name\" content=\"Vertigo Jazz Club &amp; Restaurant\" \/>\n<meta property=\"article:publisher\" content=\"https:\/\/www.facebook.com\/vertigojazzclub\" \/>\n<meta property=\"article:modified_time\" content=\"2026-03-26T11:16:09+00:00\" \/>\n<meta property=\"og:image\" content=\"https:\/\/vertigojazz.pl\/wp-content\/uploads\/2025\/08\/VertigoJazz-Logo_1080_1080.jpeg\" \/>\n\t<meta property=\"og:image:width\" content=\"768\" \/>\n\t<meta property=\"og:image:height\" content=\"768\" \/>\n\t<meta property=\"og:image:type\" content=\"image\/jpeg\" \/>\n<meta name=\"twitter:card\" content=\"summary_large_image\" \/>\n<meta name=\"twitter:label1\" content=\"Gesch\u00e4tzte Lesezeit\" \/>\n\t<meta name=\"twitter:data1\" content=\"3\u00a0Minuten\" \/>\n<script type=\"application\/ld+json\" class=\"yoast-schema-graph\">{\"@context\":\"https:\/\/schema.org\",\"@graph\":[{\"@type\":\"WebPage\",\"@id\":\"https:\/\/vertigojazz.pl\/wydarzenia\/wodecki-tribute-zespol-konie\/\",\"url\":\"https:\/\/vertigojazz.pl\/wydarzenia\/wodecki-tribute-zespol-konie\/\",\"name\":\"Wodecki Tribute Zesp\u00f3\u0142 Konie - Vertigo Jazz Club &amp; Restaurant\",\"isPartOf\":{\"@id\":\"https:\/\/vertigojazz.pl\/#website\"},\"datePublished\":\"2026-03-07T18:15:44+00:00\",\"dateModified\":\"2026-03-26T11:16:09+00:00\",\"description\":\"To wydarzenie jest prawdziw\u0105 gratk\u0105 dla wszystkich mi\u0142o\u015bnik\u00f3w tw\u00f3rczo\u015bci Zbigniewa Wodeckiego, kt\u00f3rzy pragn\u0105 na nowo odkry\u0107 magi\u0119 jego muzyki.\",\"breadcrumb\":{\"@id\":\"https:\/\/vertigojazz.pl\/wydarzenia\/wodecki-tribute-zespol-konie\/#breadcrumb\"},\"inLanguage\":\"de\",\"potentialAction\":[{\"@type\":\"ReadAction\",\"target\":[\"https:\/\/vertigojazz.pl\/wydarzenia\/wodecki-tribute-zespol-konie\/\"]}]},{\"@type\":\"BreadcrumbList\",\"@id\":\"https:\/\/vertigojazz.pl\/wydarzenia\/wodecki-tribute-zespol-konie\/#breadcrumb\",\"itemListElement\":[{\"@type\":\"ListItem\",\"position\":1,\"name\":\"Strona g\u0142\u00f3wna\",\"item\":\"https:\/\/vertigojazz.pl\/de\/\"},{\"@type\":\"ListItem\",\"position\":2,\"name\":\"Wodecki Tribute Zesp\u00f3\u0142 Konie\"}]},{\"@type\":\"WebSite\",\"@id\":\"https:\/\/vertigojazz.pl\/#website\",\"url\":\"https:\/\/vertigojazz.pl\/\",\"name\":\"Vertigo Jazz Club & Restaurant\",\"description\":\"klub muzyczny we Wroc\u0142awiu\",\"publisher\":{\"@id\":\"https:\/\/vertigojazz.pl\/#organization\"},\"potentialAction\":[{\"@type\":\"SearchAction\",\"target\":{\"@type\":\"EntryPoint\",\"urlTemplate\":\"https:\/\/vertigojazz.pl\/?s={search_term_string}\"},\"query-input\":{\"@type\":\"PropertyValueSpecification\",\"valueRequired\":true,\"valueName\":\"search_term_string\"}}],\"inLanguage\":\"de\"},{\"@type\":\"Organization\",\"@id\":\"https:\/\/vertigojazz.pl\/#organization\",\"name\":\"Vertigo Jazz Club & Restaurant\",\"alternateName\":\"Klub muzyczny we Wroc\u0142awiu\",\"url\":\"https:\/\/vertigojazz.pl\/\",\"logo\":{\"@type\":\"ImageObject\",\"inLanguage\":\"de\",\"@id\":\"https:\/\/vertigojazz.pl\/#\/schema\/logo\/image\/\",\"url\":\"https:\/\/vertigojazz.pl\/wp-content\/uploads\/2025\/04\/cropped-vertigo_logo_biale-180x180-1.jpg\",\"contentUrl\":\"https:\/\/vertigojazz.pl\/wp-content\/uploads\/2025\/04\/cropped-vertigo_logo_biale-180x180-1.jpg\",\"width\":180,\"height\":180,\"caption\":\"Vertigo Jazz Club & Restaurant\"},\"image\":{\"@id\":\"https:\/\/vertigojazz.pl\/#\/schema\/logo\/image\/\"},\"sameAs\":[\"https:\/\/www.facebook.com\/vertigojazzclub\",\"https:\/\/www.instagram.com\/vertigo_jazz_club\/\",\"https:\/\/www.youtube.com\/channel\/UC8sPrX3Xuv7bfuhfr3XbqXg\",\"https:\/\/www.tiktok.com\/@vertigojazzclub\"]}]}<\/script>\n<!-- \/ Yoast SEO plugin. -->","yoast_head_json":{"title":"Wodecki Tribute Zesp\u00f3\u0142 Konie - Vertigo Jazz Club &amp; Restaurant","description":"To wydarzenie jest prawdziw\u0105 gratk\u0105 dla wszystkich mi\u0142o\u015bnik\u00f3w tw\u00f3rczo\u015bci Zbigniewa Wodeckiego, kt\u00f3rzy pragn\u0105 na nowo odkry\u0107 magi\u0119 jego muzyki.","robots":{"index":"index","follow":"follow","max-snippet":"max-snippet:-1","max-image-preview":"max-image-preview:large","max-video-preview":"max-video-preview:-1"},"canonical":"https:\/\/vertigojazz.pl\/wydarzenia\/wodecki-tribute-zespol-konie\/","og_locale":"de_DE","og_type":"article","og_title":"Wodecki Tribute Zesp\u00f3\u0142 Konie - Vertigo Jazz Club &amp; Restaurant","og_description":"To wydarzenie jest prawdziw\u0105 gratk\u0105 dla wszystkich mi\u0142o\u015bnik\u00f3w tw\u00f3rczo\u015bci Zbigniewa Wodeckiego, kt\u00f3rzy pragn\u0105 na nowo odkry\u0107 magi\u0119 jego muzyki.","og_url":"https:\/\/vertigojazz.pl\/wydarzenia\/wodecki-tribute-zespol-konie\/","og_site_name":"Vertigo Jazz Club &amp; Restaurant","article_publisher":"https:\/\/www.facebook.com\/vertigojazzclub","article_modified_time":"2026-03-26T11:16:09+00:00","og_image":[{"width":768,"height":768,"url":"https:\/\/vertigojazz.pl\/wp-content\/uploads\/2025\/08\/VertigoJazz-Logo_1080_1080.jpeg","type":"image\/jpeg"}],"twitter_card":"summary_large_image","twitter_misc":{"Gesch\u00e4tzte Lesezeit":"3\u00a0Minuten"},"schema":{"@context":"https:\/\/schema.org","@graph":[{"@type":"WebPage","@id":"https:\/\/vertigojazz.pl\/wydarzenia\/wodecki-tribute-zespol-konie\/","url":"https:\/\/vertigojazz.pl\/wydarzenia\/wodecki-tribute-zespol-konie\/","name":"Wodecki Tribute Zesp\u00f3\u0142 Konie - Vertigo Jazz Club &amp; Restaurant","isPartOf":{"@id":"https:\/\/vertigojazz.pl\/#website"},"datePublished":"2026-03-07T18:15:44+00:00","dateModified":"2026-03-26T11:16:09+00:00","description":"To wydarzenie jest prawdziw\u0105 gratk\u0105 dla wszystkich mi\u0142o\u015bnik\u00f3w tw\u00f3rczo\u015bci Zbigniewa Wodeckiego, kt\u00f3rzy pragn\u0105 na nowo odkry\u0107 magi\u0119 jego muzyki.","breadcrumb":{"@id":"https:\/\/vertigojazz.pl\/wydarzenia\/wodecki-tribute-zespol-konie\/#breadcrumb"},"inLanguage":"de","potentialAction":[{"@type":"ReadAction","target":["https:\/\/vertigojazz.pl\/wydarzenia\/wodecki-tribute-zespol-konie\/"]}]},{"@type":"BreadcrumbList","@id":"https:\/\/vertigojazz.pl\/wydarzenia\/wodecki-tribute-zespol-konie\/#breadcrumb","itemListElement":[{"@type":"ListItem","position":1,"name":"Strona g\u0142\u00f3wna","item":"https:\/\/vertigojazz.pl\/de\/"},{"@type":"ListItem","position":2,"name":"Wodecki Tribute Zesp\u00f3\u0142 Konie"}]},{"@type":"WebSite","@id":"https:\/\/vertigojazz.pl\/#website","url":"https:\/\/vertigojazz.pl\/","name":"Vertigo Jazz Club & Restaurant","description":"klub muzyczny we Wroc\u0142awiu","publisher":{"@id":"https:\/\/vertigojazz.pl\/#organization"},"potentialAction":[{"@type":"SearchAction","target":{"@type":"EntryPoint","urlTemplate":"https:\/\/vertigojazz.pl\/?s={search_term_string}"},"query-input":{"@type":"PropertyValueSpecification","valueRequired":true,"valueName":"search_term_string"}}],"inLanguage":"de"},{"@type":"Organization","@id":"https:\/\/vertigojazz.pl\/#organization","name":"Vertigo Jazz Club & Restaurant","alternateName":"Klub muzyczny we Wroc\u0142awiu","url":"https:\/\/vertigojazz.pl\/","logo":{"@type":"ImageObject","inLanguage":"de","@id":"https:\/\/vertigojazz.pl\/#\/schema\/logo\/image\/","url":"https:\/\/vertigojazz.pl\/wp-content\/uploads\/2025\/04\/cropped-vertigo_logo_biale-180x180-1.jpg","contentUrl":"https:\/\/vertigojazz.pl\/wp-content\/uploads\/2025\/04\/cropped-vertigo_logo_biale-180x180-1.jpg","width":180,"height":180,"caption":"Vertigo Jazz Club & Restaurant"},"image":{"@id":"https:\/\/vertigojazz.pl\/#\/schema\/logo\/image\/"},"sameAs":["https:\/\/www.facebook.com\/vertigojazzclub","https:\/\/www.instagram.com\/vertigo_jazz_club\/","https:\/\/www.youtube.com\/channel\/UC8sPrX3Xuv7bfuhfr3XbqXg","https:\/\/www.tiktok.com\/@vertigojazzclub"]}]}},"_links":{"self":[{"href":"https:\/\/vertigojazz.pl\/de\/wp-json\/wp\/v2\/wydarzenie\/19243","targetHints":{"allow":["GET"]}}],"collection":[{"href":"https:\/\/vertigojazz.pl\/de\/wp-json\/wp\/v2\/wydarzenie"}],"about":[{"href":"https:\/\/vertigojazz.pl\/de\/wp-json\/wp\/v2\/types\/wydarzenie"}],"author":[{"embeddable":true,"href":"https:\/\/vertigojazz.pl\/de\/wp-json\/wp\/v2\/users\/13"}],"version-history":[{"count":2,"href":"https:\/\/vertigojazz.pl\/de\/wp-json\/wp\/v2\/wydarzenie\/19243\/revisions"}],"predecessor-version":[{"id":19443,"href":"https:\/\/vertigojazz.pl\/de\/wp-json\/wp\/v2\/wydarzenie\/19243\/revisions\/19443"}],"wp:attachment":[{"href":"https:\/\/vertigojazz.pl\/de\/wp-json\/wp\/v2\/media?parent=19243"}],"curies":[{"name":"wp","href":"https:\/\/api.w.org\/{rel}","templated":true}]}}