{"id":14407,"date":"2025-10-20T19:03:42","date_gmt":"2025-10-20T17:03:42","guid":{"rendered":"https:\/\/vertigojazz.pl\/wydarzenia\/czerwone-gitary-zaspiewane-przez-anne-nguyen\/"},"modified":"2025-10-23T16:29:09","modified_gmt":"2025-10-23T14:29:09","slug":"czerwone-gitary-zaspiewane-przez-anne-nguyen","status":"publish","type":"wydarzenie","link":"https:\/\/vertigojazz.pl\/en\/wydarzenia\/czerwone-gitary-zaspiewane-przez-anne-nguyen\/","title":{"rendered":"Czerwone Gitary za\u015bpiewane przez Ann\u0119 Nguyen"},"content":{"rendered":"<h1>\u200bNajwi\u0119ksze przeboje polskiej legendy<\/h1>\n<p>Koncert po\u015bwi\u0119cony muzyce zespo\u0142u wszech czas\u00f3w \u2013 Czerwonych Gitar \u2013 to wyj\u0105tkowe wydarzenie, kt\u00f3re przeniesie Pa\u0144stwa w \u015bwiat najwi\u0119kszych przeboj\u00f3w polskiej muzyki. Us\u0142yszymy ponadczasowe utwory, kt\u00f3re od lat poruszaj\u0105 serca kolejnych pokole\u0144 s\u0142uchaczy, przypominaj\u0105c, jak pi\u0119knie brzmia\u0142a klasyka polskiego rocka i popu.<\/p>\n<h2>Anna Nguyen i jej zesp\u00f3\u0142<\/h2>\n<p>Ca\u0142o\u015b\u0107 poprowadzi i za\u015bpiewa Anna Nguyen wraz ze swoim zespo\u0142em, oddaj\u0105c ho\u0142d legendzie polskiej sceny muzycznej. Artystka, znana z niezwyk\u0142ej charyzmy i muzycznej wra\u017cliwo\u015bci, zadba o atmosfer\u0119 pe\u0142n\u0105 emocji, wspomnie\u0144 i pozytywnej energii.\u200b<\/p>\n<h2>Wiecz\u00f3r pe\u0142en wsp\u00f3lnego \u015bpiewania<\/h2>\n<p>To b\u0119dzie koncert, podczas kt\u00f3rego publiczno\u015b\u0107 przypomni sobie takie utwory jak \u201eNie zadzieraj nosa\u201d, \u201eKwiaty we w\u0142osach\u201d czy \u201eHistoria jednej znajomo\u015bci\u201d. Wiecz\u00f3r pe\u0142en nostalgii, rado\u015bci i wsp\u00f3lnego \u015bpiewania \u2013 idealny dla wszystkich, kt\u00f3rzy kochaj\u0105 muzyk\u0119 Czerwonych Gitar.<\/p>\n<p>REGULAMIN: Lokal po godzinie 19:00 przeznaczony jest dla os\u00f3b powy\u017cej 18 roku \u017cycia. Osoby niepe\u0142noletnie nie zostan\u0105 wpuszczone na wydarzenia organizowane przez Vertigo Jazz Club &amp; Restaurant<\/p>\n<p>English below:<\/p>\n<p><strong>The Greatest Hits of a Polish Legend<\/strong><br \/>\nA concert dedicated to the music of the all-time great band <strong>Czerwone Gitary<\/strong> is a unique event that will take you on a journey through the greatest hits of Polish music. You will hear timeless songs that have touched the hearts of generations of listeners, reminding us how beautiful the classics of Polish rock and pop once sounded.<\/p>\n<p><strong>Anna Nguyen and Her Band<\/strong><br \/>\nThe concert will be hosted and performed by <strong>Anna Nguyen<\/strong> together with her band, paying tribute to the legend of the Polish music scene. The artist, known for her exceptional charisma and musical sensitivity, will create an atmosphere full of emotion, memories, and positive energy.<\/p>\n<p><strong>An Evening Full of Singing Together<\/strong><br \/>\nThis will be a concert where the audience will revisit such songs as <em>\u201cNie zadzieraj nosa\u201d<\/em> (<em>Don\u2019t Be So Cocky<\/em>), <em>\u201cKwiaty we w\u0142osach\u201d<\/em> (<em>Flowers in Your Hair<\/em>), and <em>\u201cHistoria jednej znajomo\u015bci\u201d<\/em> (<em>The Story of an Acquaintance<\/em>).<br \/>\nAn evening full of nostalgia, joy, and shared singing \u2013 perfect for everyone who loves the music of <strong>Czerwone Gitary<\/strong>.<\/p>\n<p>RULES AND REGULATIONS: After 7:00 PM, the venue is reserved for guests aged 18 and over. Minors will not be admitted to events organized by Vertigo Jazz Club &amp; Restaurant.<\/p>\n","protected":false},"excerpt":{"rendered":"<p>\u200bNajwi\u0119ksze przeboje polskiej legendy Koncert po\u015bwi\u0119cony muzyce zespo\u0142u wszech czas\u00f3w \u2013 Czerwonych Gitar \u2013 to wyj\u0105tkowe wydarzenie, kt\u00f3re przeniesie Pa\u0144stwa w \u015bwiat najwi\u0119kszych przeboj\u00f3w polskiej muzyki. Us\u0142yszymy ponadczasowe utwory, kt\u00f3re od lat poruszaj\u0105 serca kolejnych pokole\u0144 s\u0142uchaczy, przypominaj\u0105c, jak pi\u0119knie brzmia\u0142a klasyka polskiego rocka i popu. Anna Nguyen i jej zesp\u00f3\u0142 Ca\u0142o\u015b\u0107 poprowadzi i za\u015bpiewa [&hellip;]<\/p>\n","protected":false},"author":13,"featured_media":0,"parent":0,"menu_order":0,"template":"","meta":{"_acf_changed":false,"footnotes":""},"class_list":["post-14407","wydarzenie","type-wydarzenie","status-publish","hentry"],"acf":[],"yoast_head":"<!-- This site is optimized with the Yoast SEO plugin v26.0 - https:\/\/yoast.com\/wordpress\/plugins\/seo\/ -->\n<title>Czerwone Gitary za\u015bpiewane przez Ann\u0119 Nguyen - Vertigo Jazz Club &amp; Restaurant<\/title>\n<meta name=\"description\" content=\"Koncert po\u015bwi\u0119cony muzyce zespo\u0142u wszech czas\u00f3w \u2013 Czerwonych Gitar.\" \/>\n<meta name=\"robots\" content=\"index, follow, max-snippet:-1, max-image-preview:large, max-video-preview:-1\" \/>\n<link rel=\"canonical\" href=\"https:\/\/vertigojazz.pl\/wydarzenia\/czerwone-gitary-zaspiewane-przez-anne-nguyen\/\" \/>\n<meta property=\"og:locale\" content=\"en_US\" \/>\n<meta property=\"og:type\" content=\"article\" \/>\n<meta property=\"og:title\" content=\"Czerwone Gitary za\u015bpiewane przez Ann\u0119 Nguyen - Vertigo Jazz Club &amp; Restaurant\" \/>\n<meta property=\"og:description\" content=\"Koncert po\u015bwi\u0119cony muzyce zespo\u0142u wszech czas\u00f3w \u2013 Czerwonych Gitar.\" \/>\n<meta property=\"og:url\" content=\"https:\/\/vertigojazz.pl\/wydarzenia\/czerwone-gitary-zaspiewane-przez-anne-nguyen\/\" \/>\n<meta property=\"og:site_name\" content=\"Vertigo Jazz Club &amp; Restaurant\" \/>\n<meta property=\"article:publisher\" content=\"https:\/\/www.facebook.com\/vertigojazzclub\" \/>\n<meta property=\"article:modified_time\" content=\"2025-10-23T14:29:09+00:00\" \/>\n<meta property=\"og:image\" content=\"https:\/\/vertigojazz.pl\/wp-content\/uploads\/2025\/08\/VertigoJazz-Logo_1080_1080.jpeg\" \/>\n\t<meta property=\"og:image:width\" content=\"768\" \/>\n\t<meta property=\"og:image:height\" content=\"768\" \/>\n\t<meta property=\"og:image:type\" content=\"image\/jpeg\" \/>\n<meta name=\"twitter:card\" content=\"summary_large_image\" \/>\n<meta name=\"twitter:label1\" content=\"Est. reading time\" \/>\n\t<meta name=\"twitter:data1\" content=\"3 minutes\" \/>\n<script type=\"application\/ld+json\" class=\"yoast-schema-graph\">{\"@context\":\"https:\/\/schema.org\",\"@graph\":[{\"@type\":\"WebPage\",\"@id\":\"https:\/\/vertigojazz.pl\/wydarzenia\/czerwone-gitary-zaspiewane-przez-anne-nguyen\/\",\"url\":\"https:\/\/vertigojazz.pl\/wydarzenia\/czerwone-gitary-zaspiewane-przez-anne-nguyen\/\",\"name\":\"Czerwone Gitary za\u015bpiewane przez Ann\u0119 Nguyen - Vertigo Jazz Club &amp; Restaurant\",\"isPartOf\":{\"@id\":\"https:\/\/vertigojazz.pl\/#website\"},\"datePublished\":\"2025-10-20T17:03:42+00:00\",\"dateModified\":\"2025-10-23T14:29:09+00:00\",\"description\":\"Koncert po\u015bwi\u0119cony muzyce zespo\u0142u wszech czas\u00f3w \u2013 Czerwonych Gitar.\",\"breadcrumb\":{\"@id\":\"https:\/\/vertigojazz.pl\/wydarzenia\/czerwone-gitary-zaspiewane-przez-anne-nguyen\/#breadcrumb\"},\"inLanguage\":\"en-US\",\"potentialAction\":[{\"@type\":\"ReadAction\",\"target\":[\"https:\/\/vertigojazz.pl\/wydarzenia\/czerwone-gitary-zaspiewane-przez-anne-nguyen\/\"]}]},{\"@type\":\"BreadcrumbList\",\"@id\":\"https:\/\/vertigojazz.pl\/wydarzenia\/czerwone-gitary-zaspiewane-przez-anne-nguyen\/#breadcrumb\",\"itemListElement\":[{\"@type\":\"ListItem\",\"position\":1,\"name\":\"Strona g\u0142\u00f3wna\",\"item\":\"https:\/\/vertigojazz.pl\/en\/\"},{\"@type\":\"ListItem\",\"position\":2,\"name\":\"Czerwone Gitary za\u015bpiewane przez Ann\u0119 Nguyen\"}]},{\"@type\":\"WebSite\",\"@id\":\"https:\/\/vertigojazz.pl\/#website\",\"url\":\"https:\/\/vertigojazz.pl\/\",\"name\":\"Vertigo Jazz Club & Restaurant\",\"description\":\"klub muzyczny we Wroc\u0142awiu\",\"publisher\":{\"@id\":\"https:\/\/vertigojazz.pl\/#organization\"},\"potentialAction\":[{\"@type\":\"SearchAction\",\"target\":{\"@type\":\"EntryPoint\",\"urlTemplate\":\"https:\/\/vertigojazz.pl\/?s={search_term_string}\"},\"query-input\":{\"@type\":\"PropertyValueSpecification\",\"valueRequired\":true,\"valueName\":\"search_term_string\"}}],\"inLanguage\":\"en-US\"},{\"@type\":\"Organization\",\"@id\":\"https:\/\/vertigojazz.pl\/#organization\",\"name\":\"Vertigo Jazz Club & Restaurant\",\"alternateName\":\"Klub muzyczny we Wroc\u0142awiu\",\"url\":\"https:\/\/vertigojazz.pl\/\",\"logo\":{\"@type\":\"ImageObject\",\"inLanguage\":\"en-US\",\"@id\":\"https:\/\/vertigojazz.pl\/#\/schema\/logo\/image\/\",\"url\":\"https:\/\/vertigojazz.pl\/wp-content\/uploads\/2025\/04\/cropped-vertigo_logo_biale-180x180-1.jpg\",\"contentUrl\":\"https:\/\/vertigojazz.pl\/wp-content\/uploads\/2025\/04\/cropped-vertigo_logo_biale-180x180-1.jpg\",\"width\":180,\"height\":180,\"caption\":\"Vertigo Jazz Club & Restaurant\"},\"image\":{\"@id\":\"https:\/\/vertigojazz.pl\/#\/schema\/logo\/image\/\"},\"sameAs\":[\"https:\/\/www.facebook.com\/vertigojazzclub\",\"https:\/\/www.instagram.com\/vertigo_jazz_club\/\",\"https:\/\/www.youtube.com\/channel\/UC8sPrX3Xuv7bfuhfr3XbqXg\",\"https:\/\/www.tiktok.com\/@vertigojazzclub\"]}]}<\/script>\n<!-- \/ Yoast SEO plugin. -->","yoast_head_json":{"title":"Czerwone Gitary za\u015bpiewane przez Ann\u0119 Nguyen - Vertigo Jazz Club &amp; Restaurant","description":"Koncert po\u015bwi\u0119cony muzyce zespo\u0142u wszech czas\u00f3w \u2013 Czerwonych Gitar.","robots":{"index":"index","follow":"follow","max-snippet":"max-snippet:-1","max-image-preview":"max-image-preview:large","max-video-preview":"max-video-preview:-1"},"canonical":"https:\/\/vertigojazz.pl\/wydarzenia\/czerwone-gitary-zaspiewane-przez-anne-nguyen\/","og_locale":"en_US","og_type":"article","og_title":"Czerwone Gitary za\u015bpiewane przez Ann\u0119 Nguyen - Vertigo Jazz Club &amp; Restaurant","og_description":"Koncert po\u015bwi\u0119cony muzyce zespo\u0142u wszech czas\u00f3w \u2013 Czerwonych Gitar.","og_url":"https:\/\/vertigojazz.pl\/wydarzenia\/czerwone-gitary-zaspiewane-przez-anne-nguyen\/","og_site_name":"Vertigo Jazz Club &amp; Restaurant","article_publisher":"https:\/\/www.facebook.com\/vertigojazzclub","article_modified_time":"2025-10-23T14:29:09+00:00","og_image":[{"width":768,"height":768,"url":"https:\/\/vertigojazz.pl\/wp-content\/uploads\/2025\/08\/VertigoJazz-Logo_1080_1080.jpeg","type":"image\/jpeg"}],"twitter_card":"summary_large_image","twitter_misc":{"Est. reading time":"3 minutes"},"schema":{"@context":"https:\/\/schema.org","@graph":[{"@type":"WebPage","@id":"https:\/\/vertigojazz.pl\/wydarzenia\/czerwone-gitary-zaspiewane-przez-anne-nguyen\/","url":"https:\/\/vertigojazz.pl\/wydarzenia\/czerwone-gitary-zaspiewane-przez-anne-nguyen\/","name":"Czerwone Gitary za\u015bpiewane przez Ann\u0119 Nguyen - Vertigo Jazz Club &amp; Restaurant","isPartOf":{"@id":"https:\/\/vertigojazz.pl\/#website"},"datePublished":"2025-10-20T17:03:42+00:00","dateModified":"2025-10-23T14:29:09+00:00","description":"Koncert po\u015bwi\u0119cony muzyce zespo\u0142u wszech czas\u00f3w \u2013 Czerwonych Gitar.","breadcrumb":{"@id":"https:\/\/vertigojazz.pl\/wydarzenia\/czerwone-gitary-zaspiewane-przez-anne-nguyen\/#breadcrumb"},"inLanguage":"en-US","potentialAction":[{"@type":"ReadAction","target":["https:\/\/vertigojazz.pl\/wydarzenia\/czerwone-gitary-zaspiewane-przez-anne-nguyen\/"]}]},{"@type":"BreadcrumbList","@id":"https:\/\/vertigojazz.pl\/wydarzenia\/czerwone-gitary-zaspiewane-przez-anne-nguyen\/#breadcrumb","itemListElement":[{"@type":"ListItem","position":1,"name":"Strona g\u0142\u00f3wna","item":"https:\/\/vertigojazz.pl\/en\/"},{"@type":"ListItem","position":2,"name":"Czerwone Gitary za\u015bpiewane przez Ann\u0119 Nguyen"}]},{"@type":"WebSite","@id":"https:\/\/vertigojazz.pl\/#website","url":"https:\/\/vertigojazz.pl\/","name":"Vertigo Jazz Club & Restaurant","description":"klub muzyczny we Wroc\u0142awiu","publisher":{"@id":"https:\/\/vertigojazz.pl\/#organization"},"potentialAction":[{"@type":"SearchAction","target":{"@type":"EntryPoint","urlTemplate":"https:\/\/vertigojazz.pl\/?s={search_term_string}"},"query-input":{"@type":"PropertyValueSpecification","valueRequired":true,"valueName":"search_term_string"}}],"inLanguage":"en-US"},{"@type":"Organization","@id":"https:\/\/vertigojazz.pl\/#organization","name":"Vertigo Jazz Club & Restaurant","alternateName":"Klub muzyczny we Wroc\u0142awiu","url":"https:\/\/vertigojazz.pl\/","logo":{"@type":"ImageObject","inLanguage":"en-US","@id":"https:\/\/vertigojazz.pl\/#\/schema\/logo\/image\/","url":"https:\/\/vertigojazz.pl\/wp-content\/uploads\/2025\/04\/cropped-vertigo_logo_biale-180x180-1.jpg","contentUrl":"https:\/\/vertigojazz.pl\/wp-content\/uploads\/2025\/04\/cropped-vertigo_logo_biale-180x180-1.jpg","width":180,"height":180,"caption":"Vertigo Jazz Club & Restaurant"},"image":{"@id":"https:\/\/vertigojazz.pl\/#\/schema\/logo\/image\/"},"sameAs":["https:\/\/www.facebook.com\/vertigojazzclub","https:\/\/www.instagram.com\/vertigo_jazz_club\/","https:\/\/www.youtube.com\/channel\/UC8sPrX3Xuv7bfuhfr3XbqXg","https:\/\/www.tiktok.com\/@vertigojazzclub"]}]}},"_links":{"self":[{"href":"https:\/\/vertigojazz.pl\/en\/wp-json\/wp\/v2\/wydarzenie\/14407","targetHints":{"allow":["GET"]}}],"collection":[{"href":"https:\/\/vertigojazz.pl\/en\/wp-json\/wp\/v2\/wydarzenie"}],"about":[{"href":"https:\/\/vertigojazz.pl\/en\/wp-json\/wp\/v2\/types\/wydarzenie"}],"author":[{"embeddable":true,"href":"https:\/\/vertigojazz.pl\/en\/wp-json\/wp\/v2\/users\/13"}],"version-history":[{"count":1,"href":"https:\/\/vertigojazz.pl\/en\/wp-json\/wp\/v2\/wydarzenie\/14407\/revisions"}],"predecessor-version":[{"id":14555,"href":"https:\/\/vertigojazz.pl\/en\/wp-json\/wp\/v2\/wydarzenie\/14407\/revisions\/14555"}],"wp:attachment":[{"href":"https:\/\/vertigojazz.pl\/en\/wp-json\/wp\/v2\/media?parent=14407"}],"curies":[{"name":"wp","href":"https:\/\/api.w.org\/{rel}","templated":true}]}}