{"id":14888,"date":"2025-11-13T16:13:46","date_gmt":"2025-11-13T15:13:46","guid":{"rendered":"https:\/\/vertigojazz.pl\/wydarzenia\/soul-christmas-by-paulina-cynkar\/"},"modified":"2025-11-26T18:21:46","modified_gmt":"2025-11-26T17:21:46","slug":"soul-christmas-by-paulina-cynkar","status":"publish","type":"wydarzenie","link":"https:\/\/vertigojazz.pl\/en\/wydarzenia\/soul-christmas-by-paulina-cynkar\/","title":{"rendered":"Soul Christmas by Paulina Cynkar"},"content":{"rendered":"<h1>\u200bMagiczny klimat Bo\u017cego Narodzenia<\/h1>\n<p>\u015awi\u0105teczne klasyki zabrzmi\u0105 w soulowych, pe\u0142nych emocji aran\u017cacjach. Paulina Cynkar, wokalistka o niezwykle ciep\u0142ym g\u0142osie i wyj\u0105tkowej wra\u017cliwo\u015bci, wprowadzi publiczno\u015b\u0107 w magiczny klimat Bo\u017cego Narodzenia.<\/p>\n<h2>Muzyka, kt\u00f3ra porusza serca<\/h2>\n<p>W programie znajd\u0105 si\u0119 zar\u00f3wno nastrojowe ballady, jak i energetyczne utwory, kt\u00f3re porusz\u0105 ka\u017cdego s\u0142uchacza. Towarzyszy\u0107 jej b\u0119dzie zesp\u00f3\u0142 znakomitych muzyk\u00f3w, tworz\u0105c wsp\u00f3lnie atmosfer\u0119 pe\u0142n\u0105 elegancji, emocji i muzycznego ciep\u0142a.<\/p>\n<h2>\u200bWiecz\u00f3r pe\u0142en soulu i \u015bwi\u0105tecznej magii<\/h2>\n<p>To b\u0119dzie spotkanie z muzyk\u0105, kt\u00f3ra \u0142\u0105czy pokolenia i budzi najpi\u0119kniejsze wspomnienia. Soulowe \u015awi\u0119ta z Paulin\u0105 Cynkar to idealny spos\u00f3b, by poczu\u0107 wyj\u0105tkowy nastr\u00f3j nadchodz\u0105cych \u015awi\u0105t, pe\u0142en wzrusze\u0144, blisko\u015bci i magii.<\/p>\n<p>English below:<\/p>\n<p><b>Magical Christmas Atmosphere<br \/>\n<\/b>Christmas classics in soulful, emotional arrangements.<br \/>\nPaulina Cynkar, a vocalist with an exceptionally warm voice and unique sensitivity, will lead the audience into the magical atmosphere of Christmas.<\/p>\n<p><b>Music that touches the heart<\/b><\/p>\n<p>The programme will include both intimate ballads and energetic songs that will move every listener.<br \/>\nShe will be accompanied by a band of outstanding musicians, together creating an atmosphere full of elegance, emotion, and musical warmth.<\/p>\n<p><b>An evening full of soul and Christmas magic<br \/>\n<\/b>It will be an encounter with music that connects generations and awakens the most beautiful memories.<br \/>\nSoulful Christmas with Paulina Cynkar is the perfect way to feel the unique mood of the upcoming Holidays \u2013 full of emotion, closeness, and a touch of magic.<\/p>\n","protected":false},"excerpt":{"rendered":"<p>\u200bMagiczny klimat Bo\u017cego Narodzenia \u015awi\u0105teczne klasyki zabrzmi\u0105 w soulowych, pe\u0142nych emocji aran\u017cacjach. Paulina Cynkar, wokalistka o niezwykle ciep\u0142ym g\u0142osie i wyj\u0105tkowej wra\u017cliwo\u015bci, wprowadzi publiczno\u015b\u0107 w magiczny klimat Bo\u017cego Narodzenia. Muzyka, kt\u00f3ra porusza serca W programie znajd\u0105 si\u0119 zar\u00f3wno nastrojowe ballady, jak i energetyczne utwory, kt\u00f3re porusz\u0105 ka\u017cdego s\u0142uchacza. Towarzyszy\u0107 jej b\u0119dzie zesp\u00f3\u0142 znakomitych muzyk\u00f3w, tworz\u0105c [&hellip;]<\/p>\n","protected":false},"author":13,"featured_media":0,"parent":0,"menu_order":0,"template":"","meta":{"_acf_changed":false,"footnotes":""},"class_list":["post-14888","wydarzenie","type-wydarzenie","status-publish","hentry"],"acf":[],"yoast_head":"<!-- This site is optimized with the Yoast SEO plugin v26.0 - https:\/\/yoast.com\/wordpress\/plugins\/seo\/ -->\n<title>Soul Christmas by Paulina Cynkar - Vertigo Jazz Club &amp; Restaurant<\/title>\n<meta name=\"description\" content=\"\u015awi\u0105teczne klasyki zabrzmi\u0105 w soulowych, pe\u0142nych emocji aran\u017cacjach.\" \/>\n<meta name=\"robots\" content=\"index, follow, max-snippet:-1, max-image-preview:large, max-video-preview:-1\" \/>\n<link rel=\"canonical\" href=\"https:\/\/vertigojazz.pl\/wydarzenia\/soul-christmas-by-paulina-cynkar\/\" \/>\n<meta property=\"og:locale\" content=\"en_US\" \/>\n<meta property=\"og:type\" content=\"article\" \/>\n<meta property=\"og:title\" content=\"Soul Christmas by Paulina Cynkar - Vertigo Jazz Club &amp; Restaurant\" \/>\n<meta property=\"og:description\" content=\"\u015awi\u0105teczne klasyki zabrzmi\u0105 w soulowych, pe\u0142nych emocji aran\u017cacjach.\" \/>\n<meta property=\"og:url\" content=\"https:\/\/vertigojazz.pl\/wydarzenia\/soul-christmas-by-paulina-cynkar\/\" \/>\n<meta property=\"og:site_name\" content=\"Vertigo Jazz Club &amp; Restaurant\" \/>\n<meta property=\"article:publisher\" content=\"https:\/\/www.facebook.com\/vertigojazzclub\" \/>\n<meta property=\"article:modified_time\" content=\"2025-11-26T17:21:46+00:00\" \/>\n<meta property=\"og:image\" content=\"https:\/\/vertigojazz.pl\/wp-content\/uploads\/2025\/08\/VertigoJazz-Logo_1080_1080.jpeg\" \/>\n\t<meta property=\"og:image:width\" content=\"768\" \/>\n\t<meta property=\"og:image:height\" content=\"768\" \/>\n\t<meta property=\"og:image:type\" content=\"image\/jpeg\" \/>\n<meta name=\"twitter:card\" content=\"summary_large_image\" \/>\n<meta name=\"twitter:label1\" content=\"Est. reading time\" \/>\n\t<meta name=\"twitter:data1\" content=\"2 minutes\" \/>\n<script type=\"application\/ld+json\" class=\"yoast-schema-graph\">{\"@context\":\"https:\/\/schema.org\",\"@graph\":[{\"@type\":\"WebPage\",\"@id\":\"https:\/\/vertigojazz.pl\/wydarzenia\/soul-christmas-by-paulina-cynkar\/\",\"url\":\"https:\/\/vertigojazz.pl\/wydarzenia\/soul-christmas-by-paulina-cynkar\/\",\"name\":\"Soul Christmas by Paulina Cynkar - Vertigo Jazz Club &amp; Restaurant\",\"isPartOf\":{\"@id\":\"https:\/\/vertigojazz.pl\/#website\"},\"datePublished\":\"2025-11-13T15:13:46+00:00\",\"dateModified\":\"2025-11-26T17:21:46+00:00\",\"description\":\"\u015awi\u0105teczne klasyki zabrzmi\u0105 w soulowych, pe\u0142nych emocji aran\u017cacjach.\",\"breadcrumb\":{\"@id\":\"https:\/\/vertigojazz.pl\/wydarzenia\/soul-christmas-by-paulina-cynkar\/#breadcrumb\"},\"inLanguage\":\"en-US\",\"potentialAction\":[{\"@type\":\"ReadAction\",\"target\":[\"https:\/\/vertigojazz.pl\/wydarzenia\/soul-christmas-by-paulina-cynkar\/\"]}]},{\"@type\":\"BreadcrumbList\",\"@id\":\"https:\/\/vertigojazz.pl\/wydarzenia\/soul-christmas-by-paulina-cynkar\/#breadcrumb\",\"itemListElement\":[{\"@type\":\"ListItem\",\"position\":1,\"name\":\"Strona g\u0142\u00f3wna\",\"item\":\"https:\/\/vertigojazz.pl\/en\/\"},{\"@type\":\"ListItem\",\"position\":2,\"name\":\"Soul Christmas by Paulina Cynkar\"}]},{\"@type\":\"WebSite\",\"@id\":\"https:\/\/vertigojazz.pl\/#website\",\"url\":\"https:\/\/vertigojazz.pl\/\",\"name\":\"Vertigo Jazz Club & Restaurant\",\"description\":\"klub muzyczny we Wroc\u0142awiu\",\"publisher\":{\"@id\":\"https:\/\/vertigojazz.pl\/#organization\"},\"potentialAction\":[{\"@type\":\"SearchAction\",\"target\":{\"@type\":\"EntryPoint\",\"urlTemplate\":\"https:\/\/vertigojazz.pl\/?s={search_term_string}\"},\"query-input\":{\"@type\":\"PropertyValueSpecification\",\"valueRequired\":true,\"valueName\":\"search_term_string\"}}],\"inLanguage\":\"en-US\"},{\"@type\":\"Organization\",\"@id\":\"https:\/\/vertigojazz.pl\/#organization\",\"name\":\"Vertigo Jazz Club & Restaurant\",\"alternateName\":\"Klub muzyczny we Wroc\u0142awiu\",\"url\":\"https:\/\/vertigojazz.pl\/\",\"logo\":{\"@type\":\"ImageObject\",\"inLanguage\":\"en-US\",\"@id\":\"https:\/\/vertigojazz.pl\/#\/schema\/logo\/image\/\",\"url\":\"https:\/\/vertigojazz.pl\/wp-content\/uploads\/2025\/04\/cropped-vertigo_logo_biale-180x180-1.jpg\",\"contentUrl\":\"https:\/\/vertigojazz.pl\/wp-content\/uploads\/2025\/04\/cropped-vertigo_logo_biale-180x180-1.jpg\",\"width\":180,\"height\":180,\"caption\":\"Vertigo Jazz Club & Restaurant\"},\"image\":{\"@id\":\"https:\/\/vertigojazz.pl\/#\/schema\/logo\/image\/\"},\"sameAs\":[\"https:\/\/www.facebook.com\/vertigojazzclub\",\"https:\/\/www.instagram.com\/vertigo_jazz_club\/\",\"https:\/\/www.youtube.com\/channel\/UC8sPrX3Xuv7bfuhfr3XbqXg\",\"https:\/\/www.tiktok.com\/@vertigojazzclub\"]}]}<\/script>\n<!-- \/ Yoast SEO plugin. -->","yoast_head_json":{"title":"Soul Christmas by Paulina Cynkar - Vertigo Jazz Club &amp; Restaurant","description":"\u015awi\u0105teczne klasyki zabrzmi\u0105 w soulowych, pe\u0142nych emocji aran\u017cacjach.","robots":{"index":"index","follow":"follow","max-snippet":"max-snippet:-1","max-image-preview":"max-image-preview:large","max-video-preview":"max-video-preview:-1"},"canonical":"https:\/\/vertigojazz.pl\/wydarzenia\/soul-christmas-by-paulina-cynkar\/","og_locale":"en_US","og_type":"article","og_title":"Soul Christmas by Paulina Cynkar - Vertigo Jazz Club &amp; Restaurant","og_description":"\u015awi\u0105teczne klasyki zabrzmi\u0105 w soulowych, pe\u0142nych emocji aran\u017cacjach.","og_url":"https:\/\/vertigojazz.pl\/wydarzenia\/soul-christmas-by-paulina-cynkar\/","og_site_name":"Vertigo Jazz Club &amp; Restaurant","article_publisher":"https:\/\/www.facebook.com\/vertigojazzclub","article_modified_time":"2025-11-26T17:21:46+00:00","og_image":[{"width":768,"height":768,"url":"https:\/\/vertigojazz.pl\/wp-content\/uploads\/2025\/08\/VertigoJazz-Logo_1080_1080.jpeg","type":"image\/jpeg"}],"twitter_card":"summary_large_image","twitter_misc":{"Est. reading time":"2 minutes"},"schema":{"@context":"https:\/\/schema.org","@graph":[{"@type":"WebPage","@id":"https:\/\/vertigojazz.pl\/wydarzenia\/soul-christmas-by-paulina-cynkar\/","url":"https:\/\/vertigojazz.pl\/wydarzenia\/soul-christmas-by-paulina-cynkar\/","name":"Soul Christmas by Paulina Cynkar - Vertigo Jazz Club &amp; Restaurant","isPartOf":{"@id":"https:\/\/vertigojazz.pl\/#website"},"datePublished":"2025-11-13T15:13:46+00:00","dateModified":"2025-11-26T17:21:46+00:00","description":"\u015awi\u0105teczne klasyki zabrzmi\u0105 w soulowych, pe\u0142nych emocji aran\u017cacjach.","breadcrumb":{"@id":"https:\/\/vertigojazz.pl\/wydarzenia\/soul-christmas-by-paulina-cynkar\/#breadcrumb"},"inLanguage":"en-US","potentialAction":[{"@type":"ReadAction","target":["https:\/\/vertigojazz.pl\/wydarzenia\/soul-christmas-by-paulina-cynkar\/"]}]},{"@type":"BreadcrumbList","@id":"https:\/\/vertigojazz.pl\/wydarzenia\/soul-christmas-by-paulina-cynkar\/#breadcrumb","itemListElement":[{"@type":"ListItem","position":1,"name":"Strona g\u0142\u00f3wna","item":"https:\/\/vertigojazz.pl\/en\/"},{"@type":"ListItem","position":2,"name":"Soul Christmas by Paulina Cynkar"}]},{"@type":"WebSite","@id":"https:\/\/vertigojazz.pl\/#website","url":"https:\/\/vertigojazz.pl\/","name":"Vertigo Jazz Club & Restaurant","description":"klub muzyczny we Wroc\u0142awiu","publisher":{"@id":"https:\/\/vertigojazz.pl\/#organization"},"potentialAction":[{"@type":"SearchAction","target":{"@type":"EntryPoint","urlTemplate":"https:\/\/vertigojazz.pl\/?s={search_term_string}"},"query-input":{"@type":"PropertyValueSpecification","valueRequired":true,"valueName":"search_term_string"}}],"inLanguage":"en-US"},{"@type":"Organization","@id":"https:\/\/vertigojazz.pl\/#organization","name":"Vertigo Jazz Club & Restaurant","alternateName":"Klub muzyczny we Wroc\u0142awiu","url":"https:\/\/vertigojazz.pl\/","logo":{"@type":"ImageObject","inLanguage":"en-US","@id":"https:\/\/vertigojazz.pl\/#\/schema\/logo\/image\/","url":"https:\/\/vertigojazz.pl\/wp-content\/uploads\/2025\/04\/cropped-vertigo_logo_biale-180x180-1.jpg","contentUrl":"https:\/\/vertigojazz.pl\/wp-content\/uploads\/2025\/04\/cropped-vertigo_logo_biale-180x180-1.jpg","width":180,"height":180,"caption":"Vertigo Jazz Club & Restaurant"},"image":{"@id":"https:\/\/vertigojazz.pl\/#\/schema\/logo\/image\/"},"sameAs":["https:\/\/www.facebook.com\/vertigojazzclub","https:\/\/www.instagram.com\/vertigo_jazz_club\/","https:\/\/www.youtube.com\/channel\/UC8sPrX3Xuv7bfuhfr3XbqXg","https:\/\/www.tiktok.com\/@vertigojazzclub"]}]}},"_links":{"self":[{"href":"https:\/\/vertigojazz.pl\/en\/wp-json\/wp\/v2\/wydarzenie\/14888","targetHints":{"allow":["GET"]}}],"collection":[{"href":"https:\/\/vertigojazz.pl\/en\/wp-json\/wp\/v2\/wydarzenie"}],"about":[{"href":"https:\/\/vertigojazz.pl\/en\/wp-json\/wp\/v2\/types\/wydarzenie"}],"author":[{"embeddable":true,"href":"https:\/\/vertigojazz.pl\/en\/wp-json\/wp\/v2\/users\/13"}],"version-history":[{"count":1,"href":"https:\/\/vertigojazz.pl\/en\/wp-json\/wp\/v2\/wydarzenie\/14888\/revisions"}],"predecessor-version":[{"id":15215,"href":"https:\/\/vertigojazz.pl\/en\/wp-json\/wp\/v2\/wydarzenie\/14888\/revisions\/15215"}],"wp:attachment":[{"href":"https:\/\/vertigojazz.pl\/en\/wp-json\/wp\/v2\/media?parent=14888"}],"curies":[{"name":"wp","href":"https:\/\/api.w.org\/{rel}","templated":true}]}}