{"id":15756,"date":"2025-12-10T19:04:57","date_gmt":"2025-12-10T18:04:57","guid":{"rendered":"https:\/\/vertigojazz.pl\/wydarzenia\/elvis-presley-birthday-tribute-by-kuba-kesy\/"},"modified":"2025-12-18T11:33:14","modified_gmt":"2025-12-18T10:33:14","slug":"elvis-presley-birthday-tribute-by-kuba-kesy","status":"publish","type":"wydarzenie","link":"https:\/\/vertigojazz.pl\/en\/wydarzenia\/elvis-presley-birthday-tribute-by-kuba-kesy\/","title":{"rendered":"Elvis Presley Birthday Tribute by Kuba K\u0119sy"},"content":{"rendered":"<p>*Scroll down to English version*<\/p>\n<h1>\u200bUrodziny Kr\u00f3la rock\u2019n\u2019rolla<\/h1>\n<p>Kuba K\u0119sy powraca na scen\u0119 z wyj\u0105tkowym muzycznym ho\u0142dem dla Elvisa Presleya z okazji urodzin Kr\u00f3la Rock\u2019n\u2019Rolla. W programie pojawi\u0105 si\u0119 najwi\u0119ksze przeboje Elvisa, pe\u0142ne energii, emocji i charakterystycznego brzmienia, kt\u00f3re od dekad poruszaj\u0105 publiczno\u015b\u0107 na ca\u0142ym \u015bwiecie.<\/p>\n<h2>\u200bKlasyka, ballady i klimat lat 50. i 60.<\/h2>\n<p>Artysta zaprezentuje zar\u00f3wno dynamiczne kawa\u0142ki, jak i nastrojowe ballady, oddaj\u0105c ducha oryginalnych wykona\u0144. Wiecz\u00f3r wype\u0142ni niepowtarzalna atmosfera lat 50. i 60., wzbogacona autentycznym stylem i charyzm\u0105 Kuby K\u0119sy. To wydarzenie, kt\u00f3re pozwoli poczu\u0107, \u017ce Kr\u00f3l naprawd\u0119 powr\u00f3ci\u0142.<\/p>\n<p>*English version*<\/p>\n<p><b>Birthday of the King of Rock &#8216;n&#8217; Roll<\/b><br \/>\nKuba K\u0119sy returns to the stage with a unique musical tribute to Elvis Presley, celebrating the Birthday of the King of Rock &#8216;n&#8217; Roll. The program will feature Elvis&#8217;s greatest hits, full of energy, emotion, and the characteristic sound that has moved audiences worldwide for decades.<\/p>\n<p><b>Classics, Ballads, and the Vibe of the &#8217;50s and &#8217;60s<\/b><br \/>\nThe artist will present both dynamic tracks and atmospheric ballads, capturing the spirit of the original performances. The evening will be filled with the unique atmosphere of the 1950s and 60s, enriched by the authentic style and charisma of Kuba K\u0119sy. This is an event that will make you feel that the King has truly returned.<\/p>\n","protected":false},"excerpt":{"rendered":"<p>*Scroll down to English version* \u200bUrodziny Kr\u00f3la rock\u2019n\u2019rolla Kuba K\u0119sy powraca na scen\u0119 z wyj\u0105tkowym muzycznym ho\u0142dem dla Elvisa Presleya z okazji urodzin Kr\u00f3la Rock\u2019n\u2019Rolla. W programie pojawi\u0105 si\u0119 najwi\u0119ksze przeboje Elvisa, pe\u0142ne energii, emocji i charakterystycznego brzmienia, kt\u00f3re od dekad poruszaj\u0105 publiczno\u015b\u0107 na ca\u0142ym \u015bwiecie. \u200bKlasyka, ballady i klimat lat 50. i 60. Artysta [&hellip;]<\/p>\n","protected":false},"author":13,"featured_media":0,"parent":0,"menu_order":0,"template":"","meta":{"_acf_changed":false,"footnotes":""},"class_list":["post-15756","wydarzenie","type-wydarzenie","status-publish","hentry"],"acf":[],"yoast_head":"<!-- This site is optimized with the Yoast SEO plugin v26.0 - https:\/\/yoast.com\/wordpress\/plugins\/seo\/ -->\n<title>Elvis Presley Birthday Tribute by Kuba K\u0119sy - Vertigo Jazz Club &amp; Restaurant<\/title>\n<meta name=\"description\" content=\"Kuba K\u0119sy powraca na scen\u0119 z wyj\u0105tkowym muzycznym ho\u0142dem dla Elvisa Presleya z okazji urodzin Kr\u00f3la Rock\u2019n\u2019Rolla.\" \/>\n<meta name=\"robots\" content=\"index, follow, max-snippet:-1, max-image-preview:large, max-video-preview:-1\" \/>\n<link rel=\"canonical\" href=\"https:\/\/vertigojazz.pl\/wydarzenia\/elvis-presley-birthday-tribute-by-kuba-kesy\/\" \/>\n<meta property=\"og:locale\" content=\"en_US\" \/>\n<meta property=\"og:type\" content=\"article\" \/>\n<meta property=\"og:title\" content=\"Elvis Presley Birthday Tribute by Kuba K\u0119sy - Vertigo Jazz Club &amp; Restaurant\" \/>\n<meta property=\"og:description\" content=\"Kuba K\u0119sy powraca na scen\u0119 z wyj\u0105tkowym muzycznym ho\u0142dem dla Elvisa Presleya z okazji urodzin Kr\u00f3la Rock\u2019n\u2019Rolla.\" \/>\n<meta property=\"og:url\" content=\"https:\/\/vertigojazz.pl\/wydarzenia\/elvis-presley-birthday-tribute-by-kuba-kesy\/\" \/>\n<meta property=\"og:site_name\" content=\"Vertigo Jazz Club &amp; Restaurant\" \/>\n<meta property=\"article:publisher\" content=\"https:\/\/www.facebook.com\/vertigojazzclub\" \/>\n<meta property=\"article:modified_time\" content=\"2025-12-18T10:33:14+00:00\" \/>\n<meta property=\"og:image\" content=\"https:\/\/vertigojazz.pl\/wp-content\/uploads\/2025\/08\/VertigoJazz-Logo_1080_1080.jpeg\" \/>\n\t<meta property=\"og:image:width\" content=\"768\" \/>\n\t<meta property=\"og:image:height\" content=\"768\" \/>\n\t<meta property=\"og:image:type\" content=\"image\/jpeg\" \/>\n<meta name=\"twitter:card\" content=\"summary_large_image\" \/>\n<meta name=\"twitter:label1\" content=\"Est. reading time\" \/>\n\t<meta name=\"twitter:data1\" content=\"2 minutes\" \/>\n<script type=\"application\/ld+json\" class=\"yoast-schema-graph\">{\"@context\":\"https:\/\/schema.org\",\"@graph\":[{\"@type\":\"WebPage\",\"@id\":\"https:\/\/vertigojazz.pl\/wydarzenia\/elvis-presley-birthday-tribute-by-kuba-kesy\/\",\"url\":\"https:\/\/vertigojazz.pl\/wydarzenia\/elvis-presley-birthday-tribute-by-kuba-kesy\/\",\"name\":\"Elvis Presley Birthday Tribute by Kuba K\u0119sy - Vertigo Jazz Club &amp; Restaurant\",\"isPartOf\":{\"@id\":\"https:\/\/vertigojazz.pl\/#website\"},\"datePublished\":\"2025-12-10T18:04:57+00:00\",\"dateModified\":\"2025-12-18T10:33:14+00:00\",\"description\":\"Kuba K\u0119sy powraca na scen\u0119 z wyj\u0105tkowym muzycznym ho\u0142dem dla Elvisa Presleya z okazji urodzin Kr\u00f3la Rock\u2019n\u2019Rolla.\",\"breadcrumb\":{\"@id\":\"https:\/\/vertigojazz.pl\/wydarzenia\/elvis-presley-birthday-tribute-by-kuba-kesy\/#breadcrumb\"},\"inLanguage\":\"en-US\",\"potentialAction\":[{\"@type\":\"ReadAction\",\"target\":[\"https:\/\/vertigojazz.pl\/wydarzenia\/elvis-presley-birthday-tribute-by-kuba-kesy\/\"]}]},{\"@type\":\"BreadcrumbList\",\"@id\":\"https:\/\/vertigojazz.pl\/wydarzenia\/elvis-presley-birthday-tribute-by-kuba-kesy\/#breadcrumb\",\"itemListElement\":[{\"@type\":\"ListItem\",\"position\":1,\"name\":\"Strona g\u0142\u00f3wna\",\"item\":\"https:\/\/vertigojazz.pl\/en\/\"},{\"@type\":\"ListItem\",\"position\":2,\"name\":\"Elvis Presley Birthday Tribute by Kuba K\u0119sy\"}]},{\"@type\":\"WebSite\",\"@id\":\"https:\/\/vertigojazz.pl\/#website\",\"url\":\"https:\/\/vertigojazz.pl\/\",\"name\":\"Vertigo Jazz Club & Restaurant\",\"description\":\"klub muzyczny we Wroc\u0142awiu\",\"publisher\":{\"@id\":\"https:\/\/vertigojazz.pl\/#organization\"},\"potentialAction\":[{\"@type\":\"SearchAction\",\"target\":{\"@type\":\"EntryPoint\",\"urlTemplate\":\"https:\/\/vertigojazz.pl\/?s={search_term_string}\"},\"query-input\":{\"@type\":\"PropertyValueSpecification\",\"valueRequired\":true,\"valueName\":\"search_term_string\"}}],\"inLanguage\":\"en-US\"},{\"@type\":\"Organization\",\"@id\":\"https:\/\/vertigojazz.pl\/#organization\",\"name\":\"Vertigo Jazz Club & Restaurant\",\"alternateName\":\"Klub muzyczny we Wroc\u0142awiu\",\"url\":\"https:\/\/vertigojazz.pl\/\",\"logo\":{\"@type\":\"ImageObject\",\"inLanguage\":\"en-US\",\"@id\":\"https:\/\/vertigojazz.pl\/#\/schema\/logo\/image\/\",\"url\":\"https:\/\/vertigojazz.pl\/wp-content\/uploads\/2025\/04\/cropped-vertigo_logo_biale-180x180-1.jpg\",\"contentUrl\":\"https:\/\/vertigojazz.pl\/wp-content\/uploads\/2025\/04\/cropped-vertigo_logo_biale-180x180-1.jpg\",\"width\":180,\"height\":180,\"caption\":\"Vertigo Jazz Club & Restaurant\"},\"image\":{\"@id\":\"https:\/\/vertigojazz.pl\/#\/schema\/logo\/image\/\"},\"sameAs\":[\"https:\/\/www.facebook.com\/vertigojazzclub\",\"https:\/\/www.instagram.com\/vertigo_jazz_club\/\",\"https:\/\/www.youtube.com\/channel\/UC8sPrX3Xuv7bfuhfr3XbqXg\",\"https:\/\/www.tiktok.com\/@vertigojazzclub\"]}]}<\/script>\n<!-- \/ Yoast SEO plugin. -->","yoast_head_json":{"title":"Elvis Presley Birthday Tribute by Kuba K\u0119sy - Vertigo Jazz Club &amp; Restaurant","description":"Kuba K\u0119sy powraca na scen\u0119 z wyj\u0105tkowym muzycznym ho\u0142dem dla Elvisa Presleya z okazji urodzin Kr\u00f3la Rock\u2019n\u2019Rolla.","robots":{"index":"index","follow":"follow","max-snippet":"max-snippet:-1","max-image-preview":"max-image-preview:large","max-video-preview":"max-video-preview:-1"},"canonical":"https:\/\/vertigojazz.pl\/wydarzenia\/elvis-presley-birthday-tribute-by-kuba-kesy\/","og_locale":"en_US","og_type":"article","og_title":"Elvis Presley Birthday Tribute by Kuba K\u0119sy - Vertigo Jazz Club &amp; Restaurant","og_description":"Kuba K\u0119sy powraca na scen\u0119 z wyj\u0105tkowym muzycznym ho\u0142dem dla Elvisa Presleya z okazji urodzin Kr\u00f3la Rock\u2019n\u2019Rolla.","og_url":"https:\/\/vertigojazz.pl\/wydarzenia\/elvis-presley-birthday-tribute-by-kuba-kesy\/","og_site_name":"Vertigo Jazz Club &amp; Restaurant","article_publisher":"https:\/\/www.facebook.com\/vertigojazzclub","article_modified_time":"2025-12-18T10:33:14+00:00","og_image":[{"width":768,"height":768,"url":"https:\/\/vertigojazz.pl\/wp-content\/uploads\/2025\/08\/VertigoJazz-Logo_1080_1080.jpeg","type":"image\/jpeg"}],"twitter_card":"summary_large_image","twitter_misc":{"Est. reading time":"2 minutes"},"schema":{"@context":"https:\/\/schema.org","@graph":[{"@type":"WebPage","@id":"https:\/\/vertigojazz.pl\/wydarzenia\/elvis-presley-birthday-tribute-by-kuba-kesy\/","url":"https:\/\/vertigojazz.pl\/wydarzenia\/elvis-presley-birthday-tribute-by-kuba-kesy\/","name":"Elvis Presley Birthday Tribute by Kuba K\u0119sy - Vertigo Jazz Club &amp; Restaurant","isPartOf":{"@id":"https:\/\/vertigojazz.pl\/#website"},"datePublished":"2025-12-10T18:04:57+00:00","dateModified":"2025-12-18T10:33:14+00:00","description":"Kuba K\u0119sy powraca na scen\u0119 z wyj\u0105tkowym muzycznym ho\u0142dem dla Elvisa Presleya z okazji urodzin Kr\u00f3la Rock\u2019n\u2019Rolla.","breadcrumb":{"@id":"https:\/\/vertigojazz.pl\/wydarzenia\/elvis-presley-birthday-tribute-by-kuba-kesy\/#breadcrumb"},"inLanguage":"en-US","potentialAction":[{"@type":"ReadAction","target":["https:\/\/vertigojazz.pl\/wydarzenia\/elvis-presley-birthday-tribute-by-kuba-kesy\/"]}]},{"@type":"BreadcrumbList","@id":"https:\/\/vertigojazz.pl\/wydarzenia\/elvis-presley-birthday-tribute-by-kuba-kesy\/#breadcrumb","itemListElement":[{"@type":"ListItem","position":1,"name":"Strona g\u0142\u00f3wna","item":"https:\/\/vertigojazz.pl\/en\/"},{"@type":"ListItem","position":2,"name":"Elvis Presley Birthday Tribute by Kuba K\u0119sy"}]},{"@type":"WebSite","@id":"https:\/\/vertigojazz.pl\/#website","url":"https:\/\/vertigojazz.pl\/","name":"Vertigo Jazz Club & Restaurant","description":"klub muzyczny we Wroc\u0142awiu","publisher":{"@id":"https:\/\/vertigojazz.pl\/#organization"},"potentialAction":[{"@type":"SearchAction","target":{"@type":"EntryPoint","urlTemplate":"https:\/\/vertigojazz.pl\/?s={search_term_string}"},"query-input":{"@type":"PropertyValueSpecification","valueRequired":true,"valueName":"search_term_string"}}],"inLanguage":"en-US"},{"@type":"Organization","@id":"https:\/\/vertigojazz.pl\/#organization","name":"Vertigo Jazz Club & Restaurant","alternateName":"Klub muzyczny we Wroc\u0142awiu","url":"https:\/\/vertigojazz.pl\/","logo":{"@type":"ImageObject","inLanguage":"en-US","@id":"https:\/\/vertigojazz.pl\/#\/schema\/logo\/image\/","url":"https:\/\/vertigojazz.pl\/wp-content\/uploads\/2025\/04\/cropped-vertigo_logo_biale-180x180-1.jpg","contentUrl":"https:\/\/vertigojazz.pl\/wp-content\/uploads\/2025\/04\/cropped-vertigo_logo_biale-180x180-1.jpg","width":180,"height":180,"caption":"Vertigo Jazz Club & Restaurant"},"image":{"@id":"https:\/\/vertigojazz.pl\/#\/schema\/logo\/image\/"},"sameAs":["https:\/\/www.facebook.com\/vertigojazzclub","https:\/\/www.instagram.com\/vertigo_jazz_club\/","https:\/\/www.youtube.com\/channel\/UC8sPrX3Xuv7bfuhfr3XbqXg","https:\/\/www.tiktok.com\/@vertigojazzclub"]}]}},"_links":{"self":[{"href":"https:\/\/vertigojazz.pl\/en\/wp-json\/wp\/v2\/wydarzenie\/15756","targetHints":{"allow":["GET"]}}],"collection":[{"href":"https:\/\/vertigojazz.pl\/en\/wp-json\/wp\/v2\/wydarzenie"}],"about":[{"href":"https:\/\/vertigojazz.pl\/en\/wp-json\/wp\/v2\/types\/wydarzenie"}],"author":[{"embeddable":true,"href":"https:\/\/vertigojazz.pl\/en\/wp-json\/wp\/v2\/users\/13"}],"version-history":[{"count":1,"href":"https:\/\/vertigojazz.pl\/en\/wp-json\/wp\/v2\/wydarzenie\/15756\/revisions"}],"predecessor-version":[{"id":16863,"href":"https:\/\/vertigojazz.pl\/en\/wp-json\/wp\/v2\/wydarzenie\/15756\/revisions\/16863"}],"wp:attachment":[{"href":"https:\/\/vertigojazz.pl\/en\/wp-json\/wp\/v2\/media?parent=15756"}],"curies":[{"name":"wp","href":"https:\/\/api.w.org\/{rel}","templated":true}]}}