{"id":15763,"date":"2025-12-10T20:15:05","date_gmt":"2025-12-10T19:15:05","guid":{"rendered":"https:\/\/vertigojazz.pl\/wydarzenia\/j-j-trio-sylwia-rupin\/"},"modified":"2025-12-18T11:57:03","modified_gmt":"2025-12-18T10:57:03","slug":"j-j-trio-sylwia-rupin","status":"publish","type":"wydarzenie","link":"https:\/\/vertigojazz.pl\/en\/wydarzenia\/j-j-trio-sylwia-rupin\/","title":{"rendered":"J.J. Trio &amp; Sylwia Rubin"},"content":{"rendered":"<p>*Scroll down to English version*<\/p>\n<h1>\u200bEsencja bluesa na \u017cywo<\/h1>\n<p>Wiecz\u00f3r z J.J. Trio i Sylwi\u0105 Rubin w Vertigo to spotkanie z prawdziw\u0105 esencj\u0105 bluesa. Zesp\u00f3\u0142 zabierze publiczno\u015b\u0107 w podr\u00f3\u017c pe\u0142n\u0105 emocji, improwizacji i szczerych d\u017awi\u0119k\u00f3w, w kt\u00f3rych s\u0142ycha\u0107 zar\u00f3wno klasyczne inspiracje, jak i \u015bwie\u017ce, wsp\u00f3\u0142czesne brzmienia.<\/p>\n<h2>G\u0142os, pasja i muzyczna wolno\u015b\u0107<\/h2>\n<p>Charyzmatyczna Sylwia Rubin, obdarzona mocnym i ekspresyjnym g\u0142osem, wniesie do wieczoru wyj\u0105tkow\u0105 energi\u0119 i kobiec\u0105 wra\u017cliwo\u015b\u0107. Wraz z J.J. Trio stworzy atmosfer\u0119 pe\u0142n\u0105 pasji, rytmu i muzycznej wolno\u015bci. To b\u0119dzie wiecz\u00f3r, w kt\u00f3rym blues zabrzmi z pe\u0142n\u0105 si\u0142\u0105 &#8211; prawdziwie, g\u0142\u0119boko i bez kompromis\u00f3w.<\/p>\n<p><b>REGULAMIN: Lokal po godzinie 19:00 przeznaczony jest dla os\u00f3b powy\u017cej 18 roku \u017cycia. Osoby niepe\u0142noletnie nie zostan\u0105 wpuszczone na wydarzenia organizowane przez Vertigo Jazz Club &amp; Restaurant<\/b><\/p>\n<p>*English version*<\/p>\n<p><b>The Essence of Live Blues<\/b><br \/>\nAn evening with J.J. Trio and Sylwia Rubin\u00a0 at Vertigo is an encounter with the true essence of blues. The band will take the audience on a journey full of emotion, improvisation, and sincere sounds, featuring both classic inspirations and fresh, contemporary tones.<\/p>\n<p><b>Voice, Passion, and Musical Freedom<\/b><br \/>\nThe charismatic Sylwia Rubin, endowed with a strong and expressive voice, will bring unique energy and feminine sensitivity to the evening. Together with J.J. Trio, she will create an atmosphere full of passion, rhythm, and musical freedom. This will be an evening where the blues resonates with full power\u2014truly, deeply, and uncompromisingly.<\/p>\n","protected":false},"excerpt":{"rendered":"<p>*Scroll down to English version* \u200bEsencja bluesa na \u017cywo Wiecz\u00f3r z J.J. Trio i Sylwi\u0105 Rubin w Vertigo to spotkanie z prawdziw\u0105 esencj\u0105 bluesa. Zesp\u00f3\u0142 zabierze publiczno\u015b\u0107 w podr\u00f3\u017c pe\u0142n\u0105 emocji, improwizacji i szczerych d\u017awi\u0119k\u00f3w, w kt\u00f3rych s\u0142ycha\u0107 zar\u00f3wno klasyczne inspiracje, jak i \u015bwie\u017ce, wsp\u00f3\u0142czesne brzmienia. G\u0142os, pasja i muzyczna wolno\u015b\u0107 Charyzmatyczna Sylwia Rubin, obdarzona [&hellip;]<\/p>\n","protected":false},"author":13,"featured_media":0,"parent":0,"menu_order":0,"template":"","meta":{"_acf_changed":false,"footnotes":""},"class_list":["post-15763","wydarzenie","type-wydarzenie","status-publish","hentry"],"acf":[],"yoast_head":"<!-- This site is optimized with the Yoast SEO plugin v26.0 - https:\/\/yoast.com\/wordpress\/plugins\/seo\/ -->\n<title>J.J. Trio &amp; Sylwia Rubin - Vertigo Jazz Club &amp; Restaurant<\/title>\n<meta name=\"description\" content=\"Zesp\u00f3\u0142 zabierze publiczno\u015b\u0107 w podr\u00f3\u017c pe\u0142n\u0105 emocji, improwizacji i szczerych d\u017awi\u0119k\u00f3w, w kt\u00f3rych s\u0142ycha\u0107 zar\u00f3wno klasyczne inspiracje, jak i \u015bwie\u017ce, wsp\u00f3\u0142czesne brzmienia.\" \/>\n<meta name=\"robots\" content=\"index, follow, max-snippet:-1, max-image-preview:large, max-video-preview:-1\" \/>\n<link rel=\"canonical\" href=\"https:\/\/vertigojazz.pl\/wydarzenia\/j-j-trio-sylwia-rupin\/\" \/>\n<meta property=\"og:locale\" content=\"en_US\" \/>\n<meta property=\"og:type\" content=\"article\" \/>\n<meta property=\"og:title\" content=\"J.J. Trio &amp; Sylwia Rubin - Vertigo Jazz Club &amp; Restaurant\" \/>\n<meta property=\"og:description\" content=\"Zesp\u00f3\u0142 zabierze publiczno\u015b\u0107 w podr\u00f3\u017c pe\u0142n\u0105 emocji, improwizacji i szczerych d\u017awi\u0119k\u00f3w, w kt\u00f3rych s\u0142ycha\u0107 zar\u00f3wno klasyczne inspiracje, jak i \u015bwie\u017ce, wsp\u00f3\u0142czesne brzmienia.\" \/>\n<meta property=\"og:url\" content=\"https:\/\/vertigojazz.pl\/wydarzenia\/j-j-trio-sylwia-rupin\/\" \/>\n<meta property=\"og:site_name\" content=\"Vertigo Jazz Club &amp; Restaurant\" \/>\n<meta property=\"article:publisher\" content=\"https:\/\/www.facebook.com\/vertigojazzclub\" \/>\n<meta property=\"article:modified_time\" content=\"2025-12-18T10:57:03+00:00\" \/>\n<meta property=\"og:image\" content=\"https:\/\/vertigojazz.pl\/wp-content\/uploads\/2025\/08\/VertigoJazz-Logo_1080_1080.jpeg\" \/>\n\t<meta property=\"og:image:width\" content=\"768\" \/>\n\t<meta property=\"og:image:height\" content=\"768\" \/>\n\t<meta property=\"og:image:type\" content=\"image\/jpeg\" \/>\n<meta name=\"twitter:card\" content=\"summary_large_image\" \/>\n<meta name=\"twitter:label1\" content=\"Est. reading time\" \/>\n\t<meta name=\"twitter:data1\" content=\"2 minutes\" \/>\n<script type=\"application\/ld+json\" class=\"yoast-schema-graph\">{\"@context\":\"https:\/\/schema.org\",\"@graph\":[{\"@type\":\"WebPage\",\"@id\":\"https:\/\/vertigojazz.pl\/wydarzenia\/j-j-trio-sylwia-rupin\/\",\"url\":\"https:\/\/vertigojazz.pl\/wydarzenia\/j-j-trio-sylwia-rupin\/\",\"name\":\"J.J. Trio &amp; Sylwia Rubin - Vertigo Jazz Club &amp; Restaurant\",\"isPartOf\":{\"@id\":\"https:\/\/vertigojazz.pl\/#website\"},\"datePublished\":\"2025-12-10T19:15:05+00:00\",\"dateModified\":\"2025-12-18T10:57:03+00:00\",\"description\":\"Zesp\u00f3\u0142 zabierze publiczno\u015b\u0107 w podr\u00f3\u017c pe\u0142n\u0105 emocji, improwizacji i szczerych d\u017awi\u0119k\u00f3w, w kt\u00f3rych s\u0142ycha\u0107 zar\u00f3wno klasyczne inspiracje, jak i \u015bwie\u017ce, wsp\u00f3\u0142czesne brzmienia.\",\"breadcrumb\":{\"@id\":\"https:\/\/vertigojazz.pl\/wydarzenia\/j-j-trio-sylwia-rupin\/#breadcrumb\"},\"inLanguage\":\"en-US\",\"potentialAction\":[{\"@type\":\"ReadAction\",\"target\":[\"https:\/\/vertigojazz.pl\/wydarzenia\/j-j-trio-sylwia-rupin\/\"]}]},{\"@type\":\"BreadcrumbList\",\"@id\":\"https:\/\/vertigojazz.pl\/wydarzenia\/j-j-trio-sylwia-rupin\/#breadcrumb\",\"itemListElement\":[{\"@type\":\"ListItem\",\"position\":1,\"name\":\"Strona g\u0142\u00f3wna\",\"item\":\"https:\/\/vertigojazz.pl\/en\/\"},{\"@type\":\"ListItem\",\"position\":2,\"name\":\"J.J. Trio &amp; Sylwia Rubin\"}]},{\"@type\":\"WebSite\",\"@id\":\"https:\/\/vertigojazz.pl\/#website\",\"url\":\"https:\/\/vertigojazz.pl\/\",\"name\":\"Vertigo Jazz Club & Restaurant\",\"description\":\"klub muzyczny we Wroc\u0142awiu\",\"publisher\":{\"@id\":\"https:\/\/vertigojazz.pl\/#organization\"},\"potentialAction\":[{\"@type\":\"SearchAction\",\"target\":{\"@type\":\"EntryPoint\",\"urlTemplate\":\"https:\/\/vertigojazz.pl\/?s={search_term_string}\"},\"query-input\":{\"@type\":\"PropertyValueSpecification\",\"valueRequired\":true,\"valueName\":\"search_term_string\"}}],\"inLanguage\":\"en-US\"},{\"@type\":\"Organization\",\"@id\":\"https:\/\/vertigojazz.pl\/#organization\",\"name\":\"Vertigo Jazz Club & Restaurant\",\"alternateName\":\"Klub muzyczny we Wroc\u0142awiu\",\"url\":\"https:\/\/vertigojazz.pl\/\",\"logo\":{\"@type\":\"ImageObject\",\"inLanguage\":\"en-US\",\"@id\":\"https:\/\/vertigojazz.pl\/#\/schema\/logo\/image\/\",\"url\":\"https:\/\/vertigojazz.pl\/wp-content\/uploads\/2025\/04\/cropped-vertigo_logo_biale-180x180-1.jpg\",\"contentUrl\":\"https:\/\/vertigojazz.pl\/wp-content\/uploads\/2025\/04\/cropped-vertigo_logo_biale-180x180-1.jpg\",\"width\":180,\"height\":180,\"caption\":\"Vertigo Jazz Club & Restaurant\"},\"image\":{\"@id\":\"https:\/\/vertigojazz.pl\/#\/schema\/logo\/image\/\"},\"sameAs\":[\"https:\/\/www.facebook.com\/vertigojazzclub\",\"https:\/\/www.instagram.com\/vertigo_jazz_club\/\",\"https:\/\/www.youtube.com\/channel\/UC8sPrX3Xuv7bfuhfr3XbqXg\",\"https:\/\/www.tiktok.com\/@vertigojazzclub\"]}]}<\/script>\n<!-- \/ Yoast SEO plugin. -->","yoast_head_json":{"title":"J.J. Trio &amp; Sylwia Rubin - Vertigo Jazz Club &amp; Restaurant","description":"Zesp\u00f3\u0142 zabierze publiczno\u015b\u0107 w podr\u00f3\u017c pe\u0142n\u0105 emocji, improwizacji i szczerych d\u017awi\u0119k\u00f3w, w kt\u00f3rych s\u0142ycha\u0107 zar\u00f3wno klasyczne inspiracje, jak i \u015bwie\u017ce, wsp\u00f3\u0142czesne brzmienia.","robots":{"index":"index","follow":"follow","max-snippet":"max-snippet:-1","max-image-preview":"max-image-preview:large","max-video-preview":"max-video-preview:-1"},"canonical":"https:\/\/vertigojazz.pl\/wydarzenia\/j-j-trio-sylwia-rupin\/","og_locale":"en_US","og_type":"article","og_title":"J.J. Trio &amp; Sylwia Rubin - Vertigo Jazz Club &amp; Restaurant","og_description":"Zesp\u00f3\u0142 zabierze publiczno\u015b\u0107 w podr\u00f3\u017c pe\u0142n\u0105 emocji, improwizacji i szczerych d\u017awi\u0119k\u00f3w, w kt\u00f3rych s\u0142ycha\u0107 zar\u00f3wno klasyczne inspiracje, jak i \u015bwie\u017ce, wsp\u00f3\u0142czesne brzmienia.","og_url":"https:\/\/vertigojazz.pl\/wydarzenia\/j-j-trio-sylwia-rupin\/","og_site_name":"Vertigo Jazz Club &amp; Restaurant","article_publisher":"https:\/\/www.facebook.com\/vertigojazzclub","article_modified_time":"2025-12-18T10:57:03+00:00","og_image":[{"width":768,"height":768,"url":"https:\/\/vertigojazz.pl\/wp-content\/uploads\/2025\/08\/VertigoJazz-Logo_1080_1080.jpeg","type":"image\/jpeg"}],"twitter_card":"summary_large_image","twitter_misc":{"Est. reading time":"2 minutes"},"schema":{"@context":"https:\/\/schema.org","@graph":[{"@type":"WebPage","@id":"https:\/\/vertigojazz.pl\/wydarzenia\/j-j-trio-sylwia-rupin\/","url":"https:\/\/vertigojazz.pl\/wydarzenia\/j-j-trio-sylwia-rupin\/","name":"J.J. Trio &amp; Sylwia Rubin - Vertigo Jazz Club &amp; Restaurant","isPartOf":{"@id":"https:\/\/vertigojazz.pl\/#website"},"datePublished":"2025-12-10T19:15:05+00:00","dateModified":"2025-12-18T10:57:03+00:00","description":"Zesp\u00f3\u0142 zabierze publiczno\u015b\u0107 w podr\u00f3\u017c pe\u0142n\u0105 emocji, improwizacji i szczerych d\u017awi\u0119k\u00f3w, w kt\u00f3rych s\u0142ycha\u0107 zar\u00f3wno klasyczne inspiracje, jak i \u015bwie\u017ce, wsp\u00f3\u0142czesne brzmienia.","breadcrumb":{"@id":"https:\/\/vertigojazz.pl\/wydarzenia\/j-j-trio-sylwia-rupin\/#breadcrumb"},"inLanguage":"en-US","potentialAction":[{"@type":"ReadAction","target":["https:\/\/vertigojazz.pl\/wydarzenia\/j-j-trio-sylwia-rupin\/"]}]},{"@type":"BreadcrumbList","@id":"https:\/\/vertigojazz.pl\/wydarzenia\/j-j-trio-sylwia-rupin\/#breadcrumb","itemListElement":[{"@type":"ListItem","position":1,"name":"Strona g\u0142\u00f3wna","item":"https:\/\/vertigojazz.pl\/en\/"},{"@type":"ListItem","position":2,"name":"J.J. Trio &amp; Sylwia Rubin"}]},{"@type":"WebSite","@id":"https:\/\/vertigojazz.pl\/#website","url":"https:\/\/vertigojazz.pl\/","name":"Vertigo Jazz Club & Restaurant","description":"klub muzyczny we Wroc\u0142awiu","publisher":{"@id":"https:\/\/vertigojazz.pl\/#organization"},"potentialAction":[{"@type":"SearchAction","target":{"@type":"EntryPoint","urlTemplate":"https:\/\/vertigojazz.pl\/?s={search_term_string}"},"query-input":{"@type":"PropertyValueSpecification","valueRequired":true,"valueName":"search_term_string"}}],"inLanguage":"en-US"},{"@type":"Organization","@id":"https:\/\/vertigojazz.pl\/#organization","name":"Vertigo Jazz Club & Restaurant","alternateName":"Klub muzyczny we Wroc\u0142awiu","url":"https:\/\/vertigojazz.pl\/","logo":{"@type":"ImageObject","inLanguage":"en-US","@id":"https:\/\/vertigojazz.pl\/#\/schema\/logo\/image\/","url":"https:\/\/vertigojazz.pl\/wp-content\/uploads\/2025\/04\/cropped-vertigo_logo_biale-180x180-1.jpg","contentUrl":"https:\/\/vertigojazz.pl\/wp-content\/uploads\/2025\/04\/cropped-vertigo_logo_biale-180x180-1.jpg","width":180,"height":180,"caption":"Vertigo Jazz Club & Restaurant"},"image":{"@id":"https:\/\/vertigojazz.pl\/#\/schema\/logo\/image\/"},"sameAs":["https:\/\/www.facebook.com\/vertigojazzclub","https:\/\/www.instagram.com\/vertigo_jazz_club\/","https:\/\/www.youtube.com\/channel\/UC8sPrX3Xuv7bfuhfr3XbqXg","https:\/\/www.tiktok.com\/@vertigojazzclub"]}]}},"_links":{"self":[{"href":"https:\/\/vertigojazz.pl\/en\/wp-json\/wp\/v2\/wydarzenie\/15763","targetHints":{"allow":["GET"]}}],"collection":[{"href":"https:\/\/vertigojazz.pl\/en\/wp-json\/wp\/v2\/wydarzenie"}],"about":[{"href":"https:\/\/vertigojazz.pl\/en\/wp-json\/wp\/v2\/types\/wydarzenie"}],"author":[{"embeddable":true,"href":"https:\/\/vertigojazz.pl\/en\/wp-json\/wp\/v2\/users\/13"}],"version-history":[{"count":1,"href":"https:\/\/vertigojazz.pl\/en\/wp-json\/wp\/v2\/wydarzenie\/15763\/revisions"}],"predecessor-version":[{"id":15841,"href":"https:\/\/vertigojazz.pl\/en\/wp-json\/wp\/v2\/wydarzenie\/15763\/revisions\/15841"}],"wp:attachment":[{"href":"https:\/\/vertigojazz.pl\/en\/wp-json\/wp\/v2\/media?parent=15763"}],"curies":[{"name":"wp","href":"https:\/\/api.w.org\/{rel}","templated":true}]}}