{"id":19229,"date":"2026-03-04T19:55:02","date_gmt":"2026-03-04T18:55:02","guid":{"rendered":"https:\/\/vertigojazz.pl\/wydarzenia\/historia-muzyki-cz-11-pop-sztuka-na-miejscu\/"},"modified":"2026-03-04T19:55:02","modified_gmt":"2026-03-04T18:55:02","slug":"historia-muzyki-cz-11-pop-sztuka-na-miejscu","status":"publish","type":"wydarzenie","link":"https:\/\/vertigojazz.pl\/en\/wydarzenia\/historia-muzyki-cz-11-pop-sztuka-na-miejscu\/","title":{"rendered":"HISTORIA MUZYKI CZ. 11 POP | Sztuka Na Miejscu"},"content":{"rendered":"<p>Historia Muzyki. Pop. Spektakularne sukcesy i ciemne sekrety najwi\u0119kszych gwiazd muzyki popularnej.<\/p>\n\n<p>Dlaczego s\u0142owo \u201epop\u201d kojarzy nam si\u0119 negatywnie?<\/p>\n<p>Ile lat mia\u0142 Michael Jackson, gdy pierwszy raz zosta\u0142 nominowany do Oscara?<\/p>\n<p>Gdzie Michael Jackson pierwszy raz pokaza\u0142 moonwalk?<\/p>\n<p>Czy Michael Jackson by\u0142 czarnosk\u00f3ry, czy bia\u0142osk\u00f3ry?<\/p>\n<p>Czy Michael Jackson i Prince kiedykolwiek stan\u0119li razem na scenie?<\/p>\n<p>Czy to wyk\u0142ad tylko o Michaelu Jacksonie? (Answer is: nope)<\/p>\n<p>Jak to si\u0119 sta\u0142o, \u017ce matk\u0105 chrzestn\u0105 Whitney Houston by\u0142a Aretha Franklin?<\/p>\n<p>Czy to prawda, \u017ce Madonna, kr\u00f3lowa pop, by\u0142a wcze\u015bniej punk\u2019\u00f3w\u0105?<\/p>\n\n<p>Odpowiedzi na te i wiele innych pyta\u0144 znajdziecie na wyk\u0142adzie Marcina Szustera \u201ePop. Spektakularne sukcesy i ciemne sekrety najwi\u0119kszych gwiazd muzyki popularnej.\u201d z cyklu \u201eHistoria Muzyki\u201d.<\/p>\n\n<p> Podane w przyst\u0119pnej formie wyk\u0142ady s\u0105 zbiorem opowiada\u0144 o bohaterach ka\u017cdej muzycznej epoki na przestrzeni ostatnich 100 lat. Uzupe\u0142nione o materia\u0142y filmowe i utwory z p\u0142yt winylowych, tworz\u0105 jedyn\u0105 w swoim rodzaju podr\u00f3\u017c przez histori\u0119 muzyki XX wieku.<\/p>\n<p>\u201eHistoria Muzyki\u201d to cykl 16 wyk\u0142ad\u00f3w, kt\u00f3re b\u0119d\u0105 odbywa\u0107 si\u0119 regularnie, co dwa tygodnie we wroc\u0142awskiej Sztuce Na Miejscu przy ulicy \u0141aciarskiej 4.<\/p>\n<p> W programie znajduj\u0105 si\u0119 kolejno: \u201eRhythm and blues\u201d, \u201eSoul\u201d, \u201eFunk &amp; Disco\u201d, \u201eHip-hop\u201d, \u201eRock and roll\u201d, \u201eBrytyjska Inwazja\u201d, \u201eRock Ameryka\u0144ski\u201d, \u201ePunk Rock\u201d, \u201eRapcore, Grunge &amp; Nu-Metal\u201d, \u201ePop\u201d, \u201eMuzyka elektroniczna\u201d, \u201eDetroit Techno &amp; Chicago House\u201d, \u201eHip-hop pt.2: West Coast&#034;, \u201eProducenci Muzyczni\u201d, \u201eMuzyka Polska\u201d.<\/p>\n\n<p><b>Prowadzi: Marcin Szuster (Historia Muzyki)<\/b><\/p>\n<p><b>Data: 19.03.2026<\/b><\/p>\n<p><b>Start: 19:00<\/b><\/p>\n<p><b>Czas trwania: 2h (&#043;10 minut przerwy w po\u0142owie)<\/b><\/p>\n<p><b>Wst\u0119p: 30z\u0142<\/b><\/p>\n\n\n<p> Marcin Szuster<\/p>\n<p>(Historia Muzyki \/ WaxEaters \/ Szko\u0142a Muzyki Nowoczesnej)<\/p>\n<p>Dziennikarz muzyczny, crate-digger, producent muzyczny, beatmaker, kolekcjoner p\u0142yt winylowych, nauczyciel i pasjonat historii muzyki. Zafascynowany zjawiskiem coveringu i samplingu w muzyce. Prowadzi \u201eHistori\u0119 Muzyki\u201d, internetowego vloga na YouTube i podcast o najwa\u017cniejszych postaciach, zespo\u0142ach, wydarzeniach i albumach XX wieku. Swoje wyk\u0142ady na temat niemal ka\u017cdego wsp\u00f3\u0142czesnego gatunku muzycznego wyg\u0142asza w ca\u0142ej Polsce. Wsp\u00f3\u0142tworzy duet producencki WaxEaters, kt\u00f3rego produkcje mo\u017cna znale\u017a\u0107 na albumach takich artyst\u00f3w, jak Rover, Bonson czy WCK. Prowadzi\u0142 r\u00f3wnie\u017c warsztaty z samplingu w produkcji muzycznej na Festiwalu TAURON Nowa Muzyka w 2017 i Seazone Music and Conference 2017. Pracuje w Dziale Marketingu Szko\u0142y Muzyki Nowoczesnej we Wroc\u0142awiu, w kt\u00f3rej r\u00f3wnie\u017c prowadzi przedmiot Historia Muzyki.<\/p>\n","protected":false},"excerpt":{"rendered":"<p>Historia Muzyki. Pop. Spektakularne sukcesy i ciemne sekrety najwi\u0119kszych gwiazd muzyki popularnej. Dlaczego s\u0142owo \u201epop\u201d kojarzy nam si\u0119 negatywnie? Ile lat mia\u0142 Michael Jackson, gdy pierwszy raz zosta\u0142 nominowany do Oscara? Gdzie Michael Jackson pierwszy raz pokaza\u0142 moonwalk? Czy Michael Jackson by\u0142 czarnosk\u00f3ry, czy bia\u0142osk\u00f3ry? Czy Michael Jackson i Prince kiedykolwiek stan\u0119li razem na scenie? [&hellip;]<\/p>\n","protected":false},"author":0,"featured_media":0,"parent":0,"menu_order":0,"template":"","meta":{"_acf_changed":false,"footnotes":""},"class_list":["post-19229","wydarzenie","type-wydarzenie","status-publish","hentry"],"acf":[],"yoast_head":"<!-- This site is optimized with the Yoast SEO plugin v26.0 - https:\/\/yoast.com\/wordpress\/plugins\/seo\/ -->\n<title>HISTORIA MUZYKI CZ. 11 POP | Sztuka Na Miejscu - Vertigo Jazz Club &amp; Restaurant<\/title>\n<meta name=\"description\" content=\"W Vertigo kierujemy si\u0119 tym, co w muzyce i kulturze najistotniejsze \u2013 szczero\u015bci\u0105 wyrazu, emocjami i klimatem, kt\u00f3ry zapada w pami\u0119\u0107.\" \/>\n<meta name=\"robots\" content=\"index, follow, max-snippet:-1, max-image-preview:large, max-video-preview:-1\" \/>\n<link rel=\"canonical\" href=\"https:\/\/vertigojazz.pl\/wydarzenia\/historia-muzyki-cz-11-pop-sztuka-na-miejscu\/\" \/>\n<meta property=\"og:locale\" content=\"en_US\" \/>\n<meta property=\"og:type\" content=\"article\" \/>\n<meta property=\"og:title\" content=\"HISTORIA MUZYKI CZ. 11 POP | Sztuka Na Miejscu - Vertigo Jazz Club &amp; Restaurant\" \/>\n<meta property=\"og:description\" content=\"W Vertigo kierujemy si\u0119 tym, co w muzyce i kulturze najistotniejsze \u2013 szczero\u015bci\u0105 wyrazu, emocjami i klimatem, kt\u00f3ry zapada w pami\u0119\u0107.\" \/>\n<meta property=\"og:url\" content=\"https:\/\/vertigojazz.pl\/wydarzenia\/historia-muzyki-cz-11-pop-sztuka-na-miejscu\/\" \/>\n<meta property=\"og:site_name\" content=\"Vertigo Jazz Club &amp; Restaurant\" \/>\n<meta property=\"article:publisher\" content=\"https:\/\/www.facebook.com\/vertigojazzclub\" \/>\n<meta property=\"og:image\" content=\"https:\/\/vertigojazz.pl\/wp-content\/uploads\/2025\/08\/VertigoJazz-Logo_1080_1080.jpeg\" \/>\n\t<meta property=\"og:image:width\" content=\"768\" \/>\n\t<meta property=\"og:image:height\" content=\"768\" \/>\n\t<meta property=\"og:image:type\" content=\"image\/jpeg\" \/>\n<meta name=\"twitter:card\" content=\"summary_large_image\" \/>\n<meta name=\"twitter:label1\" content=\"Est. reading time\" \/>\n\t<meta name=\"twitter:data1\" content=\"2 minutes\" \/>\n<script type=\"application\/ld+json\" class=\"yoast-schema-graph\">{\"@context\":\"https:\/\/schema.org\",\"@graph\":[{\"@type\":\"WebPage\",\"@id\":\"https:\/\/vertigojazz.pl\/wydarzenia\/historia-muzyki-cz-11-pop-sztuka-na-miejscu\/\",\"url\":\"https:\/\/vertigojazz.pl\/wydarzenia\/historia-muzyki-cz-11-pop-sztuka-na-miejscu\/\",\"name\":\"HISTORIA MUZYKI CZ. 11 POP | Sztuka Na Miejscu - Vertigo Jazz Club &amp; Restaurant\",\"isPartOf\":{\"@id\":\"https:\/\/vertigojazz.pl\/#website\"},\"datePublished\":\"2026-03-04T18:55:02+00:00\",\"description\":\"W Vertigo kierujemy si\u0119 tym, co w muzyce i kulturze najistotniejsze \u2013 szczero\u015bci\u0105 wyrazu, emocjami i klimatem, kt\u00f3ry zapada w pami\u0119\u0107.\",\"breadcrumb\":{\"@id\":\"https:\/\/vertigojazz.pl\/wydarzenia\/historia-muzyki-cz-11-pop-sztuka-na-miejscu\/#breadcrumb\"},\"inLanguage\":\"en-US\",\"potentialAction\":[{\"@type\":\"ReadAction\",\"target\":[\"https:\/\/vertigojazz.pl\/wydarzenia\/historia-muzyki-cz-11-pop-sztuka-na-miejscu\/\"]}]},{\"@type\":\"BreadcrumbList\",\"@id\":\"https:\/\/vertigojazz.pl\/wydarzenia\/historia-muzyki-cz-11-pop-sztuka-na-miejscu\/#breadcrumb\",\"itemListElement\":[{\"@type\":\"ListItem\",\"position\":1,\"name\":\"Strona g\u0142\u00f3wna\",\"item\":\"https:\/\/vertigojazz.pl\/en\/\"},{\"@type\":\"ListItem\",\"position\":2,\"name\":\"HISTORIA MUZYKI CZ. 11 POP | Sztuka Na Miejscu\"}]},{\"@type\":\"WebSite\",\"@id\":\"https:\/\/vertigojazz.pl\/#website\",\"url\":\"https:\/\/vertigojazz.pl\/\",\"name\":\"Vertigo Jazz Club & Restaurant\",\"description\":\"klub muzyczny we Wroc\u0142awiu\",\"publisher\":{\"@id\":\"https:\/\/vertigojazz.pl\/#organization\"},\"potentialAction\":[{\"@type\":\"SearchAction\",\"target\":{\"@type\":\"EntryPoint\",\"urlTemplate\":\"https:\/\/vertigojazz.pl\/?s={search_term_string}\"},\"query-input\":{\"@type\":\"PropertyValueSpecification\",\"valueRequired\":true,\"valueName\":\"search_term_string\"}}],\"inLanguage\":\"en-US\"},{\"@type\":\"Organization\",\"@id\":\"https:\/\/vertigojazz.pl\/#organization\",\"name\":\"Vertigo Jazz Club & Restaurant\",\"alternateName\":\"Klub muzyczny we Wroc\u0142awiu\",\"url\":\"https:\/\/vertigojazz.pl\/\",\"logo\":{\"@type\":\"ImageObject\",\"inLanguage\":\"en-US\",\"@id\":\"https:\/\/vertigojazz.pl\/#\/schema\/logo\/image\/\",\"url\":\"https:\/\/vertigojazz.pl\/wp-content\/uploads\/2025\/04\/cropped-vertigo_logo_biale-180x180-1.jpg\",\"contentUrl\":\"https:\/\/vertigojazz.pl\/wp-content\/uploads\/2025\/04\/cropped-vertigo_logo_biale-180x180-1.jpg\",\"width\":180,\"height\":180,\"caption\":\"Vertigo Jazz Club & Restaurant\"},\"image\":{\"@id\":\"https:\/\/vertigojazz.pl\/#\/schema\/logo\/image\/\"},\"sameAs\":[\"https:\/\/www.facebook.com\/vertigojazzclub\",\"https:\/\/www.instagram.com\/vertigo_jazz_club\/\",\"https:\/\/www.youtube.com\/channel\/UC8sPrX3Xuv7bfuhfr3XbqXg\",\"https:\/\/www.tiktok.com\/@vertigojazzclub\"]}]}<\/script>\n<!-- \/ Yoast SEO plugin. -->","yoast_head_json":{"title":"HISTORIA MUZYKI CZ. 11 POP | Sztuka Na Miejscu - Vertigo Jazz Club &amp; Restaurant","description":"W Vertigo kierujemy si\u0119 tym, co w muzyce i kulturze najistotniejsze \u2013 szczero\u015bci\u0105 wyrazu, emocjami i klimatem, kt\u00f3ry zapada w pami\u0119\u0107.","robots":{"index":"index","follow":"follow","max-snippet":"max-snippet:-1","max-image-preview":"max-image-preview:large","max-video-preview":"max-video-preview:-1"},"canonical":"https:\/\/vertigojazz.pl\/wydarzenia\/historia-muzyki-cz-11-pop-sztuka-na-miejscu\/","og_locale":"en_US","og_type":"article","og_title":"HISTORIA MUZYKI CZ. 11 POP | Sztuka Na Miejscu - Vertigo Jazz Club &amp; Restaurant","og_description":"W Vertigo kierujemy si\u0119 tym, co w muzyce i kulturze najistotniejsze \u2013 szczero\u015bci\u0105 wyrazu, emocjami i klimatem, kt\u00f3ry zapada w pami\u0119\u0107.","og_url":"https:\/\/vertigojazz.pl\/wydarzenia\/historia-muzyki-cz-11-pop-sztuka-na-miejscu\/","og_site_name":"Vertigo Jazz Club &amp; Restaurant","article_publisher":"https:\/\/www.facebook.com\/vertigojazzclub","og_image":[{"width":768,"height":768,"url":"https:\/\/vertigojazz.pl\/wp-content\/uploads\/2025\/08\/VertigoJazz-Logo_1080_1080.jpeg","type":"image\/jpeg"}],"twitter_card":"summary_large_image","twitter_misc":{"Est. reading time":"2 minutes"},"schema":{"@context":"https:\/\/schema.org","@graph":[{"@type":"WebPage","@id":"https:\/\/vertigojazz.pl\/wydarzenia\/historia-muzyki-cz-11-pop-sztuka-na-miejscu\/","url":"https:\/\/vertigojazz.pl\/wydarzenia\/historia-muzyki-cz-11-pop-sztuka-na-miejscu\/","name":"HISTORIA MUZYKI CZ. 11 POP | Sztuka Na Miejscu - Vertigo Jazz Club &amp; Restaurant","isPartOf":{"@id":"https:\/\/vertigojazz.pl\/#website"},"datePublished":"2026-03-04T18:55:02+00:00","description":"W Vertigo kierujemy si\u0119 tym, co w muzyce i kulturze najistotniejsze \u2013 szczero\u015bci\u0105 wyrazu, emocjami i klimatem, kt\u00f3ry zapada w pami\u0119\u0107.","breadcrumb":{"@id":"https:\/\/vertigojazz.pl\/wydarzenia\/historia-muzyki-cz-11-pop-sztuka-na-miejscu\/#breadcrumb"},"inLanguage":"en-US","potentialAction":[{"@type":"ReadAction","target":["https:\/\/vertigojazz.pl\/wydarzenia\/historia-muzyki-cz-11-pop-sztuka-na-miejscu\/"]}]},{"@type":"BreadcrumbList","@id":"https:\/\/vertigojazz.pl\/wydarzenia\/historia-muzyki-cz-11-pop-sztuka-na-miejscu\/#breadcrumb","itemListElement":[{"@type":"ListItem","position":1,"name":"Strona g\u0142\u00f3wna","item":"https:\/\/vertigojazz.pl\/en\/"},{"@type":"ListItem","position":2,"name":"HISTORIA MUZYKI CZ. 11 POP | Sztuka Na Miejscu"}]},{"@type":"WebSite","@id":"https:\/\/vertigojazz.pl\/#website","url":"https:\/\/vertigojazz.pl\/","name":"Vertigo Jazz Club & Restaurant","description":"klub muzyczny we Wroc\u0142awiu","publisher":{"@id":"https:\/\/vertigojazz.pl\/#organization"},"potentialAction":[{"@type":"SearchAction","target":{"@type":"EntryPoint","urlTemplate":"https:\/\/vertigojazz.pl\/?s={search_term_string}"},"query-input":{"@type":"PropertyValueSpecification","valueRequired":true,"valueName":"search_term_string"}}],"inLanguage":"en-US"},{"@type":"Organization","@id":"https:\/\/vertigojazz.pl\/#organization","name":"Vertigo Jazz Club & Restaurant","alternateName":"Klub muzyczny we Wroc\u0142awiu","url":"https:\/\/vertigojazz.pl\/","logo":{"@type":"ImageObject","inLanguage":"en-US","@id":"https:\/\/vertigojazz.pl\/#\/schema\/logo\/image\/","url":"https:\/\/vertigojazz.pl\/wp-content\/uploads\/2025\/04\/cropped-vertigo_logo_biale-180x180-1.jpg","contentUrl":"https:\/\/vertigojazz.pl\/wp-content\/uploads\/2025\/04\/cropped-vertigo_logo_biale-180x180-1.jpg","width":180,"height":180,"caption":"Vertigo Jazz Club & Restaurant"},"image":{"@id":"https:\/\/vertigojazz.pl\/#\/schema\/logo\/image\/"},"sameAs":["https:\/\/www.facebook.com\/vertigojazzclub","https:\/\/www.instagram.com\/vertigo_jazz_club\/","https:\/\/www.youtube.com\/channel\/UC8sPrX3Xuv7bfuhfr3XbqXg","https:\/\/www.tiktok.com\/@vertigojazzclub"]}]}},"_links":{"self":[{"href":"https:\/\/vertigojazz.pl\/en\/wp-json\/wp\/v2\/wydarzenie\/19229","targetHints":{"allow":["GET"]}}],"collection":[{"href":"https:\/\/vertigojazz.pl\/en\/wp-json\/wp\/v2\/wydarzenie"}],"about":[{"href":"https:\/\/vertigojazz.pl\/en\/wp-json\/wp\/v2\/types\/wydarzenie"}],"version-history":[{"count":0,"href":"https:\/\/vertigojazz.pl\/en\/wp-json\/wp\/v2\/wydarzenie\/19229\/revisions"}],"wp:attachment":[{"href":"https:\/\/vertigojazz.pl\/en\/wp-json\/wp\/v2\/media?parent=19229"}],"curies":[{"name":"wp","href":"https:\/\/api.w.org\/{rel}","templated":true}]}}