{"id":14302,"date":"2025-10-17T11:57:57","date_gmt":"2025-10-17T09:57:57","guid":{"rendered":"https:\/\/vertigojazz.pl\/wydarzenia\/the-borderline-indonesia-feat-nita-aartsen-adam-zagorski\/"},"modified":"2025-10-17T16:07:40","modified_gmt":"2025-10-17T14:07:40","slug":"the-borderline-indonesia-feat-nita-aartsen-adam-zagorski","status":"publish","type":"wydarzenie","link":"https:\/\/vertigojazz.pl\/uk\/wydarzenia\/the-borderline-indonesia-feat-nita-aartsen-adam-zagorski\/","title":{"rendered":"THE BORDERLINE INDONESIA Feat Nita Aartsen &#038; Adam Zag\u00f3rski"},"content":{"rendered":"\n<h2 class=\"wp-block-heading\">\u200bNowe pokolenie jazzu na scenie Vertigo<\/h2>\n\n\n\n<p>Borderline to m\u0142ody i dynamiczny zesp\u00f3\u0142 jazzowy z Indonezji, tworzony przez czw\u00f3rk\u0119 utalentowanych muzyk\u00f3w w wieku od 20 do 25 lat. Ich muzyka \u0142\u0105czy autorskie kompozycje z inspiracjami zaczerpni\u0119tymi z kultury Indonezji, nowoczesnego jazzu oraz brzmie\u0144 fusion, tworz\u0105c \u015bwie\u017ce i wyj\u0105tkowe brzmienie.&nbsp;&nbsp;<\/p>\n\n\n\n<h2 class=\"wp-block-heading\">\u200bMi\u0119dzynarodowe uznanie<\/h2>\n\n\n\n<p>Grupa zyska\u0142a rozg\u0142os podczas europejskiej trasy koncertowej w 2022 roku, obejmuj\u0105cej 11 kraj\u00f3w i 20 koncert\u00f3w. Zesp\u00f3\u0142 zosta\u0142 r\u00f3wnie\u017c wybrany jako \u201eIndonesian Youngsters\u201d do presti\u017cowego projektu **NusantEro Big Band** \u2013 mi\u0119dzynarodowej wsp\u00f3\u0142pracy muzyk\u00f3w z Europy i Indonezji, wspieranej przez Delegacj\u0119 Unii Europejskiej. Muzycznym dyrektorem projektu by\u0142a **Nita Aartsen**, wsp\u00f3\u0142za\u0142o\u017cycielka NusantEro i jedna z najwa\u017cniejszych postaci wsp\u00f3\u0142czesnej sceny jazzowej w Azji Po\u0142udniowo-Wschodniej.&nbsp;&nbsp;<\/p>\n\n\n\n<h2 class=\"wp-block-heading\">\u200bSk\u0142ad zespo\u0142u<\/h2>\n\n\n\n<p>&#8211; Raga Dauna (ID) \u2013 harmonijka&nbsp;&nbsp;<br>&#8211; Michael Ananda (ID) \u2013 gitara&nbsp;&nbsp;<br>&#8211; Brandon Julio (ID) \u2013 gitara basowa&nbsp;&nbsp;<br>&#8211; Nita Aartsen (ID) \u2013 fortepian, \u015bpiew&nbsp;&nbsp;<\/p>\n\n\n\n<p>Go\u015bcinnie na perkusji: **Adam Zag\u00f3rski (PL)**&nbsp;&nbsp;<\/p>\n\n\n\n<h2 class=\"wp-block-heading\">\u200bEnergia m\u0142odego jazzu<\/h2>\n\n\n\n<p>Borderline nieustannie rozwija swoje brzmienie i repertuar, wnosz\u0105c now\u0105 energi\u0119 na scen\u0119 m\u0142odego jazzu.<\/p>\n\n\n\n<div class=\"wp-block-group is-nowrap is-layout-flex wp-container-core-group-is-layout-1 wp-block-group-is-layout-flex\">\n<hr class=\"wp-block-separator has-alpha-channel-opacity\"\/>\n<\/div>\n\n\n\n\n","protected":false},"excerpt":{"rendered":"<p>\u200bNowe pokolenie jazzu na scenie Vertigo Borderline to m\u0142ody i dynamiczny zesp\u00f3\u0142 jazzowy z Indonezji, tworzony przez czw\u00f3rk\u0119 utalentowanych muzyk\u00f3w w wieku od 20 do 25 lat. Ich muzyka \u0142\u0105czy autorskie kompozycje z inspiracjami zaczerpni\u0119tymi z kultury Indonezji, nowoczesnego jazzu oraz brzmie\u0144 fusion, tworz\u0105c \u015bwie\u017ce i wyj\u0105tkowe brzmienie.&nbsp;&nbsp; \u200bMi\u0119dzynarodowe uznanie Grupa zyska\u0142a rozg\u0142os podczas europejskiej [&hellip;]<\/p>\n","protected":false},"author":14,"featured_media":0,"parent":0,"menu_order":0,"template":"","meta":{"_acf_changed":false,"footnotes":""},"class_list":["post-14302","wydarzenie","type-wydarzenie","status-publish","hentry"],"acf":[],"yoast_head":"<!-- This site is optimized with the Yoast SEO plugin v26.0 - https:\/\/yoast.com\/wordpress\/plugins\/seo\/ -->\n<title>THE BORDERLINE INDONESIA Feat Nita Aartsen &amp; Adam Zag\u00f3rski - Vertigo Jazz Club &amp; Restaurant<\/title>\n<meta name=\"description\" content=\"W Vertigo kierujemy si\u0119 tym, co w muzyce i kulturze najistotniejsze \u2013 szczero\u015bci\u0105 wyrazu, emocjami i klimatem, kt\u00f3ry zapada w pami\u0119\u0107.\" \/>\n<meta name=\"robots\" content=\"index, follow, max-snippet:-1, max-image-preview:large, max-video-preview:-1\" \/>\n<link rel=\"canonical\" href=\"https:\/\/vertigojazz.pl\/wydarzenia\/the-borderline-indonesia-feat-nita-aartsen-adam-zagorski\/\" \/>\n<meta property=\"og:locale\" content=\"uk_UA\" \/>\n<meta property=\"og:type\" content=\"article\" \/>\n<meta property=\"og:title\" content=\"THE BORDERLINE INDONESIA Feat Nita Aartsen &amp; Adam Zag\u00f3rski - Vertigo Jazz Club &amp; Restaurant\" \/>\n<meta property=\"og:description\" content=\"W Vertigo kierujemy si\u0119 tym, co w muzyce i kulturze najistotniejsze \u2013 szczero\u015bci\u0105 wyrazu, emocjami i klimatem, kt\u00f3ry zapada w pami\u0119\u0107.\" \/>\n<meta property=\"og:url\" content=\"https:\/\/vertigojazz.pl\/wydarzenia\/the-borderline-indonesia-feat-nita-aartsen-adam-zagorski\/\" \/>\n<meta property=\"og:site_name\" content=\"Vertigo Jazz Club &amp; Restaurant\" \/>\n<meta property=\"article:publisher\" content=\"https:\/\/www.facebook.com\/vertigojazzclub\" \/>\n<meta property=\"article:modified_time\" content=\"2025-10-17T14:07:40+00:00\" \/>\n<meta property=\"og:image\" content=\"https:\/\/vertigojazz.pl\/wp-content\/uploads\/2025\/08\/VertigoJazz-Logo_1080_1080.jpeg\" \/>\n\t<meta property=\"og:image:width\" content=\"768\" \/>\n\t<meta property=\"og:image:height\" content=\"768\" \/>\n\t<meta property=\"og:image:type\" content=\"image\/jpeg\" \/>\n<meta name=\"twitter:card\" content=\"summary_large_image\" \/>\n<meta name=\"twitter:label1\" content=\"Est. reading time\" \/>\n\t<meta name=\"twitter:data1\" content=\"1 minute\" \/>\n<script type=\"application\/ld+json\" class=\"yoast-schema-graph\">{\"@context\":\"https:\/\/schema.org\",\"@graph\":[{\"@type\":\"WebPage\",\"@id\":\"https:\/\/vertigojazz.pl\/wydarzenia\/the-borderline-indonesia-feat-nita-aartsen-adam-zagorski\/\",\"url\":\"https:\/\/vertigojazz.pl\/wydarzenia\/the-borderline-indonesia-feat-nita-aartsen-adam-zagorski\/\",\"name\":\"THE BORDERLINE INDONESIA Feat Nita Aartsen & Adam Zag\u00f3rski - Vertigo Jazz Club &amp; Restaurant\",\"isPartOf\":{\"@id\":\"https:\/\/vertigojazz.pl\/#website\"},\"datePublished\":\"2025-10-17T09:57:57+00:00\",\"dateModified\":\"2025-10-17T14:07:40+00:00\",\"description\":\"W Vertigo kierujemy si\u0119 tym, co w muzyce i kulturze najistotniejsze \u2013 szczero\u015bci\u0105 wyrazu, emocjami i klimatem, kt\u00f3ry zapada w pami\u0119\u0107.\",\"breadcrumb\":{\"@id\":\"https:\/\/vertigojazz.pl\/wydarzenia\/the-borderline-indonesia-feat-nita-aartsen-adam-zagorski\/#breadcrumb\"},\"inLanguage\":\"uk-UA\",\"potentialAction\":[{\"@type\":\"ReadAction\",\"target\":[\"https:\/\/vertigojazz.pl\/wydarzenia\/the-borderline-indonesia-feat-nita-aartsen-adam-zagorski\/\"]}]},{\"@type\":\"BreadcrumbList\",\"@id\":\"https:\/\/vertigojazz.pl\/wydarzenia\/the-borderline-indonesia-feat-nita-aartsen-adam-zagorski\/#breadcrumb\",\"itemListElement\":[{\"@type\":\"ListItem\",\"position\":1,\"name\":\"Strona g\u0142\u00f3wna\",\"item\":\"https:\/\/vertigojazz.pl\/uk\/\"},{\"@type\":\"ListItem\",\"position\":2,\"name\":\"THE BORDERLINE INDONESIA Feat Nita Aartsen &#038; Adam Zag\u00f3rski\"}]},{\"@type\":\"WebSite\",\"@id\":\"https:\/\/vertigojazz.pl\/#website\",\"url\":\"https:\/\/vertigojazz.pl\/\",\"name\":\"Vertigo Jazz Club & Restaurant\",\"description\":\"klub muzyczny we Wroc\u0142awiu\",\"publisher\":{\"@id\":\"https:\/\/vertigojazz.pl\/#organization\"},\"potentialAction\":[{\"@type\":\"SearchAction\",\"target\":{\"@type\":\"EntryPoint\",\"urlTemplate\":\"https:\/\/vertigojazz.pl\/?s={search_term_string}\"},\"query-input\":{\"@type\":\"PropertyValueSpecification\",\"valueRequired\":true,\"valueName\":\"search_term_string\"}}],\"inLanguage\":\"uk-UA\"},{\"@type\":\"Organization\",\"@id\":\"https:\/\/vertigojazz.pl\/#organization\",\"name\":\"Vertigo Jazz Club & Restaurant\",\"alternateName\":\"Klub muzyczny we Wroc\u0142awiu\",\"url\":\"https:\/\/vertigojazz.pl\/\",\"logo\":{\"@type\":\"ImageObject\",\"inLanguage\":\"uk-UA\",\"@id\":\"https:\/\/vertigojazz.pl\/#\/schema\/logo\/image\/\",\"url\":\"https:\/\/vertigojazz.pl\/wp-content\/uploads\/2025\/04\/cropped-vertigo_logo_biale-180x180-1.jpg\",\"contentUrl\":\"https:\/\/vertigojazz.pl\/wp-content\/uploads\/2025\/04\/cropped-vertigo_logo_biale-180x180-1.jpg\",\"width\":180,\"height\":180,\"caption\":\"Vertigo Jazz Club & Restaurant\"},\"image\":{\"@id\":\"https:\/\/vertigojazz.pl\/#\/schema\/logo\/image\/\"},\"sameAs\":[\"https:\/\/www.facebook.com\/vertigojazzclub\",\"https:\/\/www.instagram.com\/vertigo_jazz_club\/\",\"https:\/\/www.youtube.com\/channel\/UC8sPrX3Xuv7bfuhfr3XbqXg\",\"https:\/\/www.tiktok.com\/@vertigojazzclub\"]}]}<\/script>\n<!-- \/ Yoast SEO plugin. -->","yoast_head_json":{"title":"THE BORDERLINE INDONESIA Feat Nita Aartsen & Adam Zag\u00f3rski - Vertigo Jazz Club &amp; Restaurant","description":"W Vertigo kierujemy si\u0119 tym, co w muzyce i kulturze najistotniejsze \u2013 szczero\u015bci\u0105 wyrazu, emocjami i klimatem, kt\u00f3ry zapada w pami\u0119\u0107.","robots":{"index":"index","follow":"follow","max-snippet":"max-snippet:-1","max-image-preview":"max-image-preview:large","max-video-preview":"max-video-preview:-1"},"canonical":"https:\/\/vertigojazz.pl\/wydarzenia\/the-borderline-indonesia-feat-nita-aartsen-adam-zagorski\/","og_locale":"uk_UA","og_type":"article","og_title":"THE BORDERLINE INDONESIA Feat Nita Aartsen & Adam Zag\u00f3rski - Vertigo Jazz Club &amp; Restaurant","og_description":"W Vertigo kierujemy si\u0119 tym, co w muzyce i kulturze najistotniejsze \u2013 szczero\u015bci\u0105 wyrazu, emocjami i klimatem, kt\u00f3ry zapada w pami\u0119\u0107.","og_url":"https:\/\/vertigojazz.pl\/wydarzenia\/the-borderline-indonesia-feat-nita-aartsen-adam-zagorski\/","og_site_name":"Vertigo Jazz Club &amp; Restaurant","article_publisher":"https:\/\/www.facebook.com\/vertigojazzclub","article_modified_time":"2025-10-17T14:07:40+00:00","og_image":[{"width":768,"height":768,"url":"https:\/\/vertigojazz.pl\/wp-content\/uploads\/2025\/08\/VertigoJazz-Logo_1080_1080.jpeg","type":"image\/jpeg"}],"twitter_card":"summary_large_image","twitter_misc":{"Est. reading time":"1 minute"},"schema":{"@context":"https:\/\/schema.org","@graph":[{"@type":"WebPage","@id":"https:\/\/vertigojazz.pl\/wydarzenia\/the-borderline-indonesia-feat-nita-aartsen-adam-zagorski\/","url":"https:\/\/vertigojazz.pl\/wydarzenia\/the-borderline-indonesia-feat-nita-aartsen-adam-zagorski\/","name":"THE BORDERLINE INDONESIA Feat Nita Aartsen & Adam Zag\u00f3rski - Vertigo Jazz Club &amp; Restaurant","isPartOf":{"@id":"https:\/\/vertigojazz.pl\/#website"},"datePublished":"2025-10-17T09:57:57+00:00","dateModified":"2025-10-17T14:07:40+00:00","description":"W Vertigo kierujemy si\u0119 tym, co w muzyce i kulturze najistotniejsze \u2013 szczero\u015bci\u0105 wyrazu, emocjami i klimatem, kt\u00f3ry zapada w pami\u0119\u0107.","breadcrumb":{"@id":"https:\/\/vertigojazz.pl\/wydarzenia\/the-borderline-indonesia-feat-nita-aartsen-adam-zagorski\/#breadcrumb"},"inLanguage":"uk-UA","potentialAction":[{"@type":"ReadAction","target":["https:\/\/vertigojazz.pl\/wydarzenia\/the-borderline-indonesia-feat-nita-aartsen-adam-zagorski\/"]}]},{"@type":"BreadcrumbList","@id":"https:\/\/vertigojazz.pl\/wydarzenia\/the-borderline-indonesia-feat-nita-aartsen-adam-zagorski\/#breadcrumb","itemListElement":[{"@type":"ListItem","position":1,"name":"Strona g\u0142\u00f3wna","item":"https:\/\/vertigojazz.pl\/uk\/"},{"@type":"ListItem","position":2,"name":"THE BORDERLINE INDONESIA Feat Nita Aartsen &#038; Adam Zag\u00f3rski"}]},{"@type":"WebSite","@id":"https:\/\/vertigojazz.pl\/#website","url":"https:\/\/vertigojazz.pl\/","name":"Vertigo Jazz Club & Restaurant","description":"klub muzyczny we Wroc\u0142awiu","publisher":{"@id":"https:\/\/vertigojazz.pl\/#organization"},"potentialAction":[{"@type":"SearchAction","target":{"@type":"EntryPoint","urlTemplate":"https:\/\/vertigojazz.pl\/?s={search_term_string}"},"query-input":{"@type":"PropertyValueSpecification","valueRequired":true,"valueName":"search_term_string"}}],"inLanguage":"uk-UA"},{"@type":"Organization","@id":"https:\/\/vertigojazz.pl\/#organization","name":"Vertigo Jazz Club & Restaurant","alternateName":"Klub muzyczny we Wroc\u0142awiu","url":"https:\/\/vertigojazz.pl\/","logo":{"@type":"ImageObject","inLanguage":"uk-UA","@id":"https:\/\/vertigojazz.pl\/#\/schema\/logo\/image\/","url":"https:\/\/vertigojazz.pl\/wp-content\/uploads\/2025\/04\/cropped-vertigo_logo_biale-180x180-1.jpg","contentUrl":"https:\/\/vertigojazz.pl\/wp-content\/uploads\/2025\/04\/cropped-vertigo_logo_biale-180x180-1.jpg","width":180,"height":180,"caption":"Vertigo Jazz Club & Restaurant"},"image":{"@id":"https:\/\/vertigojazz.pl\/#\/schema\/logo\/image\/"},"sameAs":["https:\/\/www.facebook.com\/vertigojazzclub","https:\/\/www.instagram.com\/vertigo_jazz_club\/","https:\/\/www.youtube.com\/channel\/UC8sPrX3Xuv7bfuhfr3XbqXg","https:\/\/www.tiktok.com\/@vertigojazzclub"]}]}},"_links":{"self":[{"href":"https:\/\/vertigojazz.pl\/uk\/wp-json\/wp\/v2\/wydarzenie\/14302","targetHints":{"allow":["GET"]}}],"collection":[{"href":"https:\/\/vertigojazz.pl\/uk\/wp-json\/wp\/v2\/wydarzenie"}],"about":[{"href":"https:\/\/vertigojazz.pl\/uk\/wp-json\/wp\/v2\/types\/wydarzenie"}],"author":[{"embeddable":true,"href":"https:\/\/vertigojazz.pl\/uk\/wp-json\/wp\/v2\/users\/14"}],"version-history":[{"count":8,"href":"https:\/\/vertigojazz.pl\/uk\/wp-json\/wp\/v2\/wydarzenie\/14302\/revisions"}],"predecessor-version":[{"id":14366,"href":"https:\/\/vertigojazz.pl\/uk\/wp-json\/wp\/v2\/wydarzenie\/14302\/revisions\/14366"}],"wp:attachment":[{"href":"https:\/\/vertigojazz.pl\/uk\/wp-json\/wp\/v2\/media?parent=14302"}],"curies":[{"name":"wp","href":"https:\/\/api.w.org\/{rel}","templated":true}]}}