{"id":14342,"date":"2025-10-17T11:58:12","date_gmt":"2025-10-17T09:58:12","guid":{"rendered":"https:\/\/vertigojazz.pl\/wydarzenia\/adrianna-gorka-scena-pod-regalem-zielono-mi-sladami-agnieszki-osieckiej\/"},"modified":"2025-10-27T10:33:34","modified_gmt":"2025-10-27T09:33:34","slug":"adrianna-gorka-scena-pod-regalem-zielono-mi-sladami-agnieszki-osieckiej","status":"publish","type":"wydarzenie","link":"https:\/\/vertigojazz.pl\/uk\/wydarzenia\/adrianna-gorka-scena-pod-regalem-zielono-mi-sladami-agnieszki-osieckiej\/","title":{"rendered":"Adrianna G\u00f3rka &#038; Scena pod Rega\u0142em: Zielono Mi: \u015aladami Agnieszki Osieckiej"},"content":{"rendered":"<h1>\u200bWyj\u0105tkowy koncert Sceny pod Rega\u0142em<\/h1>\n<p>To wyj\u0105tkowy recital, nacechowany sentymentaln\u0105 podr\u00f3\u017c\u0105 po meandrach tw\u00f3rczo\u015bci mistrzyni s\u0142owa. Podczas koncertu przypomnimy nie tylko wielkie przeboje polskiej estrady z jej tekstami, ale r\u00f3wnie\u017c opowiemy kilka ciekawostek i anegdot z \u017cycia oraz pracy tw\u00f3rczej Agnieszki Osieckiej.<\/p>\n<h2>\u200bMuzyka, s\u0142owo i emocje<\/h2>\n<p>Nie zabraknie odkrywczych brzmie\u0144 i nieszablonowych aran\u017cacji, kt\u00f3re z jednej strony zaskocz\u0105 \u015bwie\u017co\u015bci\u0105, a z drugiej oddadz\u0105 ogromny szacunek pierwowzorom.<br \/>\nW repertuarze pojawi\u0105 si\u0119 takie piosenki jak: \u201eNiech \u017cyje bal\u201d, \u201eDzi\u015b prawdziwych Cygan\u00f3w ju\u017c nie ma\u201d, \u201eWielka woda\u201d, \u201eMa\u0142go\u015bka\u201d, \u201eOkularnicy\u201d, \u201eUciekaj moje serce\u201d oraz wiele innych ponadczasowych utwor\u00f3w z dorobku mistrzyni Osieckiej.<\/p>\n<h3>\u200bArty\u015bci wieczoru<\/h3>\n<p>Na scenie wyst\u0105pi znakomita interpretatorka i wokalistka Adrianna G\u00f3rka, kt\u00f3rej towarzyszy\u0107 b\u0119d\u0105:<\/p>\n<p>Micha\u0142 Hadasik: fortepian<\/p>\n<p>\u017benia Betli\u0144ski: bass<\/p>\n<p>Mateusz Maniak: perkusja<\/p>\n<p>Czeka Pa\u0144stwa prawdziwa muzyczno-literacka uczta na najwy\u017cszym poziomie, podczas kt\u00f3rej wsp\u00f3lnie przeniesiemy si\u0119 w magiczny \u015bwiat Agnieszki Osieckiej. Zapraszamy do Vertigo!<\/p>\n<p>English below:<\/p>\n<p><strong>A Unique \u201cScena pod Rega\u0142em\u201d Concert<\/strong><\/p>\n<p>This is a truly special recital \u2014 a sentimental journey through the fascinating world of a true master of words. During the concert, we will revisit not only the great hits of the Polish music scene featuring her lyrics, but also share some intriguing stories and anecdotes from the life and creative work of Agnieszka Osiecka.<\/p>\n<p><strong>Music, Words, and Emotions<\/strong><br \/>\nExpect fresh sounds and original arrangements that will surprise with their creativity while showing deep respect for the originals.<br \/>\nThe repertoire will include such timeless songs as <em>\u201cNiech \u017cyje bal\u201d<\/em> (\u201cLong Live the Ball\u201d), <em>\u201cDzi\u015b prawdziwych Cygan\u00f3w ju\u017c nie ma\u201d<\/em> (\u201cThere Are No Real Gypsies Anymore\u201d), <em>\u201cWielka woda\u201d<\/em> (\u201cThe Great Flood\u201d), <em>\u201cMa\u0142go\u015bka\u201d<\/em>, <em>\u201cOkularnicy\u201d<\/em> (\u201cThe Nerds\u201d), <em>\u201cUciekaj moje serce\u201d<\/em> (\u201cRun Away, My Heart\u201d), and many other classics from Osiecka\u2019s remarkable legacy.<\/p>\n<p><strong>Artists of the Evening<\/strong><br \/>\nOn stage, you will see the outstanding singer and interpreter Adrianna G\u00f3rka, accompanied by:<\/p>\n<p><strong>Micha\u0142 Hadasik<\/strong> \u2013 piano<\/p>\n<p><strong>\u017benia Betli\u0144ski<\/strong> \u2013 bass<\/p>\n<p><strong>Mateusz Maniak<\/strong> \u2013 drums<\/p>\n<p>A true musical and literary feast awaits you \u2014 an evening at the highest artistic level, where together we will journey into the magical world of Agnieszka Osiecka.<\/p>\n","protected":false},"excerpt":{"rendered":"<p>\u200bWyj\u0105tkowy koncert Sceny pod Rega\u0142em To wyj\u0105tkowy recital, nacechowany sentymentaln\u0105 podr\u00f3\u017c\u0105 po meandrach tw\u00f3rczo\u015bci mistrzyni s\u0142owa. Podczas koncertu przypomnimy nie tylko wielkie przeboje polskiej estrady z jej tekstami, ale r\u00f3wnie\u017c opowiemy kilka ciekawostek i anegdot z \u017cycia oraz pracy tw\u00f3rczej Agnieszki Osieckiej. \u200bMuzyka, s\u0142owo i emocje Nie zabraknie odkrywczych brzmie\u0144 i nieszablonowych aran\u017cacji, kt\u00f3re z [&hellip;]<\/p>\n","protected":false},"author":14,"featured_media":0,"parent":0,"menu_order":0,"template":"","meta":{"_acf_changed":false,"footnotes":""},"class_list":["post-14342","wydarzenie","type-wydarzenie","status-publish","hentry"],"acf":[],"yoast_head":"<!-- This site is optimized with the Yoast SEO plugin v26.0 - https:\/\/yoast.com\/wordpress\/plugins\/seo\/ -->\n<title>Adrianna G\u00f3rka &amp; Scena pod Rega\u0142em: Zielono Mi: \u015aladami Agnieszki Osieckiej - Vertigo Jazz Club &amp; Restaurant<\/title>\n<meta name=\"description\" content=\"Podczas koncertu przypomnimy nie tylko wielkie przeboje polskiej estrady z jej tekstami, ale r\u00f3wnie\u017c opowiemy kilka ciekawostek i anegdot z \u017cycia oraz pracy tw\u00f3rczej Agnieszki Osieckiej.\" \/>\n<meta name=\"robots\" content=\"index, follow, max-snippet:-1, max-image-preview:large, max-video-preview:-1\" \/>\n<link rel=\"canonical\" href=\"https:\/\/vertigojazz.pl\/wydarzenia\/adrianna-gorka-scena-pod-regalem-zielono-mi-sladami-agnieszki-osieckiej\/\" \/>\n<meta property=\"og:locale\" content=\"uk_UA\" \/>\n<meta property=\"og:type\" content=\"article\" \/>\n<meta property=\"og:title\" content=\"Adrianna G\u00f3rka &amp; Scena pod Rega\u0142em: Zielono Mi: \u015aladami Agnieszki Osieckiej - Vertigo Jazz Club &amp; Restaurant\" \/>\n<meta property=\"og:description\" content=\"Podczas koncertu przypomnimy nie tylko wielkie przeboje polskiej estrady z jej tekstami, ale r\u00f3wnie\u017c opowiemy kilka ciekawostek i anegdot z \u017cycia oraz pracy tw\u00f3rczej Agnieszki Osieckiej.\" \/>\n<meta property=\"og:url\" content=\"https:\/\/vertigojazz.pl\/wydarzenia\/adrianna-gorka-scena-pod-regalem-zielono-mi-sladami-agnieszki-osieckiej\/\" \/>\n<meta property=\"og:site_name\" content=\"Vertigo Jazz Club &amp; Restaurant\" \/>\n<meta property=\"article:publisher\" content=\"https:\/\/www.facebook.com\/vertigojazzclub\" \/>\n<meta property=\"article:modified_time\" content=\"2025-10-27T09:33:34+00:00\" \/>\n<meta property=\"og:image\" content=\"https:\/\/vertigojazz.pl\/wp-content\/uploads\/2025\/08\/VertigoJazz-Logo_1080_1080.jpeg\" \/>\n\t<meta property=\"og:image:width\" content=\"768\" \/>\n\t<meta property=\"og:image:height\" content=\"768\" \/>\n\t<meta property=\"og:image:type\" content=\"image\/jpeg\" \/>\n<meta name=\"twitter:card\" content=\"summary_large_image\" \/>\n<meta name=\"twitter:label1\" content=\"Est. reading time\" \/>\n\t<meta name=\"twitter:data1\" content=\"3 minutes\" \/>\n<script type=\"application\/ld+json\" class=\"yoast-schema-graph\">{\"@context\":\"https:\/\/schema.org\",\"@graph\":[{\"@type\":\"WebPage\",\"@id\":\"https:\/\/vertigojazz.pl\/wydarzenia\/adrianna-gorka-scena-pod-regalem-zielono-mi-sladami-agnieszki-osieckiej\/\",\"url\":\"https:\/\/vertigojazz.pl\/wydarzenia\/adrianna-gorka-scena-pod-regalem-zielono-mi-sladami-agnieszki-osieckiej\/\",\"name\":\"Adrianna G\u00f3rka & Scena pod Rega\u0142em: Zielono Mi: \u015aladami Agnieszki Osieckiej - Vertigo Jazz Club &amp; Restaurant\",\"isPartOf\":{\"@id\":\"https:\/\/vertigojazz.pl\/#website\"},\"datePublished\":\"2025-10-17T09:58:12+00:00\",\"dateModified\":\"2025-10-27T09:33:34+00:00\",\"description\":\"Podczas koncertu przypomnimy nie tylko wielkie przeboje polskiej estrady z jej tekstami, ale r\u00f3wnie\u017c opowiemy kilka ciekawostek i anegdot z \u017cycia oraz pracy tw\u00f3rczej Agnieszki Osieckiej.\",\"breadcrumb\":{\"@id\":\"https:\/\/vertigojazz.pl\/wydarzenia\/adrianna-gorka-scena-pod-regalem-zielono-mi-sladami-agnieszki-osieckiej\/#breadcrumb\"},\"inLanguage\":\"uk-UA\",\"potentialAction\":[{\"@type\":\"ReadAction\",\"target\":[\"https:\/\/vertigojazz.pl\/wydarzenia\/adrianna-gorka-scena-pod-regalem-zielono-mi-sladami-agnieszki-osieckiej\/\"]}]},{\"@type\":\"BreadcrumbList\",\"@id\":\"https:\/\/vertigojazz.pl\/wydarzenia\/adrianna-gorka-scena-pod-regalem-zielono-mi-sladami-agnieszki-osieckiej\/#breadcrumb\",\"itemListElement\":[{\"@type\":\"ListItem\",\"position\":1,\"name\":\"Strona g\u0142\u00f3wna\",\"item\":\"https:\/\/vertigojazz.pl\/uk\/\"},{\"@type\":\"ListItem\",\"position\":2,\"name\":\"Adrianna G\u00f3rka &#038; Scena pod Rega\u0142em: Zielono Mi: \u015aladami Agnieszki Osieckiej\"}]},{\"@type\":\"WebSite\",\"@id\":\"https:\/\/vertigojazz.pl\/#website\",\"url\":\"https:\/\/vertigojazz.pl\/\",\"name\":\"Vertigo Jazz Club & Restaurant\",\"description\":\"klub muzyczny we Wroc\u0142awiu\",\"publisher\":{\"@id\":\"https:\/\/vertigojazz.pl\/#organization\"},\"potentialAction\":[{\"@type\":\"SearchAction\",\"target\":{\"@type\":\"EntryPoint\",\"urlTemplate\":\"https:\/\/vertigojazz.pl\/?s={search_term_string}\"},\"query-input\":{\"@type\":\"PropertyValueSpecification\",\"valueRequired\":true,\"valueName\":\"search_term_string\"}}],\"inLanguage\":\"uk-UA\"},{\"@type\":\"Organization\",\"@id\":\"https:\/\/vertigojazz.pl\/#organization\",\"name\":\"Vertigo Jazz Club & Restaurant\",\"alternateName\":\"Klub muzyczny we Wroc\u0142awiu\",\"url\":\"https:\/\/vertigojazz.pl\/\",\"logo\":{\"@type\":\"ImageObject\",\"inLanguage\":\"uk-UA\",\"@id\":\"https:\/\/vertigojazz.pl\/#\/schema\/logo\/image\/\",\"url\":\"https:\/\/vertigojazz.pl\/wp-content\/uploads\/2025\/04\/cropped-vertigo_logo_biale-180x180-1.jpg\",\"contentUrl\":\"https:\/\/vertigojazz.pl\/wp-content\/uploads\/2025\/04\/cropped-vertigo_logo_biale-180x180-1.jpg\",\"width\":180,\"height\":180,\"caption\":\"Vertigo Jazz Club & Restaurant\"},\"image\":{\"@id\":\"https:\/\/vertigojazz.pl\/#\/schema\/logo\/image\/\"},\"sameAs\":[\"https:\/\/www.facebook.com\/vertigojazzclub\",\"https:\/\/www.instagram.com\/vertigo_jazz_club\/\",\"https:\/\/www.youtube.com\/channel\/UC8sPrX3Xuv7bfuhfr3XbqXg\",\"https:\/\/www.tiktok.com\/@vertigojazzclub\"]}]}<\/script>\n<!-- \/ Yoast SEO plugin. -->","yoast_head_json":{"title":"Adrianna G\u00f3rka & Scena pod Rega\u0142em: Zielono Mi: \u015aladami Agnieszki Osieckiej - Vertigo Jazz Club &amp; Restaurant","description":"Podczas koncertu przypomnimy nie tylko wielkie przeboje polskiej estrady z jej tekstami, ale r\u00f3wnie\u017c opowiemy kilka ciekawostek i anegdot z \u017cycia oraz pracy tw\u00f3rczej Agnieszki Osieckiej.","robots":{"index":"index","follow":"follow","max-snippet":"max-snippet:-1","max-image-preview":"max-image-preview:large","max-video-preview":"max-video-preview:-1"},"canonical":"https:\/\/vertigojazz.pl\/wydarzenia\/adrianna-gorka-scena-pod-regalem-zielono-mi-sladami-agnieszki-osieckiej\/","og_locale":"uk_UA","og_type":"article","og_title":"Adrianna G\u00f3rka & Scena pod Rega\u0142em: Zielono Mi: \u015aladami Agnieszki Osieckiej - Vertigo Jazz Club &amp; Restaurant","og_description":"Podczas koncertu przypomnimy nie tylko wielkie przeboje polskiej estrady z jej tekstami, ale r\u00f3wnie\u017c opowiemy kilka ciekawostek i anegdot z \u017cycia oraz pracy tw\u00f3rczej Agnieszki Osieckiej.","og_url":"https:\/\/vertigojazz.pl\/wydarzenia\/adrianna-gorka-scena-pod-regalem-zielono-mi-sladami-agnieszki-osieckiej\/","og_site_name":"Vertigo Jazz Club &amp; Restaurant","article_publisher":"https:\/\/www.facebook.com\/vertigojazzclub","article_modified_time":"2025-10-27T09:33:34+00:00","og_image":[{"width":768,"height":768,"url":"https:\/\/vertigojazz.pl\/wp-content\/uploads\/2025\/08\/VertigoJazz-Logo_1080_1080.jpeg","type":"image\/jpeg"}],"twitter_card":"summary_large_image","twitter_misc":{"Est. reading time":"3 minutes"},"schema":{"@context":"https:\/\/schema.org","@graph":[{"@type":"WebPage","@id":"https:\/\/vertigojazz.pl\/wydarzenia\/adrianna-gorka-scena-pod-regalem-zielono-mi-sladami-agnieszki-osieckiej\/","url":"https:\/\/vertigojazz.pl\/wydarzenia\/adrianna-gorka-scena-pod-regalem-zielono-mi-sladami-agnieszki-osieckiej\/","name":"Adrianna G\u00f3rka & Scena pod Rega\u0142em: Zielono Mi: \u015aladami Agnieszki Osieckiej - Vertigo Jazz Club &amp; Restaurant","isPartOf":{"@id":"https:\/\/vertigojazz.pl\/#website"},"datePublished":"2025-10-17T09:58:12+00:00","dateModified":"2025-10-27T09:33:34+00:00","description":"Podczas koncertu przypomnimy nie tylko wielkie przeboje polskiej estrady z jej tekstami, ale r\u00f3wnie\u017c opowiemy kilka ciekawostek i anegdot z \u017cycia oraz pracy tw\u00f3rczej Agnieszki Osieckiej.","breadcrumb":{"@id":"https:\/\/vertigojazz.pl\/wydarzenia\/adrianna-gorka-scena-pod-regalem-zielono-mi-sladami-agnieszki-osieckiej\/#breadcrumb"},"inLanguage":"uk-UA","potentialAction":[{"@type":"ReadAction","target":["https:\/\/vertigojazz.pl\/wydarzenia\/adrianna-gorka-scena-pod-regalem-zielono-mi-sladami-agnieszki-osieckiej\/"]}]},{"@type":"BreadcrumbList","@id":"https:\/\/vertigojazz.pl\/wydarzenia\/adrianna-gorka-scena-pod-regalem-zielono-mi-sladami-agnieszki-osieckiej\/#breadcrumb","itemListElement":[{"@type":"ListItem","position":1,"name":"Strona g\u0142\u00f3wna","item":"https:\/\/vertigojazz.pl\/uk\/"},{"@type":"ListItem","position":2,"name":"Adrianna G\u00f3rka &#038; Scena pod Rega\u0142em: Zielono Mi: \u015aladami Agnieszki Osieckiej"}]},{"@type":"WebSite","@id":"https:\/\/vertigojazz.pl\/#website","url":"https:\/\/vertigojazz.pl\/","name":"Vertigo Jazz Club & Restaurant","description":"klub muzyczny we Wroc\u0142awiu","publisher":{"@id":"https:\/\/vertigojazz.pl\/#organization"},"potentialAction":[{"@type":"SearchAction","target":{"@type":"EntryPoint","urlTemplate":"https:\/\/vertigojazz.pl\/?s={search_term_string}"},"query-input":{"@type":"PropertyValueSpecification","valueRequired":true,"valueName":"search_term_string"}}],"inLanguage":"uk-UA"},{"@type":"Organization","@id":"https:\/\/vertigojazz.pl\/#organization","name":"Vertigo Jazz Club & Restaurant","alternateName":"Klub muzyczny we Wroc\u0142awiu","url":"https:\/\/vertigojazz.pl\/","logo":{"@type":"ImageObject","inLanguage":"uk-UA","@id":"https:\/\/vertigojazz.pl\/#\/schema\/logo\/image\/","url":"https:\/\/vertigojazz.pl\/wp-content\/uploads\/2025\/04\/cropped-vertigo_logo_biale-180x180-1.jpg","contentUrl":"https:\/\/vertigojazz.pl\/wp-content\/uploads\/2025\/04\/cropped-vertigo_logo_biale-180x180-1.jpg","width":180,"height":180,"caption":"Vertigo Jazz Club & Restaurant"},"image":{"@id":"https:\/\/vertigojazz.pl\/#\/schema\/logo\/image\/"},"sameAs":["https:\/\/www.facebook.com\/vertigojazzclub","https:\/\/www.instagram.com\/vertigo_jazz_club\/","https:\/\/www.youtube.com\/channel\/UC8sPrX3Xuv7bfuhfr3XbqXg","https:\/\/www.tiktok.com\/@vertigojazzclub"]}]}},"_links":{"self":[{"href":"https:\/\/vertigojazz.pl\/uk\/wp-json\/wp\/v2\/wydarzenie\/14342","targetHints":{"allow":["GET"]}}],"collection":[{"href":"https:\/\/vertigojazz.pl\/uk\/wp-json\/wp\/v2\/wydarzenie"}],"about":[{"href":"https:\/\/vertigojazz.pl\/uk\/wp-json\/wp\/v2\/types\/wydarzenie"}],"author":[{"embeddable":true,"href":"https:\/\/vertigojazz.pl\/uk\/wp-json\/wp\/v2\/users\/14"}],"version-history":[{"count":1,"href":"https:\/\/vertigojazz.pl\/uk\/wp-json\/wp\/v2\/wydarzenie\/14342\/revisions"}],"predecessor-version":[{"id":14633,"href":"https:\/\/vertigojazz.pl\/uk\/wp-json\/wp\/v2\/wydarzenie\/14342\/revisions\/14633"}],"wp:attachment":[{"href":"https:\/\/vertigojazz.pl\/uk\/wp-json\/wp\/v2\/media?parent=14342"}],"curies":[{"name":"wp","href":"https:\/\/api.w.org\/{rel}","templated":true}]}}