{"id":14850,"date":"2025-11-11T16:38:44","date_gmt":"2025-11-11T15:38:44","guid":{"rendered":"https:\/\/vertigojazz.pl\/wydarzenia\/santa-meets-filip-czarnecki-anna-nguyen\/"},"modified":"2025-11-26T18:16:31","modified_gmt":"2025-11-26T17:16:31","slug":"santa-meets-filip-czarnecki-anna-nguyen","status":"publish","type":"wydarzenie","link":"https:\/\/vertigojazz.pl\/uk\/wydarzenia\/santa-meets-filip-czarnecki-anna-nguyen\/","title":{"rendered":"Santa meets Filip Czarnecki &amp; Anna Nguyen"},"content":{"rendered":"<h1><\/h1>\n<h1>\u200bAnna Nguyen i Filip Czarnecki spotykaj\u0105 \u015awi\u0119tego Miko\u0142aja<\/h1>\n<p>Zapraszamy na koncert w to wyj\u0105tkowe, miko\u0142ajkowe popo\u0142udnie, kiedy Anna Nguyen i Filip Czarnecki spotkaj\u0105 \u015awi\u0119tego Miko\u0142aja! To wydarzenie pe\u0142ne ciep\u0142a, elegancji i muzycznej magii, kt\u00f3re od pierwszych d\u017awi\u0119k\u00f3w wprowadzi publiczno\u015b\u0107 w \u015bwi\u0105teczny nastr\u00f3j.<\/p>\n<h2>\u200bJazzowe melodie i zimowy klimat<\/h2>\n<p>Podczas koncertu us\u0142yszycie swinguj\u0105ce melodie i nastrojowe ballady, inspirowane tw\u00f3rczo\u015bci\u0105 najwi\u0119kszych mistrz\u00f3w sceny jazzowej. Delikatne aran\u017cacje, subtelny wokal i lekko\u015b\u0107 fortepianu stworz\u0105 wyj\u0105tkow\u0105, zimow\u0105 atmosfer\u0119.<\/p>\n<h2>Magia, u\u015bmiech i \u015bwi\u0105teczny czar<\/h2>\n<p>Ka\u017cdy, kto by\u0142 w tym roku grzeczny, otrzyma w prezencie nie tylko pi\u0119kn\u0105 muzyk\u0119, ale tak\u017ce odrobin\u0119 magii i u\u015bmiechu. To koncert, kt\u00f3ry przeniesie publiczno\u015b\u0107 w \u015bwiat klasy, elegancji i \u015bwi\u0105tecznego uroku.<\/p>\n<p>English below:<\/p>\n<p>Anna Nguyen and Filip Czarnecki Meet Santa Claus<\/p>\n<p>Join us for a concert on this special Saint Nicholas afternoon, when Anna Nguyen and Filip Czarnecki will meet Santa Claus! It will be an event full of warmth, elegance, and musical magic that will put the audience in a festive mood from the very first notes.<\/p>\n<p>Jazz Melodies and a Winter Mood<\/p>\n<p>During the concert you will hear swinging tunes and atmospheric ballads inspired by the greatest masters of the jazz scene. Delicate arrangements, subtle vocals, and the light touch of the piano will create a unique winter atmosphere.<\/p>\n<p>Magic, Smiles, and Holiday Charm<\/p>\n<p>Everyone who has been good this year will receive not only beautiful music as a gift, but also a touch of magic and a smile. This concert will transport the audience into a world of class, elegance, and Christmas charm.<\/p>\n","protected":false},"excerpt":{"rendered":"<p>\u200bAnna Nguyen i Filip Czarnecki spotykaj\u0105 \u015awi\u0119tego Miko\u0142aja Zapraszamy na koncert w to wyj\u0105tkowe, miko\u0142ajkowe popo\u0142udnie, kiedy Anna Nguyen i Filip Czarnecki spotkaj\u0105 \u015awi\u0119tego Miko\u0142aja! To wydarzenie pe\u0142ne ciep\u0142a, elegancji i muzycznej magii, kt\u00f3re od pierwszych d\u017awi\u0119k\u00f3w wprowadzi publiczno\u015b\u0107 w \u015bwi\u0105teczny nastr\u00f3j. \u200bJazzowe melodie i zimowy klimat Podczas koncertu us\u0142yszycie swinguj\u0105ce melodie i nastrojowe ballady, [&hellip;]<\/p>\n","protected":false},"author":13,"featured_media":0,"parent":0,"menu_order":0,"template":"","meta":{"_acf_changed":false,"footnotes":""},"class_list":["post-14850","wydarzenie","type-wydarzenie","status-publish","hentry"],"acf":[],"yoast_head":"<!-- This site is optimized with the Yoast SEO plugin v26.0 - https:\/\/yoast.com\/wordpress\/plugins\/seo\/ -->\n<title>Santa meets Filip Czarnecki &amp; Anna Nguyen - Vertigo Jazz Club &amp; Restaurant<\/title>\n<meta name=\"description\" content=\"To wydarzenie pe\u0142ne ciep\u0142a, elegancji i muzycznej magii, kt\u00f3re od pierwszych d\u017awi\u0119k\u00f3w wprowadzi publiczno\u015b\u0107 w \u015bwi\u0105teczny nastr\u00f3j.\" \/>\n<meta name=\"robots\" content=\"index, follow, max-snippet:-1, max-image-preview:large, max-video-preview:-1\" \/>\n<link rel=\"canonical\" href=\"https:\/\/vertigojazz.pl\/wydarzenia\/santa-meets-filip-czarnecki-anna-nguyen\/\" \/>\n<meta property=\"og:locale\" content=\"uk_UA\" \/>\n<meta property=\"og:type\" content=\"article\" \/>\n<meta property=\"og:title\" content=\"Santa meets Filip Czarnecki &amp; Anna Nguyen - Vertigo Jazz Club &amp; Restaurant\" \/>\n<meta property=\"og:description\" content=\"To wydarzenie pe\u0142ne ciep\u0142a, elegancji i muzycznej magii, kt\u00f3re od pierwszych d\u017awi\u0119k\u00f3w wprowadzi publiczno\u015b\u0107 w \u015bwi\u0105teczny nastr\u00f3j.\" \/>\n<meta property=\"og:url\" content=\"https:\/\/vertigojazz.pl\/wydarzenia\/santa-meets-filip-czarnecki-anna-nguyen\/\" \/>\n<meta property=\"og:site_name\" content=\"Vertigo Jazz Club &amp; Restaurant\" \/>\n<meta property=\"article:publisher\" content=\"https:\/\/www.facebook.com\/vertigojazzclub\" \/>\n<meta property=\"article:modified_time\" content=\"2025-11-26T17:16:31+00:00\" \/>\n<meta property=\"og:image\" content=\"https:\/\/vertigojazz.pl\/wp-content\/uploads\/2025\/08\/VertigoJazz-Logo_1080_1080.jpeg\" \/>\n\t<meta property=\"og:image:width\" content=\"768\" \/>\n\t<meta property=\"og:image:height\" content=\"768\" \/>\n\t<meta property=\"og:image:type\" content=\"image\/jpeg\" \/>\n<meta name=\"twitter:card\" content=\"summary_large_image\" \/>\n<meta name=\"twitter:label1\" content=\"Est. reading time\" \/>\n\t<meta name=\"twitter:data1\" content=\"2 minutes\" \/>\n<script type=\"application\/ld+json\" class=\"yoast-schema-graph\">{\"@context\":\"https:\/\/schema.org\",\"@graph\":[{\"@type\":\"WebPage\",\"@id\":\"https:\/\/vertigojazz.pl\/wydarzenia\/santa-meets-filip-czarnecki-anna-nguyen\/\",\"url\":\"https:\/\/vertigojazz.pl\/wydarzenia\/santa-meets-filip-czarnecki-anna-nguyen\/\",\"name\":\"Santa meets Filip Czarnecki &amp; Anna Nguyen - Vertigo Jazz Club &amp; Restaurant\",\"isPartOf\":{\"@id\":\"https:\/\/vertigojazz.pl\/#website\"},\"datePublished\":\"2025-11-11T15:38:44+00:00\",\"dateModified\":\"2025-11-26T17:16:31+00:00\",\"description\":\"To wydarzenie pe\u0142ne ciep\u0142a, elegancji i muzycznej magii, kt\u00f3re od pierwszych d\u017awi\u0119k\u00f3w wprowadzi publiczno\u015b\u0107 w \u015bwi\u0105teczny nastr\u00f3j.\",\"breadcrumb\":{\"@id\":\"https:\/\/vertigojazz.pl\/wydarzenia\/santa-meets-filip-czarnecki-anna-nguyen\/#breadcrumb\"},\"inLanguage\":\"uk-UA\",\"potentialAction\":[{\"@type\":\"ReadAction\",\"target\":[\"https:\/\/vertigojazz.pl\/wydarzenia\/santa-meets-filip-czarnecki-anna-nguyen\/\"]}]},{\"@type\":\"BreadcrumbList\",\"@id\":\"https:\/\/vertigojazz.pl\/wydarzenia\/santa-meets-filip-czarnecki-anna-nguyen\/#breadcrumb\",\"itemListElement\":[{\"@type\":\"ListItem\",\"position\":1,\"name\":\"Strona g\u0142\u00f3wna\",\"item\":\"https:\/\/vertigojazz.pl\/uk\/\"},{\"@type\":\"ListItem\",\"position\":2,\"name\":\"Santa meets Filip Czarnecki &amp; Anna Nguyen\"}]},{\"@type\":\"WebSite\",\"@id\":\"https:\/\/vertigojazz.pl\/#website\",\"url\":\"https:\/\/vertigojazz.pl\/\",\"name\":\"Vertigo Jazz Club & Restaurant\",\"description\":\"klub muzyczny we Wroc\u0142awiu\",\"publisher\":{\"@id\":\"https:\/\/vertigojazz.pl\/#organization\"},\"potentialAction\":[{\"@type\":\"SearchAction\",\"target\":{\"@type\":\"EntryPoint\",\"urlTemplate\":\"https:\/\/vertigojazz.pl\/?s={search_term_string}\"},\"query-input\":{\"@type\":\"PropertyValueSpecification\",\"valueRequired\":true,\"valueName\":\"search_term_string\"}}],\"inLanguage\":\"uk-UA\"},{\"@type\":\"Organization\",\"@id\":\"https:\/\/vertigojazz.pl\/#organization\",\"name\":\"Vertigo Jazz Club & Restaurant\",\"alternateName\":\"Klub muzyczny we Wroc\u0142awiu\",\"url\":\"https:\/\/vertigojazz.pl\/\",\"logo\":{\"@type\":\"ImageObject\",\"inLanguage\":\"uk-UA\",\"@id\":\"https:\/\/vertigojazz.pl\/#\/schema\/logo\/image\/\",\"url\":\"https:\/\/vertigojazz.pl\/wp-content\/uploads\/2025\/04\/cropped-vertigo_logo_biale-180x180-1.jpg\",\"contentUrl\":\"https:\/\/vertigojazz.pl\/wp-content\/uploads\/2025\/04\/cropped-vertigo_logo_biale-180x180-1.jpg\",\"width\":180,\"height\":180,\"caption\":\"Vertigo Jazz Club & Restaurant\"},\"image\":{\"@id\":\"https:\/\/vertigojazz.pl\/#\/schema\/logo\/image\/\"},\"sameAs\":[\"https:\/\/www.facebook.com\/vertigojazzclub\",\"https:\/\/www.instagram.com\/vertigo_jazz_club\/\",\"https:\/\/www.youtube.com\/channel\/UC8sPrX3Xuv7bfuhfr3XbqXg\",\"https:\/\/www.tiktok.com\/@vertigojazzclub\"]}]}<\/script>\n<!-- \/ Yoast SEO plugin. -->","yoast_head_json":{"title":"Santa meets Filip Czarnecki &amp; Anna Nguyen - Vertigo Jazz Club &amp; Restaurant","description":"To wydarzenie pe\u0142ne ciep\u0142a, elegancji i muzycznej magii, kt\u00f3re od pierwszych d\u017awi\u0119k\u00f3w wprowadzi publiczno\u015b\u0107 w \u015bwi\u0105teczny nastr\u00f3j.","robots":{"index":"index","follow":"follow","max-snippet":"max-snippet:-1","max-image-preview":"max-image-preview:large","max-video-preview":"max-video-preview:-1"},"canonical":"https:\/\/vertigojazz.pl\/wydarzenia\/santa-meets-filip-czarnecki-anna-nguyen\/","og_locale":"uk_UA","og_type":"article","og_title":"Santa meets Filip Czarnecki &amp; Anna Nguyen - Vertigo Jazz Club &amp; Restaurant","og_description":"To wydarzenie pe\u0142ne ciep\u0142a, elegancji i muzycznej magii, kt\u00f3re od pierwszych d\u017awi\u0119k\u00f3w wprowadzi publiczno\u015b\u0107 w \u015bwi\u0105teczny nastr\u00f3j.","og_url":"https:\/\/vertigojazz.pl\/wydarzenia\/santa-meets-filip-czarnecki-anna-nguyen\/","og_site_name":"Vertigo Jazz Club &amp; Restaurant","article_publisher":"https:\/\/www.facebook.com\/vertigojazzclub","article_modified_time":"2025-11-26T17:16:31+00:00","og_image":[{"width":768,"height":768,"url":"https:\/\/vertigojazz.pl\/wp-content\/uploads\/2025\/08\/VertigoJazz-Logo_1080_1080.jpeg","type":"image\/jpeg"}],"twitter_card":"summary_large_image","twitter_misc":{"Est. reading time":"2 minutes"},"schema":{"@context":"https:\/\/schema.org","@graph":[{"@type":"WebPage","@id":"https:\/\/vertigojazz.pl\/wydarzenia\/santa-meets-filip-czarnecki-anna-nguyen\/","url":"https:\/\/vertigojazz.pl\/wydarzenia\/santa-meets-filip-czarnecki-anna-nguyen\/","name":"Santa meets Filip Czarnecki &amp; Anna Nguyen - Vertigo Jazz Club &amp; Restaurant","isPartOf":{"@id":"https:\/\/vertigojazz.pl\/#website"},"datePublished":"2025-11-11T15:38:44+00:00","dateModified":"2025-11-26T17:16:31+00:00","description":"To wydarzenie pe\u0142ne ciep\u0142a, elegancji i muzycznej magii, kt\u00f3re od pierwszych d\u017awi\u0119k\u00f3w wprowadzi publiczno\u015b\u0107 w \u015bwi\u0105teczny nastr\u00f3j.","breadcrumb":{"@id":"https:\/\/vertigojazz.pl\/wydarzenia\/santa-meets-filip-czarnecki-anna-nguyen\/#breadcrumb"},"inLanguage":"uk-UA","potentialAction":[{"@type":"ReadAction","target":["https:\/\/vertigojazz.pl\/wydarzenia\/santa-meets-filip-czarnecki-anna-nguyen\/"]}]},{"@type":"BreadcrumbList","@id":"https:\/\/vertigojazz.pl\/wydarzenia\/santa-meets-filip-czarnecki-anna-nguyen\/#breadcrumb","itemListElement":[{"@type":"ListItem","position":1,"name":"Strona g\u0142\u00f3wna","item":"https:\/\/vertigojazz.pl\/uk\/"},{"@type":"ListItem","position":2,"name":"Santa meets Filip Czarnecki &amp; Anna Nguyen"}]},{"@type":"WebSite","@id":"https:\/\/vertigojazz.pl\/#website","url":"https:\/\/vertigojazz.pl\/","name":"Vertigo Jazz Club & Restaurant","description":"klub muzyczny we Wroc\u0142awiu","publisher":{"@id":"https:\/\/vertigojazz.pl\/#organization"},"potentialAction":[{"@type":"SearchAction","target":{"@type":"EntryPoint","urlTemplate":"https:\/\/vertigojazz.pl\/?s={search_term_string}"},"query-input":{"@type":"PropertyValueSpecification","valueRequired":true,"valueName":"search_term_string"}}],"inLanguage":"uk-UA"},{"@type":"Organization","@id":"https:\/\/vertigojazz.pl\/#organization","name":"Vertigo Jazz Club & Restaurant","alternateName":"Klub muzyczny we Wroc\u0142awiu","url":"https:\/\/vertigojazz.pl\/","logo":{"@type":"ImageObject","inLanguage":"uk-UA","@id":"https:\/\/vertigojazz.pl\/#\/schema\/logo\/image\/","url":"https:\/\/vertigojazz.pl\/wp-content\/uploads\/2025\/04\/cropped-vertigo_logo_biale-180x180-1.jpg","contentUrl":"https:\/\/vertigojazz.pl\/wp-content\/uploads\/2025\/04\/cropped-vertigo_logo_biale-180x180-1.jpg","width":180,"height":180,"caption":"Vertigo Jazz Club & Restaurant"},"image":{"@id":"https:\/\/vertigojazz.pl\/#\/schema\/logo\/image\/"},"sameAs":["https:\/\/www.facebook.com\/vertigojazzclub","https:\/\/www.instagram.com\/vertigo_jazz_club\/","https:\/\/www.youtube.com\/channel\/UC8sPrX3Xuv7bfuhfr3XbqXg","https:\/\/www.tiktok.com\/@vertigojazzclub"]}]}},"_links":{"self":[{"href":"https:\/\/vertigojazz.pl\/uk\/wp-json\/wp\/v2\/wydarzenie\/14850","targetHints":{"allow":["GET"]}}],"collection":[{"href":"https:\/\/vertigojazz.pl\/uk\/wp-json\/wp\/v2\/wydarzenie"}],"about":[{"href":"https:\/\/vertigojazz.pl\/uk\/wp-json\/wp\/v2\/types\/wydarzenie"}],"author":[{"embeddable":true,"href":"https:\/\/vertigojazz.pl\/uk\/wp-json\/wp\/v2\/users\/13"}],"version-history":[{"count":1,"href":"https:\/\/vertigojazz.pl\/uk\/wp-json\/wp\/v2\/wydarzenie\/14850\/revisions"}],"predecessor-version":[{"id":15205,"href":"https:\/\/vertigojazz.pl\/uk\/wp-json\/wp\/v2\/wydarzenie\/14850\/revisions\/15205"}],"wp:attachment":[{"href":"https:\/\/vertigojazz.pl\/uk\/wp-json\/wp\/v2\/media?parent=14850"}],"curies":[{"name":"wp","href":"https:\/\/api.w.org\/{rel}","templated":true}]}}