{"id":14903,"date":"2025-11-13T20:59:57","date_gmt":"2025-11-13T19:59:57","guid":{"rendered":"https:\/\/vertigojazz.pl\/wydarzenia\/hiszpanskie-swieta-z-julia-szewczyk\/"},"modified":"2025-11-26T18:47:14","modified_gmt":"2025-11-26T17:47:14","slug":"hiszpanskie-swieta-z-julia-szewczyk","status":"publish","type":"wydarzenie","link":"https:\/\/vertigojazz.pl\/uk\/wydarzenia\/hiszpanskie-swieta-z-julia-szewczyk\/","title":{"rendered":"Hiszpa\u0144skie \u015awi\u0119ta z Juli\u0105 Szewczyk"},"content":{"rendered":"<h1>\u200bBo\u017conarodzeniowa magia w rytmach po\u0142udniowego s\u0142o\u0144ca<\/h1>\n<p>Zapraszamy na wyj\u0105tkowe wydarzenie, kt\u00f3re przeniesie Pa\u0144stwa w ciep\u0142y, rozta\u0144czony klimat Hiszpanii. Wokalistka Julia Szewczyk zabierze publiczno\u015b\u0107 w muzyczn\u0105 podr\u00f3\u017c pe\u0142n\u0105 emocji, pasji i \u015bwi\u0105tecznego blasku, prezentuj\u0105c najpi\u0119kniejsze hiszpa\u0144skie piosenki bo\u017conarodzeniowe.<\/p>\n<h2>\u015awi\u0105teczna rado\u015b\u0107 i hiszpa\u0144ski temperament<\/h2>\n<p>Na scenie towarzyszy\u0107 jej b\u0119dzie zesp\u00f3\u0142 znakomitych muzyk\u00f3w, kt\u00f3rzy stworz\u0105 niepowtarzaln\u0105 atmosfer\u0119 ciep\u0142a, rado\u015bci i wsp\u00f3lnego \u015bwi\u0119towania. Po\u0142udniowy temperament, rytmiczne melodie i subtelne aran\u017cacje wprowadz\u0105 s\u0142uchaczy w zupe\u0142nie nowy wymiar \u015bwi\u0105tecznego nastroju.<\/p>\n<h2>\u200bTradycja i energia w jednym brzmieniu<\/h2>\n<p>To spotkanie, kt\u00f3re \u0142\u0105czy klasyczne bo\u017conarodzeniowe motywy z hiszpa\u0144skim ogniem i muzyczn\u0105 elegancj\u0105, iidealny spos\u00f3b, by poczu\u0107 magi\u0119 \u015bwi\u0105t w oryginalnej, pe\u0142nej emocji formie.<\/p>\n<p>English below:<\/p>\n<p>Christmas magic to the rhythms of the southern sun<\/p>\n<p>We invite you to a unique event that will transport you into the warm, vibrant atmosphere of Spain. Vocalist Julia Szewczyk will take the audience on a musical journey full of emotion, passion and festive sparkle, performing the most beautiful Spanish Christmas songs.<\/p>\n<p>Festive joy and Spanish temperament<\/p>\n<p>She will be accompanied on stage by a band of outstanding musicians, who will create an unforgettable atmosphere of warmth, joy and shared celebration. Southern temperament, rhythmic melodies and subtle arrangements will lead listeners into a completely new dimension of the Christmas mood.<\/p>\n<p>Tradition and energy in one sound<\/p>\n<p>This is an event that combines classic Christmas themes with Spanish fire and musical elegance \u2013 the perfect way to feel the magic of the holidays in an original, emotion-filled form.<\/p>\n","protected":false},"excerpt":{"rendered":"<p>\u200bBo\u017conarodzeniowa magia w rytmach po\u0142udniowego s\u0142o\u0144ca Zapraszamy na wyj\u0105tkowe wydarzenie, kt\u00f3re przeniesie Pa\u0144stwa w ciep\u0142y, rozta\u0144czony klimat Hiszpanii. Wokalistka Julia Szewczyk zabierze publiczno\u015b\u0107 w muzyczn\u0105 podr\u00f3\u017c pe\u0142n\u0105 emocji, pasji i \u015bwi\u0105tecznego blasku, prezentuj\u0105c najpi\u0119kniejsze hiszpa\u0144skie piosenki bo\u017conarodzeniowe. \u015awi\u0105teczna rado\u015b\u0107 i hiszpa\u0144ski temperament Na scenie towarzyszy\u0107 jej b\u0119dzie zesp\u00f3\u0142 znakomitych muzyk\u00f3w, kt\u00f3rzy stworz\u0105 niepowtarzaln\u0105 atmosfer\u0119 ciep\u0142a, [&hellip;]<\/p>\n","protected":false},"author":13,"featured_media":0,"parent":0,"menu_order":0,"template":"","meta":{"_acf_changed":false,"footnotes":""},"class_list":["post-14903","wydarzenie","type-wydarzenie","status-publish","hentry"],"acf":[],"yoast_head":"<!-- This site is optimized with the Yoast SEO plugin v26.0 - https:\/\/yoast.com\/wordpress\/plugins\/seo\/ -->\n<title>Hiszpa\u0144skie \u015awi\u0119ta z Juli\u0105 Szewczyk - Vertigo Jazz Club &amp; Restaurant<\/title>\n<meta name=\"description\" content=\"Wokalistka Julia Szewczyk zabierze publiczno\u015b\u0107 w muzyczn\u0105 podr\u00f3\u017c pe\u0142n\u0105 emocji, pasji i \u015bwi\u0105tecznego blasku, prezentuj\u0105c najpi\u0119kniejsze hiszpa\u0144skie piosenki bo\u017conarodzeniowe.\" \/>\n<meta name=\"robots\" content=\"index, follow, max-snippet:-1, max-image-preview:large, max-video-preview:-1\" \/>\n<link rel=\"canonical\" href=\"https:\/\/vertigojazz.pl\/wydarzenia\/hiszpanskie-swieta-z-julia-szewczyk\/\" \/>\n<meta property=\"og:locale\" content=\"uk_UA\" \/>\n<meta property=\"og:type\" content=\"article\" \/>\n<meta property=\"og:title\" content=\"Hiszpa\u0144skie \u015awi\u0119ta z Juli\u0105 Szewczyk - Vertigo Jazz Club &amp; Restaurant\" \/>\n<meta property=\"og:description\" content=\"Wokalistka Julia Szewczyk zabierze publiczno\u015b\u0107 w muzyczn\u0105 podr\u00f3\u017c pe\u0142n\u0105 emocji, pasji i \u015bwi\u0105tecznego blasku, prezentuj\u0105c najpi\u0119kniejsze hiszpa\u0144skie piosenki bo\u017conarodzeniowe.\" \/>\n<meta property=\"og:url\" content=\"https:\/\/vertigojazz.pl\/wydarzenia\/hiszpanskie-swieta-z-julia-szewczyk\/\" \/>\n<meta property=\"og:site_name\" content=\"Vertigo Jazz Club &amp; Restaurant\" \/>\n<meta property=\"article:publisher\" content=\"https:\/\/www.facebook.com\/vertigojazzclub\" \/>\n<meta property=\"article:modified_time\" content=\"2025-11-26T17:47:14+00:00\" \/>\n<meta property=\"og:image\" content=\"https:\/\/vertigojazz.pl\/wp-content\/uploads\/2025\/08\/VertigoJazz-Logo_1080_1080.jpeg\" \/>\n\t<meta property=\"og:image:width\" content=\"768\" \/>\n\t<meta property=\"og:image:height\" content=\"768\" \/>\n\t<meta property=\"og:image:type\" content=\"image\/jpeg\" \/>\n<meta name=\"twitter:card\" content=\"summary_large_image\" \/>\n<meta name=\"twitter:label1\" content=\"Est. reading time\" \/>\n\t<meta name=\"twitter:data1\" content=\"2 minutes\" \/>\n<script type=\"application\/ld+json\" class=\"yoast-schema-graph\">{\"@context\":\"https:\/\/schema.org\",\"@graph\":[{\"@type\":\"WebPage\",\"@id\":\"https:\/\/vertigojazz.pl\/wydarzenia\/hiszpanskie-swieta-z-julia-szewczyk\/\",\"url\":\"https:\/\/vertigojazz.pl\/wydarzenia\/hiszpanskie-swieta-z-julia-szewczyk\/\",\"name\":\"Hiszpa\u0144skie \u015awi\u0119ta z Juli\u0105 Szewczyk - Vertigo Jazz Club &amp; Restaurant\",\"isPartOf\":{\"@id\":\"https:\/\/vertigojazz.pl\/#website\"},\"datePublished\":\"2025-11-13T19:59:57+00:00\",\"dateModified\":\"2025-11-26T17:47:14+00:00\",\"description\":\"Wokalistka Julia Szewczyk zabierze publiczno\u015b\u0107 w muzyczn\u0105 podr\u00f3\u017c pe\u0142n\u0105 emocji, pasji i \u015bwi\u0105tecznego blasku, prezentuj\u0105c najpi\u0119kniejsze hiszpa\u0144skie piosenki bo\u017conarodzeniowe.\",\"breadcrumb\":{\"@id\":\"https:\/\/vertigojazz.pl\/wydarzenia\/hiszpanskie-swieta-z-julia-szewczyk\/#breadcrumb\"},\"inLanguage\":\"uk-UA\",\"potentialAction\":[{\"@type\":\"ReadAction\",\"target\":[\"https:\/\/vertigojazz.pl\/wydarzenia\/hiszpanskie-swieta-z-julia-szewczyk\/\"]}]},{\"@type\":\"BreadcrumbList\",\"@id\":\"https:\/\/vertigojazz.pl\/wydarzenia\/hiszpanskie-swieta-z-julia-szewczyk\/#breadcrumb\",\"itemListElement\":[{\"@type\":\"ListItem\",\"position\":1,\"name\":\"Strona g\u0142\u00f3wna\",\"item\":\"https:\/\/vertigojazz.pl\/uk\/\"},{\"@type\":\"ListItem\",\"position\":2,\"name\":\"Hiszpa\u0144skie \u015awi\u0119ta z Juli\u0105 Szewczyk\"}]},{\"@type\":\"WebSite\",\"@id\":\"https:\/\/vertigojazz.pl\/#website\",\"url\":\"https:\/\/vertigojazz.pl\/\",\"name\":\"Vertigo Jazz Club & Restaurant\",\"description\":\"klub muzyczny we Wroc\u0142awiu\",\"publisher\":{\"@id\":\"https:\/\/vertigojazz.pl\/#organization\"},\"potentialAction\":[{\"@type\":\"SearchAction\",\"target\":{\"@type\":\"EntryPoint\",\"urlTemplate\":\"https:\/\/vertigojazz.pl\/?s={search_term_string}\"},\"query-input\":{\"@type\":\"PropertyValueSpecification\",\"valueRequired\":true,\"valueName\":\"search_term_string\"}}],\"inLanguage\":\"uk-UA\"},{\"@type\":\"Organization\",\"@id\":\"https:\/\/vertigojazz.pl\/#organization\",\"name\":\"Vertigo Jazz Club & Restaurant\",\"alternateName\":\"Klub muzyczny we Wroc\u0142awiu\",\"url\":\"https:\/\/vertigojazz.pl\/\",\"logo\":{\"@type\":\"ImageObject\",\"inLanguage\":\"uk-UA\",\"@id\":\"https:\/\/vertigojazz.pl\/#\/schema\/logo\/image\/\",\"url\":\"https:\/\/vertigojazz.pl\/wp-content\/uploads\/2025\/04\/cropped-vertigo_logo_biale-180x180-1.jpg\",\"contentUrl\":\"https:\/\/vertigojazz.pl\/wp-content\/uploads\/2025\/04\/cropped-vertigo_logo_biale-180x180-1.jpg\",\"width\":180,\"height\":180,\"caption\":\"Vertigo Jazz Club & Restaurant\"},\"image\":{\"@id\":\"https:\/\/vertigojazz.pl\/#\/schema\/logo\/image\/\"},\"sameAs\":[\"https:\/\/www.facebook.com\/vertigojazzclub\",\"https:\/\/www.instagram.com\/vertigo_jazz_club\/\",\"https:\/\/www.youtube.com\/channel\/UC8sPrX3Xuv7bfuhfr3XbqXg\",\"https:\/\/www.tiktok.com\/@vertigojazzclub\"]}]}<\/script>\n<!-- \/ Yoast SEO plugin. -->","yoast_head_json":{"title":"Hiszpa\u0144skie \u015awi\u0119ta z Juli\u0105 Szewczyk - Vertigo Jazz Club &amp; Restaurant","description":"Wokalistka Julia Szewczyk zabierze publiczno\u015b\u0107 w muzyczn\u0105 podr\u00f3\u017c pe\u0142n\u0105 emocji, pasji i \u015bwi\u0105tecznego blasku, prezentuj\u0105c najpi\u0119kniejsze hiszpa\u0144skie piosenki bo\u017conarodzeniowe.","robots":{"index":"index","follow":"follow","max-snippet":"max-snippet:-1","max-image-preview":"max-image-preview:large","max-video-preview":"max-video-preview:-1"},"canonical":"https:\/\/vertigojazz.pl\/wydarzenia\/hiszpanskie-swieta-z-julia-szewczyk\/","og_locale":"uk_UA","og_type":"article","og_title":"Hiszpa\u0144skie \u015awi\u0119ta z Juli\u0105 Szewczyk - Vertigo Jazz Club &amp; Restaurant","og_description":"Wokalistka Julia Szewczyk zabierze publiczno\u015b\u0107 w muzyczn\u0105 podr\u00f3\u017c pe\u0142n\u0105 emocji, pasji i \u015bwi\u0105tecznego blasku, prezentuj\u0105c najpi\u0119kniejsze hiszpa\u0144skie piosenki bo\u017conarodzeniowe.","og_url":"https:\/\/vertigojazz.pl\/wydarzenia\/hiszpanskie-swieta-z-julia-szewczyk\/","og_site_name":"Vertigo Jazz Club &amp; Restaurant","article_publisher":"https:\/\/www.facebook.com\/vertigojazzclub","article_modified_time":"2025-11-26T17:47:14+00:00","og_image":[{"width":768,"height":768,"url":"https:\/\/vertigojazz.pl\/wp-content\/uploads\/2025\/08\/VertigoJazz-Logo_1080_1080.jpeg","type":"image\/jpeg"}],"twitter_card":"summary_large_image","twitter_misc":{"Est. reading time":"2 minutes"},"schema":{"@context":"https:\/\/schema.org","@graph":[{"@type":"WebPage","@id":"https:\/\/vertigojazz.pl\/wydarzenia\/hiszpanskie-swieta-z-julia-szewczyk\/","url":"https:\/\/vertigojazz.pl\/wydarzenia\/hiszpanskie-swieta-z-julia-szewczyk\/","name":"Hiszpa\u0144skie \u015awi\u0119ta z Juli\u0105 Szewczyk - Vertigo Jazz Club &amp; Restaurant","isPartOf":{"@id":"https:\/\/vertigojazz.pl\/#website"},"datePublished":"2025-11-13T19:59:57+00:00","dateModified":"2025-11-26T17:47:14+00:00","description":"Wokalistka Julia Szewczyk zabierze publiczno\u015b\u0107 w muzyczn\u0105 podr\u00f3\u017c pe\u0142n\u0105 emocji, pasji i \u015bwi\u0105tecznego blasku, prezentuj\u0105c najpi\u0119kniejsze hiszpa\u0144skie piosenki bo\u017conarodzeniowe.","breadcrumb":{"@id":"https:\/\/vertigojazz.pl\/wydarzenia\/hiszpanskie-swieta-z-julia-szewczyk\/#breadcrumb"},"inLanguage":"uk-UA","potentialAction":[{"@type":"ReadAction","target":["https:\/\/vertigojazz.pl\/wydarzenia\/hiszpanskie-swieta-z-julia-szewczyk\/"]}]},{"@type":"BreadcrumbList","@id":"https:\/\/vertigojazz.pl\/wydarzenia\/hiszpanskie-swieta-z-julia-szewczyk\/#breadcrumb","itemListElement":[{"@type":"ListItem","position":1,"name":"Strona g\u0142\u00f3wna","item":"https:\/\/vertigojazz.pl\/uk\/"},{"@type":"ListItem","position":2,"name":"Hiszpa\u0144skie \u015awi\u0119ta z Juli\u0105 Szewczyk"}]},{"@type":"WebSite","@id":"https:\/\/vertigojazz.pl\/#website","url":"https:\/\/vertigojazz.pl\/","name":"Vertigo Jazz Club & Restaurant","description":"klub muzyczny we Wroc\u0142awiu","publisher":{"@id":"https:\/\/vertigojazz.pl\/#organization"},"potentialAction":[{"@type":"SearchAction","target":{"@type":"EntryPoint","urlTemplate":"https:\/\/vertigojazz.pl\/?s={search_term_string}"},"query-input":{"@type":"PropertyValueSpecification","valueRequired":true,"valueName":"search_term_string"}}],"inLanguage":"uk-UA"},{"@type":"Organization","@id":"https:\/\/vertigojazz.pl\/#organization","name":"Vertigo Jazz Club & Restaurant","alternateName":"Klub muzyczny we Wroc\u0142awiu","url":"https:\/\/vertigojazz.pl\/","logo":{"@type":"ImageObject","inLanguage":"uk-UA","@id":"https:\/\/vertigojazz.pl\/#\/schema\/logo\/image\/","url":"https:\/\/vertigojazz.pl\/wp-content\/uploads\/2025\/04\/cropped-vertigo_logo_biale-180x180-1.jpg","contentUrl":"https:\/\/vertigojazz.pl\/wp-content\/uploads\/2025\/04\/cropped-vertigo_logo_biale-180x180-1.jpg","width":180,"height":180,"caption":"Vertigo Jazz Club & Restaurant"},"image":{"@id":"https:\/\/vertigojazz.pl\/#\/schema\/logo\/image\/"},"sameAs":["https:\/\/www.facebook.com\/vertigojazzclub","https:\/\/www.instagram.com\/vertigo_jazz_club\/","https:\/\/www.youtube.com\/channel\/UC8sPrX3Xuv7bfuhfr3XbqXg","https:\/\/www.tiktok.com\/@vertigojazzclub"]}]}},"_links":{"self":[{"href":"https:\/\/vertigojazz.pl\/uk\/wp-json\/wp\/v2\/wydarzenie\/14903","targetHints":{"allow":["GET"]}}],"collection":[{"href":"https:\/\/vertigojazz.pl\/uk\/wp-json\/wp\/v2\/wydarzenie"}],"about":[{"href":"https:\/\/vertigojazz.pl\/uk\/wp-json\/wp\/v2\/types\/wydarzenie"}],"author":[{"embeddable":true,"href":"https:\/\/vertigojazz.pl\/uk\/wp-json\/wp\/v2\/users\/13"}],"version-history":[{"count":1,"href":"https:\/\/vertigojazz.pl\/uk\/wp-json\/wp\/v2\/wydarzenie\/14903\/revisions"}],"predecessor-version":[{"id":15231,"href":"https:\/\/vertigojazz.pl\/uk\/wp-json\/wp\/v2\/wydarzenie\/14903\/revisions\/15231"}],"wp:attachment":[{"href":"https:\/\/vertigojazz.pl\/uk\/wp-json\/wp\/v2\/media?parent=14903"}],"curies":[{"name":"wp","href":"https:\/\/api.w.org\/{rel}","templated":true}]}}