{"id":14933,"date":"2025-11-14T17:15:01","date_gmt":"2025-11-14T16:15:01","guid":{"rendered":"https:\/\/vertigojazz.pl\/wydarzenia\/sladami-michaela-buble-christmas-time-by-luboinski-lobos\/"},"modified":"2025-11-26T18:28:23","modified_gmt":"2025-11-26T17:28:23","slug":"sladami-michaela-buble-christmas-time-by-luboinski-lobos","status":"publish","type":"wydarzenie","link":"https:\/\/vertigojazz.pl\/uk\/wydarzenia\/sladami-michaela-buble-christmas-time-by-luboinski-lobos\/","title":{"rendered":"\u015aladami Michael&#8217;a Buble: Christmas Time by Luboi\u0144ski\/\u0141obos"},"content":{"rendered":"<h1><\/h1>\n<h1>\u015awi\u0105teczny wiecz\u00f3r w rytmie Michaela Bubl\u00e9<\/h1>\n<p>\u015aladami Michaela Buble to koncert, muzyczna podr\u00f3\u017c inspirowana tw\u00f3rczo\u015bci\u0105 kanadyjskiej gwiazdy. Stworzymy niesamowit\u0105 atmosfer\u0119, prezentuj\u0105c zar\u00f3wno utwory \u015bwi\u0105teczne jak i najwi\u0119ksze hity croonera zza oceanu. Doskona\u0142a okazja by delektuj\u0105c si\u0119 dobr\u0105 muzyk\u0105 poczu\u0107 klimat Bo\u017cego Narodzenia.<\/p>\n<p>Wiecz\u00f3r poprowadzi Jakub Luboi\u0144ski. Obdarzony ciep\u0142ym i niezwykle ciekawym g\u0142osem wokalista, swoim \u015bpiewem i gaw\u0119d\u0105 pozwoli zapomnie\u0107 na chwil\u0119 o otaczaj\u0105cym nas \u015bwiecie. A wszystko to oprzemy na solidnym fundamencie wspania\u0142ego zespo\u0142u,, prowadzonego przez Sebastiana \u0141obosa.<\/p>\n<p>English below:<\/p>\n<p><strong>A Christmas Evening to the Rhythm of Michael Bubl\u00e9<\/strong><\/p>\n<p><em>In the Footsteps of Michael Bubl\u00e9<\/em> is a concert \u2013 a musical journey inspired by the work of the Canadian star. We will create an amazing atmosphere, presenting both Christmas songs and the greatest hits of the crooner from across the ocean. It\u2019s a perfect opportunity to savour good music and feel the spirit of Christmas.<\/p>\n<p>The evening will be hosted by Jakub Luboi\u0144ski. Gifted with a warm and remarkably intriguing voice, he will, through his singing and storytelling, help you forget the world around us for a while. And all of this will be built on the solid foundation of a wonderful band led by Sebastian \u0141obos.<\/p>\n","protected":false},"excerpt":{"rendered":"<p>\u015awi\u0105teczny wiecz\u00f3r w rytmie Michaela Bubl\u00e9 \u015aladami Michaela Buble to koncert, muzyczna podr\u00f3\u017c inspirowana tw\u00f3rczo\u015bci\u0105 kanadyjskiej gwiazdy. Stworzymy niesamowit\u0105 atmosfer\u0119, prezentuj\u0105c zar\u00f3wno utwory \u015bwi\u0105teczne jak i najwi\u0119ksze hity croonera zza oceanu. Doskona\u0142a okazja by delektuj\u0105c si\u0119 dobr\u0105 muzyk\u0105 poczu\u0107 klimat Bo\u017cego Narodzenia. Wiecz\u00f3r poprowadzi Jakub Luboi\u0144ski. Obdarzony ciep\u0142ym i niezwykle ciekawym g\u0142osem wokalista, swoim \u015bpiewem [&hellip;]<\/p>\n","protected":false},"author":13,"featured_media":0,"parent":0,"menu_order":0,"template":"","meta":{"_acf_changed":false,"footnotes":""},"class_list":["post-14933","wydarzenie","type-wydarzenie","status-publish","hentry"],"acf":[],"yoast_head":"<!-- This site is optimized with the Yoast SEO plugin v26.0 - https:\/\/yoast.com\/wordpress\/plugins\/seo\/ -->\n<title>\u015aladami Michael&#039;a Buble: Christmas Time by Luboi\u0144ski\/\u0141obos - Vertigo Jazz Club &amp; Restaurant<\/title>\n<meta name=\"description\" content=\"\u015aladami Michaela Buble to koncert, muzyczna podr\u00f3\u017c inspirowana tw\u00f3rczo\u015bci\u0105 kanadyjskiej gwiazdy.\" \/>\n<meta name=\"robots\" content=\"index, follow, max-snippet:-1, max-image-preview:large, max-video-preview:-1\" \/>\n<link rel=\"canonical\" href=\"https:\/\/vertigojazz.pl\/wydarzenia\/sladami-michaela-buble-christmas-time-by-luboinski-lobos\/\" \/>\n<meta property=\"og:locale\" content=\"uk_UA\" \/>\n<meta property=\"og:type\" content=\"article\" \/>\n<meta property=\"og:title\" content=\"\u015aladami Michael&#039;a Buble: Christmas Time by Luboi\u0144ski\/\u0141obos - Vertigo Jazz Club &amp; Restaurant\" \/>\n<meta property=\"og:description\" content=\"\u015aladami Michaela Buble to koncert, muzyczna podr\u00f3\u017c inspirowana tw\u00f3rczo\u015bci\u0105 kanadyjskiej gwiazdy.\" \/>\n<meta property=\"og:url\" content=\"https:\/\/vertigojazz.pl\/wydarzenia\/sladami-michaela-buble-christmas-time-by-luboinski-lobos\/\" \/>\n<meta property=\"og:site_name\" content=\"Vertigo Jazz Club &amp; Restaurant\" \/>\n<meta property=\"article:publisher\" content=\"https:\/\/www.facebook.com\/vertigojazzclub\" \/>\n<meta property=\"article:modified_time\" content=\"2025-11-26T17:28:23+00:00\" \/>\n<meta property=\"og:image\" content=\"https:\/\/vertigojazz.pl\/wp-content\/uploads\/2025\/08\/VertigoJazz-Logo_1080_1080.jpeg\" \/>\n\t<meta property=\"og:image:width\" content=\"768\" \/>\n\t<meta property=\"og:image:height\" content=\"768\" \/>\n\t<meta property=\"og:image:type\" content=\"image\/jpeg\" \/>\n<meta name=\"twitter:card\" content=\"summary_large_image\" \/>\n<meta name=\"twitter:label1\" content=\"Est. reading time\" \/>\n\t<meta name=\"twitter:data1\" content=\"2 minutes\" \/>\n<script type=\"application\/ld+json\" class=\"yoast-schema-graph\">{\"@context\":\"https:\/\/schema.org\",\"@graph\":[{\"@type\":\"WebPage\",\"@id\":\"https:\/\/vertigojazz.pl\/wydarzenia\/sladami-michaela-buble-christmas-time-by-luboinski-lobos\/\",\"url\":\"https:\/\/vertigojazz.pl\/wydarzenia\/sladami-michaela-buble-christmas-time-by-luboinski-lobos\/\",\"name\":\"\u015aladami Michael'a Buble: Christmas Time by Luboi\u0144ski\/\u0141obos - Vertigo Jazz Club &amp; Restaurant\",\"isPartOf\":{\"@id\":\"https:\/\/vertigojazz.pl\/#website\"},\"datePublished\":\"2025-11-14T16:15:01+00:00\",\"dateModified\":\"2025-11-26T17:28:23+00:00\",\"description\":\"\u015aladami Michaela Buble to koncert, muzyczna podr\u00f3\u017c inspirowana tw\u00f3rczo\u015bci\u0105 kanadyjskiej gwiazdy.\",\"breadcrumb\":{\"@id\":\"https:\/\/vertigojazz.pl\/wydarzenia\/sladami-michaela-buble-christmas-time-by-luboinski-lobos\/#breadcrumb\"},\"inLanguage\":\"uk-UA\",\"potentialAction\":[{\"@type\":\"ReadAction\",\"target\":[\"https:\/\/vertigojazz.pl\/wydarzenia\/sladami-michaela-buble-christmas-time-by-luboinski-lobos\/\"]}]},{\"@type\":\"BreadcrumbList\",\"@id\":\"https:\/\/vertigojazz.pl\/wydarzenia\/sladami-michaela-buble-christmas-time-by-luboinski-lobos\/#breadcrumb\",\"itemListElement\":[{\"@type\":\"ListItem\",\"position\":1,\"name\":\"Strona g\u0142\u00f3wna\",\"item\":\"https:\/\/vertigojazz.pl\/uk\/\"},{\"@type\":\"ListItem\",\"position\":2,\"name\":\"\u015aladami Michael&#8217;a Buble: Christmas Time by Luboi\u0144ski\/\u0141obos\"}]},{\"@type\":\"WebSite\",\"@id\":\"https:\/\/vertigojazz.pl\/#website\",\"url\":\"https:\/\/vertigojazz.pl\/\",\"name\":\"Vertigo Jazz Club & Restaurant\",\"description\":\"klub muzyczny we Wroc\u0142awiu\",\"publisher\":{\"@id\":\"https:\/\/vertigojazz.pl\/#organization\"},\"potentialAction\":[{\"@type\":\"SearchAction\",\"target\":{\"@type\":\"EntryPoint\",\"urlTemplate\":\"https:\/\/vertigojazz.pl\/?s={search_term_string}\"},\"query-input\":{\"@type\":\"PropertyValueSpecification\",\"valueRequired\":true,\"valueName\":\"search_term_string\"}}],\"inLanguage\":\"uk-UA\"},{\"@type\":\"Organization\",\"@id\":\"https:\/\/vertigojazz.pl\/#organization\",\"name\":\"Vertigo Jazz Club & Restaurant\",\"alternateName\":\"Klub muzyczny we Wroc\u0142awiu\",\"url\":\"https:\/\/vertigojazz.pl\/\",\"logo\":{\"@type\":\"ImageObject\",\"inLanguage\":\"uk-UA\",\"@id\":\"https:\/\/vertigojazz.pl\/#\/schema\/logo\/image\/\",\"url\":\"https:\/\/vertigojazz.pl\/wp-content\/uploads\/2025\/04\/cropped-vertigo_logo_biale-180x180-1.jpg\",\"contentUrl\":\"https:\/\/vertigojazz.pl\/wp-content\/uploads\/2025\/04\/cropped-vertigo_logo_biale-180x180-1.jpg\",\"width\":180,\"height\":180,\"caption\":\"Vertigo Jazz Club & Restaurant\"},\"image\":{\"@id\":\"https:\/\/vertigojazz.pl\/#\/schema\/logo\/image\/\"},\"sameAs\":[\"https:\/\/www.facebook.com\/vertigojazzclub\",\"https:\/\/www.instagram.com\/vertigo_jazz_club\/\",\"https:\/\/www.youtube.com\/channel\/UC8sPrX3Xuv7bfuhfr3XbqXg\",\"https:\/\/www.tiktok.com\/@vertigojazzclub\"]}]}<\/script>\n<!-- \/ Yoast SEO plugin. -->","yoast_head_json":{"title":"\u015aladami Michael'a Buble: Christmas Time by Luboi\u0144ski\/\u0141obos - Vertigo Jazz Club &amp; Restaurant","description":"\u015aladami Michaela Buble to koncert, muzyczna podr\u00f3\u017c inspirowana tw\u00f3rczo\u015bci\u0105 kanadyjskiej gwiazdy.","robots":{"index":"index","follow":"follow","max-snippet":"max-snippet:-1","max-image-preview":"max-image-preview:large","max-video-preview":"max-video-preview:-1"},"canonical":"https:\/\/vertigojazz.pl\/wydarzenia\/sladami-michaela-buble-christmas-time-by-luboinski-lobos\/","og_locale":"uk_UA","og_type":"article","og_title":"\u015aladami Michael'a Buble: Christmas Time by Luboi\u0144ski\/\u0141obos - Vertigo Jazz Club &amp; Restaurant","og_description":"\u015aladami Michaela Buble to koncert, muzyczna podr\u00f3\u017c inspirowana tw\u00f3rczo\u015bci\u0105 kanadyjskiej gwiazdy.","og_url":"https:\/\/vertigojazz.pl\/wydarzenia\/sladami-michaela-buble-christmas-time-by-luboinski-lobos\/","og_site_name":"Vertigo Jazz Club &amp; Restaurant","article_publisher":"https:\/\/www.facebook.com\/vertigojazzclub","article_modified_time":"2025-11-26T17:28:23+00:00","og_image":[{"width":768,"height":768,"url":"https:\/\/vertigojazz.pl\/wp-content\/uploads\/2025\/08\/VertigoJazz-Logo_1080_1080.jpeg","type":"image\/jpeg"}],"twitter_card":"summary_large_image","twitter_misc":{"Est. reading time":"2 minutes"},"schema":{"@context":"https:\/\/schema.org","@graph":[{"@type":"WebPage","@id":"https:\/\/vertigojazz.pl\/wydarzenia\/sladami-michaela-buble-christmas-time-by-luboinski-lobos\/","url":"https:\/\/vertigojazz.pl\/wydarzenia\/sladami-michaela-buble-christmas-time-by-luboinski-lobos\/","name":"\u015aladami Michael'a Buble: Christmas Time by Luboi\u0144ski\/\u0141obos - Vertigo Jazz Club &amp; Restaurant","isPartOf":{"@id":"https:\/\/vertigojazz.pl\/#website"},"datePublished":"2025-11-14T16:15:01+00:00","dateModified":"2025-11-26T17:28:23+00:00","description":"\u015aladami Michaela Buble to koncert, muzyczna podr\u00f3\u017c inspirowana tw\u00f3rczo\u015bci\u0105 kanadyjskiej gwiazdy.","breadcrumb":{"@id":"https:\/\/vertigojazz.pl\/wydarzenia\/sladami-michaela-buble-christmas-time-by-luboinski-lobos\/#breadcrumb"},"inLanguage":"uk-UA","potentialAction":[{"@type":"ReadAction","target":["https:\/\/vertigojazz.pl\/wydarzenia\/sladami-michaela-buble-christmas-time-by-luboinski-lobos\/"]}]},{"@type":"BreadcrumbList","@id":"https:\/\/vertigojazz.pl\/wydarzenia\/sladami-michaela-buble-christmas-time-by-luboinski-lobos\/#breadcrumb","itemListElement":[{"@type":"ListItem","position":1,"name":"Strona g\u0142\u00f3wna","item":"https:\/\/vertigojazz.pl\/uk\/"},{"@type":"ListItem","position":2,"name":"\u015aladami Michael&#8217;a Buble: Christmas Time by Luboi\u0144ski\/\u0141obos"}]},{"@type":"WebSite","@id":"https:\/\/vertigojazz.pl\/#website","url":"https:\/\/vertigojazz.pl\/","name":"Vertigo Jazz Club & Restaurant","description":"klub muzyczny we Wroc\u0142awiu","publisher":{"@id":"https:\/\/vertigojazz.pl\/#organization"},"potentialAction":[{"@type":"SearchAction","target":{"@type":"EntryPoint","urlTemplate":"https:\/\/vertigojazz.pl\/?s={search_term_string}"},"query-input":{"@type":"PropertyValueSpecification","valueRequired":true,"valueName":"search_term_string"}}],"inLanguage":"uk-UA"},{"@type":"Organization","@id":"https:\/\/vertigojazz.pl\/#organization","name":"Vertigo Jazz Club & Restaurant","alternateName":"Klub muzyczny we Wroc\u0142awiu","url":"https:\/\/vertigojazz.pl\/","logo":{"@type":"ImageObject","inLanguage":"uk-UA","@id":"https:\/\/vertigojazz.pl\/#\/schema\/logo\/image\/","url":"https:\/\/vertigojazz.pl\/wp-content\/uploads\/2025\/04\/cropped-vertigo_logo_biale-180x180-1.jpg","contentUrl":"https:\/\/vertigojazz.pl\/wp-content\/uploads\/2025\/04\/cropped-vertigo_logo_biale-180x180-1.jpg","width":180,"height":180,"caption":"Vertigo Jazz Club & Restaurant"},"image":{"@id":"https:\/\/vertigojazz.pl\/#\/schema\/logo\/image\/"},"sameAs":["https:\/\/www.facebook.com\/vertigojazzclub","https:\/\/www.instagram.com\/vertigo_jazz_club\/","https:\/\/www.youtube.com\/channel\/UC8sPrX3Xuv7bfuhfr3XbqXg","https:\/\/www.tiktok.com\/@vertigojazzclub"]}]}},"_links":{"self":[{"href":"https:\/\/vertigojazz.pl\/uk\/wp-json\/wp\/v2\/wydarzenie\/14933","targetHints":{"allow":["GET"]}}],"collection":[{"href":"https:\/\/vertigojazz.pl\/uk\/wp-json\/wp\/v2\/wydarzenie"}],"about":[{"href":"https:\/\/vertigojazz.pl\/uk\/wp-json\/wp\/v2\/types\/wydarzenie"}],"author":[{"embeddable":true,"href":"https:\/\/vertigojazz.pl\/uk\/wp-json\/wp\/v2\/users\/13"}],"version-history":[{"count":1,"href":"https:\/\/vertigojazz.pl\/uk\/wp-json\/wp\/v2\/wydarzenie\/14933\/revisions"}],"predecessor-version":[{"id":15220,"href":"https:\/\/vertigojazz.pl\/uk\/wp-json\/wp\/v2\/wydarzenie\/14933\/revisions\/15220"}],"wp:attachment":[{"href":"https:\/\/vertigojazz.pl\/uk\/wp-json\/wp\/v2\/media?parent=14933"}],"curies":[{"name":"wp","href":"https:\/\/api.w.org\/{rel}","templated":true}]}}