{"id":17225,"date":"2026-01-07T16:34:53","date_gmt":"2026-01-07T15:34:53","guid":{"rendered":"https:\/\/vertigojazz.pl\/wydarzenia\/nikola-warda-new-moon-koncert-autorski\/"},"modified":"2026-01-23T09:51:02","modified_gmt":"2026-01-23T08:51:02","slug":"nikola-warda-new-moon-koncert-autorski","status":"publish","type":"wydarzenie","link":"https:\/\/vertigojazz.pl\/uk\/wydarzenia\/nikola-warda-new-moon-koncert-autorski\/","title":{"rendered":"Nikola Warda &#8211; \u201eNEW MOON\u201d   Koncert Autorski"},"content":{"rendered":"<h1>\u200bAutorska muzyka Nikoli Wardy na \u017cywo w Vertigo Wroc\u0142aw<\/h1>\n<p>Zimowy wiecz\u00f3r we Wroc\u0142awiu stanie si\u0119 wyj\u0105tkow\u0105 okazj\u0105, aby do\u015bwiadczy\u0107 autorskiej muzyki na \u017cywo w przestrzeni Vertigo. Tego wieczoru zabrzmi\u0105 d\u017awi\u0119ki tworz\u0105ce intymny \u015bwiat Nikoli Wardy i jej zespo\u0142u \u2013 \u015bwiat utkany z emocji, szczero\u015bci i wra\u017cliwo\u015bci. Vertigo Wroc\u0142aw wype\u0142ni muzyka na \u017cywo, kt\u00f3ra zaprasza do zatrzymania si\u0119, ws\u0142uchania i prze\u017cywania chwili tu i teraz.<\/p>\n<h2>\u200bOpowie\u015b\u0107 na pograniczu indie popu i alternatywy<\/h2>\n<p>Nikola Warda to wokalistka, autorka tekst\u00f3w i kompozytorka, kt\u00f3rej tw\u00f3rczo\u015b\u0107 wyrasta na styku indie popu, alternatywy oraz subtelnych inspiracji jazzowych. Jej piosenki pe\u0142ne s\u0105 kontrast\u00f3w \u2013 delikatnych melodii i intensywnych emocji, organicznego instrumentarium i nowoczesnych brzmie\u0144. Muzyka na \u017cywo w Vertigo pozwala tym historiom wybrzmie\u0107 w pe\u0142ni, blisko publiczno\u015bci, w kameralnej atmosferze Wroc\u0142awia.<\/p>\n<h2>New Moon jako emocjonalna podr\u00f3\u017c<\/h2>\n<p>Projekt New Moon to co\u015b wi\u0119cej ni\u017c wydarzenie z muzyk\u0105 na \u017cywo. To emocjonalna podr\u00f3\u017c, w kt\u00f3rej d\u017awi\u0119k staje si\u0119 map\u0105 wewn\u0119trznych prze\u017cy\u0107. To opowie\u015b\u0107 o odkrywaniu si\u0142y w delikatno\u015bci, o potrzebie zmiany i odwadze, by rozpocz\u0105\u0107 wszystko od nowa. W Vertigo jazzowa wra\u017cliwo\u015b\u0107, alternatywne brzmienia i autentyczno\u015b\u0107 spotkaj\u0105 si\u0119 na \u017cywo, tworz\u0105c wyj\u0105tkowy wiecz\u00f3r w sercu Wroc\u0142awia.<\/p>\n<p>English below:<\/p>\n<p>Nikola Warda\u2019s Original Music Live at Vertigo Wroc\u0142aw<\/p>\n<p>A winter evening in Wroc\u0142aw will become a unique opportunity to experience original live music at Vertigo. The evening will be filled with sounds that create the intimate world of Nikola Warda and her band\u2014a world woven from emotion, sincerity, and sensitivity. Vertigo Wroc\u0142aw will host live music that invites you to pause, listen, and experience the moment here and now.<\/p>\n<h2>A Story Between Indie Pop and Alternative<\/h2>\n<p>Nikola Warda is a vocalist, lyricist, and composer whose work exists at the crossroads of indie pop, alternative, and subtle jazz influences. Her songs are full of contrasts\u2014delicate melodies and intense emotions, organic instrumentation, and modern sounds. Live music at Vertigo allows these stories to resonate fully, close to the audience, in the intimate atmosphere of Wroc\u0142aw.<\/p>\n<h2>New Moon as an Emotional Journey<\/h2>\n<p>The New Moon project is more than just a live music performance. It is an emotional journey where sound serves as a map of internal experiences. It is a story about finding strength in delicacy, the need for change, and the courage to start anew. At Vertigo, jazz sensitivity, alternative sounds, and authenticity meet live, creating an exceptional evening in the heart of Wroc\u0142aw.<\/p>\n","protected":false},"excerpt":{"rendered":"<p>\u200bAutorska muzyka Nikoli Wardy na \u017cywo w Vertigo Wroc\u0142aw Zimowy wiecz\u00f3r we Wroc\u0142awiu stanie si\u0119 wyj\u0105tkow\u0105 okazj\u0105, aby do\u015bwiadczy\u0107 autorskiej muzyki na \u017cywo w przestrzeni Vertigo. Tego wieczoru zabrzmi\u0105 d\u017awi\u0119ki tworz\u0105ce intymny \u015bwiat Nikoli Wardy i jej zespo\u0142u \u2013 \u015bwiat utkany z emocji, szczero\u015bci i wra\u017cliwo\u015bci. Vertigo Wroc\u0142aw wype\u0142ni muzyka na \u017cywo, kt\u00f3ra zaprasza do [&hellip;]<\/p>\n","protected":false},"author":13,"featured_media":0,"parent":0,"menu_order":0,"template":"","meta":{"_acf_changed":false,"footnotes":""},"class_list":["post-17225","wydarzenie","type-wydarzenie","status-publish","hentry"],"acf":[],"yoast_head":"<!-- This site is optimized with the Yoast SEO plugin v26.0 - https:\/\/yoast.com\/wordpress\/plugins\/seo\/ -->\n<title>Nikola Warda - \u201eNEW MOON\u201d  Koncert Autorski - Vertigo Jazz Club &amp; Restaurant<\/title>\n<meta name=\"description\" content=\"Tego wieczoru zabrzmi\u0105 d\u017awi\u0119ki tworz\u0105ce intymny \u015bwiat Nikoli Wardy i jej zespo\u0142u \u2013 \u015bwiat utkany z emocji, szczero\u015bci i wra\u017cliwo\u015bci.\" \/>\n<meta name=\"robots\" content=\"index, follow, max-snippet:-1, max-image-preview:large, max-video-preview:-1\" \/>\n<link rel=\"canonical\" href=\"https:\/\/vertigojazz.pl\/wydarzenia\/nikola-warda-new-moon-koncert-autorski\/\" \/>\n<meta property=\"og:locale\" content=\"uk_UA\" \/>\n<meta property=\"og:type\" content=\"article\" \/>\n<meta property=\"og:title\" content=\"Nikola Warda - \u201eNEW MOON\u201d  Koncert Autorski - Vertigo Jazz Club &amp; Restaurant\" \/>\n<meta property=\"og:description\" content=\"Tego wieczoru zabrzmi\u0105 d\u017awi\u0119ki tworz\u0105ce intymny \u015bwiat Nikoli Wardy i jej zespo\u0142u \u2013 \u015bwiat utkany z emocji, szczero\u015bci i wra\u017cliwo\u015bci.\" \/>\n<meta property=\"og:url\" content=\"https:\/\/vertigojazz.pl\/wydarzenia\/nikola-warda-new-moon-koncert-autorski\/\" \/>\n<meta property=\"og:site_name\" content=\"Vertigo Jazz Club &amp; Restaurant\" \/>\n<meta property=\"article:publisher\" content=\"https:\/\/www.facebook.com\/vertigojazzclub\" \/>\n<meta property=\"article:modified_time\" content=\"2026-01-23T08:51:02+00:00\" \/>\n<meta property=\"og:image\" content=\"https:\/\/vertigojazz.pl\/wp-content\/uploads\/2025\/08\/VertigoJazz-Logo_1080_1080.jpeg\" \/>\n\t<meta property=\"og:image:width\" content=\"768\" \/>\n\t<meta property=\"og:image:height\" content=\"768\" \/>\n\t<meta property=\"og:image:type\" content=\"image\/jpeg\" \/>\n<meta name=\"twitter:card\" content=\"summary_large_image\" \/>\n<meta name=\"twitter:label1\" content=\"Est. reading time\" \/>\n\t<meta name=\"twitter:data1\" content=\"3 minutes\" \/>\n<script type=\"application\/ld+json\" class=\"yoast-schema-graph\">{\"@context\":\"https:\/\/schema.org\",\"@graph\":[{\"@type\":\"WebPage\",\"@id\":\"https:\/\/vertigojazz.pl\/wydarzenia\/nikola-warda-new-moon-koncert-autorski\/\",\"url\":\"https:\/\/vertigojazz.pl\/wydarzenia\/nikola-warda-new-moon-koncert-autorski\/\",\"name\":\"Nikola Warda - \u201eNEW MOON\u201d Koncert Autorski - Vertigo Jazz Club &amp; Restaurant\",\"isPartOf\":{\"@id\":\"https:\/\/vertigojazz.pl\/#website\"},\"datePublished\":\"2026-01-07T15:34:53+00:00\",\"dateModified\":\"2026-01-23T08:51:02+00:00\",\"description\":\"Tego wieczoru zabrzmi\u0105 d\u017awi\u0119ki tworz\u0105ce intymny \u015bwiat Nikoli Wardy i jej zespo\u0142u \u2013 \u015bwiat utkany z emocji, szczero\u015bci i wra\u017cliwo\u015bci.\",\"breadcrumb\":{\"@id\":\"https:\/\/vertigojazz.pl\/wydarzenia\/nikola-warda-new-moon-koncert-autorski\/#breadcrumb\"},\"inLanguage\":\"uk-UA\",\"potentialAction\":[{\"@type\":\"ReadAction\",\"target\":[\"https:\/\/vertigojazz.pl\/wydarzenia\/nikola-warda-new-moon-koncert-autorski\/\"]}]},{\"@type\":\"BreadcrumbList\",\"@id\":\"https:\/\/vertigojazz.pl\/wydarzenia\/nikola-warda-new-moon-koncert-autorski\/#breadcrumb\",\"itemListElement\":[{\"@type\":\"ListItem\",\"position\":1,\"name\":\"Strona g\u0142\u00f3wna\",\"item\":\"https:\/\/vertigojazz.pl\/uk\/\"},{\"@type\":\"ListItem\",\"position\":2,\"name\":\"Nikola Warda &#8211; \u201eNEW MOON\u201d Koncert Autorski\"}]},{\"@type\":\"WebSite\",\"@id\":\"https:\/\/vertigojazz.pl\/#website\",\"url\":\"https:\/\/vertigojazz.pl\/\",\"name\":\"Vertigo Jazz Club & Restaurant\",\"description\":\"klub muzyczny we Wroc\u0142awiu\",\"publisher\":{\"@id\":\"https:\/\/vertigojazz.pl\/#organization\"},\"potentialAction\":[{\"@type\":\"SearchAction\",\"target\":{\"@type\":\"EntryPoint\",\"urlTemplate\":\"https:\/\/vertigojazz.pl\/?s={search_term_string}\"},\"query-input\":{\"@type\":\"PropertyValueSpecification\",\"valueRequired\":true,\"valueName\":\"search_term_string\"}}],\"inLanguage\":\"uk-UA\"},{\"@type\":\"Organization\",\"@id\":\"https:\/\/vertigojazz.pl\/#organization\",\"name\":\"Vertigo Jazz Club & Restaurant\",\"alternateName\":\"Klub muzyczny we Wroc\u0142awiu\",\"url\":\"https:\/\/vertigojazz.pl\/\",\"logo\":{\"@type\":\"ImageObject\",\"inLanguage\":\"uk-UA\",\"@id\":\"https:\/\/vertigojazz.pl\/#\/schema\/logo\/image\/\",\"url\":\"https:\/\/vertigojazz.pl\/wp-content\/uploads\/2025\/04\/cropped-vertigo_logo_biale-180x180-1.jpg\",\"contentUrl\":\"https:\/\/vertigojazz.pl\/wp-content\/uploads\/2025\/04\/cropped-vertigo_logo_biale-180x180-1.jpg\",\"width\":180,\"height\":180,\"caption\":\"Vertigo Jazz Club & Restaurant\"},\"image\":{\"@id\":\"https:\/\/vertigojazz.pl\/#\/schema\/logo\/image\/\"},\"sameAs\":[\"https:\/\/www.facebook.com\/vertigojazzclub\",\"https:\/\/www.instagram.com\/vertigo_jazz_club\/\",\"https:\/\/www.youtube.com\/channel\/UC8sPrX3Xuv7bfuhfr3XbqXg\",\"https:\/\/www.tiktok.com\/@vertigojazzclub\"]}]}<\/script>\n<!-- \/ Yoast SEO plugin. -->","yoast_head_json":{"title":"Nikola Warda - \u201eNEW MOON\u201d  Koncert Autorski - Vertigo Jazz Club &amp; Restaurant","description":"Tego wieczoru zabrzmi\u0105 d\u017awi\u0119ki tworz\u0105ce intymny \u015bwiat Nikoli Wardy i jej zespo\u0142u \u2013 \u015bwiat utkany z emocji, szczero\u015bci i wra\u017cliwo\u015bci.","robots":{"index":"index","follow":"follow","max-snippet":"max-snippet:-1","max-image-preview":"max-image-preview:large","max-video-preview":"max-video-preview:-1"},"canonical":"https:\/\/vertigojazz.pl\/wydarzenia\/nikola-warda-new-moon-koncert-autorski\/","og_locale":"uk_UA","og_type":"article","og_title":"Nikola Warda - \u201eNEW MOON\u201d  Koncert Autorski - Vertigo Jazz Club &amp; Restaurant","og_description":"Tego wieczoru zabrzmi\u0105 d\u017awi\u0119ki tworz\u0105ce intymny \u015bwiat Nikoli Wardy i jej zespo\u0142u \u2013 \u015bwiat utkany z emocji, szczero\u015bci i wra\u017cliwo\u015bci.","og_url":"https:\/\/vertigojazz.pl\/wydarzenia\/nikola-warda-new-moon-koncert-autorski\/","og_site_name":"Vertigo Jazz Club &amp; Restaurant","article_publisher":"https:\/\/www.facebook.com\/vertigojazzclub","article_modified_time":"2026-01-23T08:51:02+00:00","og_image":[{"width":768,"height":768,"url":"https:\/\/vertigojazz.pl\/wp-content\/uploads\/2025\/08\/VertigoJazz-Logo_1080_1080.jpeg","type":"image\/jpeg"}],"twitter_card":"summary_large_image","twitter_misc":{"Est. reading time":"3 minutes"},"schema":{"@context":"https:\/\/schema.org","@graph":[{"@type":"WebPage","@id":"https:\/\/vertigojazz.pl\/wydarzenia\/nikola-warda-new-moon-koncert-autorski\/","url":"https:\/\/vertigojazz.pl\/wydarzenia\/nikola-warda-new-moon-koncert-autorski\/","name":"Nikola Warda - \u201eNEW MOON\u201d Koncert Autorski - Vertigo Jazz Club &amp; Restaurant","isPartOf":{"@id":"https:\/\/vertigojazz.pl\/#website"},"datePublished":"2026-01-07T15:34:53+00:00","dateModified":"2026-01-23T08:51:02+00:00","description":"Tego wieczoru zabrzmi\u0105 d\u017awi\u0119ki tworz\u0105ce intymny \u015bwiat Nikoli Wardy i jej zespo\u0142u \u2013 \u015bwiat utkany z emocji, szczero\u015bci i wra\u017cliwo\u015bci.","breadcrumb":{"@id":"https:\/\/vertigojazz.pl\/wydarzenia\/nikola-warda-new-moon-koncert-autorski\/#breadcrumb"},"inLanguage":"uk-UA","potentialAction":[{"@type":"ReadAction","target":["https:\/\/vertigojazz.pl\/wydarzenia\/nikola-warda-new-moon-koncert-autorski\/"]}]},{"@type":"BreadcrumbList","@id":"https:\/\/vertigojazz.pl\/wydarzenia\/nikola-warda-new-moon-koncert-autorski\/#breadcrumb","itemListElement":[{"@type":"ListItem","position":1,"name":"Strona g\u0142\u00f3wna","item":"https:\/\/vertigojazz.pl\/uk\/"},{"@type":"ListItem","position":2,"name":"Nikola Warda &#8211; \u201eNEW MOON\u201d Koncert Autorski"}]},{"@type":"WebSite","@id":"https:\/\/vertigojazz.pl\/#website","url":"https:\/\/vertigojazz.pl\/","name":"Vertigo Jazz Club & Restaurant","description":"klub muzyczny we Wroc\u0142awiu","publisher":{"@id":"https:\/\/vertigojazz.pl\/#organization"},"potentialAction":[{"@type":"SearchAction","target":{"@type":"EntryPoint","urlTemplate":"https:\/\/vertigojazz.pl\/?s={search_term_string}"},"query-input":{"@type":"PropertyValueSpecification","valueRequired":true,"valueName":"search_term_string"}}],"inLanguage":"uk-UA"},{"@type":"Organization","@id":"https:\/\/vertigojazz.pl\/#organization","name":"Vertigo Jazz Club & Restaurant","alternateName":"Klub muzyczny we Wroc\u0142awiu","url":"https:\/\/vertigojazz.pl\/","logo":{"@type":"ImageObject","inLanguage":"uk-UA","@id":"https:\/\/vertigojazz.pl\/#\/schema\/logo\/image\/","url":"https:\/\/vertigojazz.pl\/wp-content\/uploads\/2025\/04\/cropped-vertigo_logo_biale-180x180-1.jpg","contentUrl":"https:\/\/vertigojazz.pl\/wp-content\/uploads\/2025\/04\/cropped-vertigo_logo_biale-180x180-1.jpg","width":180,"height":180,"caption":"Vertigo Jazz Club & Restaurant"},"image":{"@id":"https:\/\/vertigojazz.pl\/#\/schema\/logo\/image\/"},"sameAs":["https:\/\/www.facebook.com\/vertigojazzclub","https:\/\/www.instagram.com\/vertigo_jazz_club\/","https:\/\/www.youtube.com\/channel\/UC8sPrX3Xuv7bfuhfr3XbqXg","https:\/\/www.tiktok.com\/@vertigojazzclub"]}]}},"_links":{"self":[{"href":"https:\/\/vertigojazz.pl\/uk\/wp-json\/wp\/v2\/wydarzenie\/17225","targetHints":{"allow":["GET"]}}],"collection":[{"href":"https:\/\/vertigojazz.pl\/uk\/wp-json\/wp\/v2\/wydarzenie"}],"about":[{"href":"https:\/\/vertigojazz.pl\/uk\/wp-json\/wp\/v2\/types\/wydarzenie"}],"author":[{"embeddable":true,"href":"https:\/\/vertigojazz.pl\/uk\/wp-json\/wp\/v2\/users\/13"}],"version-history":[{"count":1,"href":"https:\/\/vertigojazz.pl\/uk\/wp-json\/wp\/v2\/wydarzenie\/17225\/revisions"}],"predecessor-version":[{"id":17812,"href":"https:\/\/vertigojazz.pl\/uk\/wp-json\/wp\/v2\/wydarzenie\/17225\/revisions\/17812"}],"wp:attachment":[{"href":"https:\/\/vertigojazz.pl\/uk\/wp-json\/wp\/v2\/media?parent=17225"}],"curies":[{"name":"wp","href":"https:\/\/api.w.org\/{rel}","templated":true}]}}