{"id":17298,"date":"2026-01-13T19:45:16","date_gmt":"2026-01-13T18:45:16","guid":{"rendered":"https:\/\/vertigojazz.pl\/wydarzenia\/ed-sheeran-by-wojtek-kielbasa\/"},"modified":"2026-01-23T10:00:12","modified_gmt":"2026-01-23T09:00:12","slug":"ed-sheeran-by-wojtek-kielbasa","status":"publish","type":"wydarzenie","link":"https:\/\/vertigojazz.pl\/uk\/wydarzenia\/ed-sheeran-by-wojtek-kielbasa\/","title":{"rendered":"Ed Sheeran by Wojtek Kie\u0142basa"},"content":{"rendered":"<p>\u200b*Scroll down to English version*<\/p>\n<h1>Akustyczna podr\u00f3\u017c przez tw\u00f3rczo\u015b\u0107 Eda Sheerana w Vertigo<\/h1>\n<p>Zapraszamy Pa\u0144stwa do Vertigo we Wroc\u0142awiu na wyj\u0105tkowy wiecz\u00f3r z muzyk\u0105 na \u017cywo. To nastrojowa podr\u00f3\u017c na \u017cywo przez tw\u00f3rczo\u015b\u0107 Eda Sheerana, pe\u0142na emocji, subtelnych aran\u017cacji i utwor\u00f3w, kt\u00f3re od lat poruszaj\u0105 s\u0142uchaczy na ca\u0142ym \u015bwiecie. Jazzowy klimat Vertigo nada tej muzyce nowy wymiar, bliski i autentyczny.<\/p>\n<h2>Najwi\u0119ksze przeboje i mniej znane pere\u0142ki<\/h2>\n<p>Podczas tego wydarzenia us\u0142ysz\u0105 Pa\u0144stwo zar\u00f3wno najbardziej rozpoznawalne utwory, jak i mniej popularne kompozycje brytyjskiego artysty, doceniane przez koneser\u00f3w. To propozycja dla os\u00f3b, kt\u00f3re ceni\u0105 muzyk\u0119 na \u017cywo, kameraln\u0105 atmosfer\u0119 i mo\u017cliwo\u015b\u0107 prawdziwego zanurzenia si\u0119 w d\u017awi\u0119kach.<\/p>\n<h2>\u200bMuzyka na \u017cywo w wykonaniu Wojtka Kie\u0142basy<\/h2>\n<p>Wiecz\u00f3r poprowadzi wroc\u0142awski gitarzysta i wokalista Wojtek Kie\u0142basa, doskonale znany publiczno\u015bci Vertigo. Jego interpretacje, do\u015bwiadczenie sceniczne i kontakt z publiczno\u015bci\u0105 sprawiaj\u0105, \u017ce ka\u017cde takie spotkanie z jazzem i muzyk\u0105 na \u017cywo we Wroc\u0142awiu ma niepowtarzalny charakter. Prosimy zabra\u0107 ze sob\u0105 dobr\u0105 energi\u0119 i gotowo\u015b\u0107 do wsp\u00f3lnego prze\u017cywania muzyki na \u017cywo.<\/p>\n<p>REGULAMIN: Lokal po godzinie 19:00 przeznaczony jest dla os\u00f3b powy\u017cej 18 roku \u017cycia. Osoby niepe\u0142noletnie nie zostan\u0105 wpuszczone na wydarzenia organizowane przez Vertigo Jazz Club &amp; Restaurant<\/p>\n<p>*ENGLISH VERSION*<\/p>\n<h2>An Acoustic Journey Through Ed Sheeran\u2019s Music at Vertigo<\/h2>\n<p>We invite you to Vertigo in Wroc\u0142aw for a special evening of live music. This is an atmospheric live journey through Ed Sheeran\u2019s discography, filled with emotion, subtle arrangements, and songs that have been moving listeners worldwide for years. Vertigo\u2019s jazz ambiance will give this music a new, intimate, and authentic dimension.<\/p>\n<h3>Greatest Hits and Hidden Gems<\/h3>\n<p>During this event, you will hear both his most recognizable tracks and less popular compositions by the British artist that are highly valued by connoisseurs. This is a perfect choice for those who appreciate live music, an intimate atmosphere, and the chance to truly immerse themselves in sound.<\/p>\n<h3>Live Music Performed by Wojtek Kie\u0142basa<\/h3>\n<p>The evening will be led by Wroc\u0142aw guitarist and vocalist <b>Wojtek Kie\u0142basa<\/b>, who is well-known to the Vertigo audience. His interpretations, stage experience, and rapport with the audience ensure that every such encounter with jazz and live music in Wroc\u0142aw has a unique character. Please bring your good energy and readiness to experience live music together.<\/p>\n","protected":false},"excerpt":{"rendered":"<p>\u200b*Scroll down to English version* Akustyczna podr\u00f3\u017c przez tw\u00f3rczo\u015b\u0107 Eda Sheerana w Vertigo Zapraszamy Pa\u0144stwa do Vertigo we Wroc\u0142awiu na wyj\u0105tkowy wiecz\u00f3r z muzyk\u0105 na \u017cywo. To nastrojowa podr\u00f3\u017c na \u017cywo przez tw\u00f3rczo\u015b\u0107 Eda Sheerana, pe\u0142na emocji, subtelnych aran\u017cacji i utwor\u00f3w, kt\u00f3re od lat poruszaj\u0105 s\u0142uchaczy na ca\u0142ym \u015bwiecie. Jazzowy klimat Vertigo nada tej muzyce [&hellip;]<\/p>\n","protected":false},"author":13,"featured_media":0,"parent":0,"menu_order":0,"template":"","meta":{"_acf_changed":false,"footnotes":""},"class_list":["post-17298","wydarzenie","type-wydarzenie","status-publish","hentry"],"acf":[],"yoast_head":"<!-- This site is optimized with the Yoast SEO plugin v26.0 - https:\/\/yoast.com\/wordpress\/plugins\/seo\/ -->\n<title>Ed Sheeran by Wojtek Kie\u0142basa - Vertigo Jazz Club &amp; Restaurant<\/title>\n<meta name=\"description\" content=\"Wiecz\u00f3r poprowadzi wroc\u0142awski gitarzysta i wokalista Wojtek Kie\u0142basa, doskonale znany publiczno\u015bci Vertigo.\" \/>\n<meta name=\"robots\" content=\"index, follow, max-snippet:-1, max-image-preview:large, max-video-preview:-1\" \/>\n<link rel=\"canonical\" href=\"https:\/\/vertigojazz.pl\/wydarzenia\/ed-sheeran-by-wojtek-kielbasa\/\" \/>\n<meta property=\"og:locale\" content=\"uk_UA\" \/>\n<meta property=\"og:type\" content=\"article\" \/>\n<meta property=\"og:title\" content=\"Ed Sheeran by Wojtek Kie\u0142basa - Vertigo Jazz Club &amp; Restaurant\" \/>\n<meta property=\"og:description\" content=\"Wiecz\u00f3r poprowadzi wroc\u0142awski gitarzysta i wokalista Wojtek Kie\u0142basa, doskonale znany publiczno\u015bci Vertigo.\" \/>\n<meta property=\"og:url\" content=\"https:\/\/vertigojazz.pl\/wydarzenia\/ed-sheeran-by-wojtek-kielbasa\/\" \/>\n<meta property=\"og:site_name\" content=\"Vertigo Jazz Club &amp; Restaurant\" \/>\n<meta property=\"article:publisher\" content=\"https:\/\/www.facebook.com\/vertigojazzclub\" \/>\n<meta property=\"article:modified_time\" content=\"2026-01-23T09:00:12+00:00\" \/>\n<meta property=\"og:image\" content=\"https:\/\/vertigojazz.pl\/wp-content\/uploads\/2025\/08\/VertigoJazz-Logo_1080_1080.jpeg\" \/>\n\t<meta property=\"og:image:width\" content=\"768\" \/>\n\t<meta property=\"og:image:height\" content=\"768\" \/>\n\t<meta property=\"og:image:type\" content=\"image\/jpeg\" \/>\n<meta name=\"twitter:card\" content=\"summary_large_image\" \/>\n<meta name=\"twitter:label1\" content=\"Est. reading time\" \/>\n\t<meta name=\"twitter:data1\" content=\"3 minutes\" \/>\n<script type=\"application\/ld+json\" class=\"yoast-schema-graph\">{\"@context\":\"https:\/\/schema.org\",\"@graph\":[{\"@type\":\"WebPage\",\"@id\":\"https:\/\/vertigojazz.pl\/wydarzenia\/ed-sheeran-by-wojtek-kielbasa\/\",\"url\":\"https:\/\/vertigojazz.pl\/wydarzenia\/ed-sheeran-by-wojtek-kielbasa\/\",\"name\":\"Ed Sheeran by Wojtek Kie\u0142basa - Vertigo Jazz Club &amp; Restaurant\",\"isPartOf\":{\"@id\":\"https:\/\/vertigojazz.pl\/#website\"},\"datePublished\":\"2026-01-13T18:45:16+00:00\",\"dateModified\":\"2026-01-23T09:00:12+00:00\",\"description\":\"Wiecz\u00f3r poprowadzi wroc\u0142awski gitarzysta i wokalista Wojtek Kie\u0142basa, doskonale znany publiczno\u015bci Vertigo.\",\"breadcrumb\":{\"@id\":\"https:\/\/vertigojazz.pl\/wydarzenia\/ed-sheeran-by-wojtek-kielbasa\/#breadcrumb\"},\"inLanguage\":\"uk-UA\",\"potentialAction\":[{\"@type\":\"ReadAction\",\"target\":[\"https:\/\/vertigojazz.pl\/wydarzenia\/ed-sheeran-by-wojtek-kielbasa\/\"]}]},{\"@type\":\"BreadcrumbList\",\"@id\":\"https:\/\/vertigojazz.pl\/wydarzenia\/ed-sheeran-by-wojtek-kielbasa\/#breadcrumb\",\"itemListElement\":[{\"@type\":\"ListItem\",\"position\":1,\"name\":\"Strona g\u0142\u00f3wna\",\"item\":\"https:\/\/vertigojazz.pl\/uk\/\"},{\"@type\":\"ListItem\",\"position\":2,\"name\":\"Ed Sheeran by Wojtek Kie\u0142basa\"}]},{\"@type\":\"WebSite\",\"@id\":\"https:\/\/vertigojazz.pl\/#website\",\"url\":\"https:\/\/vertigojazz.pl\/\",\"name\":\"Vertigo Jazz Club & Restaurant\",\"description\":\"klub muzyczny we Wroc\u0142awiu\",\"publisher\":{\"@id\":\"https:\/\/vertigojazz.pl\/#organization\"},\"potentialAction\":[{\"@type\":\"SearchAction\",\"target\":{\"@type\":\"EntryPoint\",\"urlTemplate\":\"https:\/\/vertigojazz.pl\/?s={search_term_string}\"},\"query-input\":{\"@type\":\"PropertyValueSpecification\",\"valueRequired\":true,\"valueName\":\"search_term_string\"}}],\"inLanguage\":\"uk-UA\"},{\"@type\":\"Organization\",\"@id\":\"https:\/\/vertigojazz.pl\/#organization\",\"name\":\"Vertigo Jazz Club & Restaurant\",\"alternateName\":\"Klub muzyczny we Wroc\u0142awiu\",\"url\":\"https:\/\/vertigojazz.pl\/\",\"logo\":{\"@type\":\"ImageObject\",\"inLanguage\":\"uk-UA\",\"@id\":\"https:\/\/vertigojazz.pl\/#\/schema\/logo\/image\/\",\"url\":\"https:\/\/vertigojazz.pl\/wp-content\/uploads\/2025\/04\/cropped-vertigo_logo_biale-180x180-1.jpg\",\"contentUrl\":\"https:\/\/vertigojazz.pl\/wp-content\/uploads\/2025\/04\/cropped-vertigo_logo_biale-180x180-1.jpg\",\"width\":180,\"height\":180,\"caption\":\"Vertigo Jazz Club & Restaurant\"},\"image\":{\"@id\":\"https:\/\/vertigojazz.pl\/#\/schema\/logo\/image\/\"},\"sameAs\":[\"https:\/\/www.facebook.com\/vertigojazzclub\",\"https:\/\/www.instagram.com\/vertigo_jazz_club\/\",\"https:\/\/www.youtube.com\/channel\/UC8sPrX3Xuv7bfuhfr3XbqXg\",\"https:\/\/www.tiktok.com\/@vertigojazzclub\"]}]}<\/script>\n<!-- \/ Yoast SEO plugin. -->","yoast_head_json":{"title":"Ed Sheeran by Wojtek Kie\u0142basa - Vertigo Jazz Club &amp; Restaurant","description":"Wiecz\u00f3r poprowadzi wroc\u0142awski gitarzysta i wokalista Wojtek Kie\u0142basa, doskonale znany publiczno\u015bci Vertigo.","robots":{"index":"index","follow":"follow","max-snippet":"max-snippet:-1","max-image-preview":"max-image-preview:large","max-video-preview":"max-video-preview:-1"},"canonical":"https:\/\/vertigojazz.pl\/wydarzenia\/ed-sheeran-by-wojtek-kielbasa\/","og_locale":"uk_UA","og_type":"article","og_title":"Ed Sheeran by Wojtek Kie\u0142basa - Vertigo Jazz Club &amp; Restaurant","og_description":"Wiecz\u00f3r poprowadzi wroc\u0142awski gitarzysta i wokalista Wojtek Kie\u0142basa, doskonale znany publiczno\u015bci Vertigo.","og_url":"https:\/\/vertigojazz.pl\/wydarzenia\/ed-sheeran-by-wojtek-kielbasa\/","og_site_name":"Vertigo Jazz Club &amp; Restaurant","article_publisher":"https:\/\/www.facebook.com\/vertigojazzclub","article_modified_time":"2026-01-23T09:00:12+00:00","og_image":[{"width":768,"height":768,"url":"https:\/\/vertigojazz.pl\/wp-content\/uploads\/2025\/08\/VertigoJazz-Logo_1080_1080.jpeg","type":"image\/jpeg"}],"twitter_card":"summary_large_image","twitter_misc":{"Est. reading time":"3 minutes"},"schema":{"@context":"https:\/\/schema.org","@graph":[{"@type":"WebPage","@id":"https:\/\/vertigojazz.pl\/wydarzenia\/ed-sheeran-by-wojtek-kielbasa\/","url":"https:\/\/vertigojazz.pl\/wydarzenia\/ed-sheeran-by-wojtek-kielbasa\/","name":"Ed Sheeran by Wojtek Kie\u0142basa - Vertigo Jazz Club &amp; Restaurant","isPartOf":{"@id":"https:\/\/vertigojazz.pl\/#website"},"datePublished":"2026-01-13T18:45:16+00:00","dateModified":"2026-01-23T09:00:12+00:00","description":"Wiecz\u00f3r poprowadzi wroc\u0142awski gitarzysta i wokalista Wojtek Kie\u0142basa, doskonale znany publiczno\u015bci Vertigo.","breadcrumb":{"@id":"https:\/\/vertigojazz.pl\/wydarzenia\/ed-sheeran-by-wojtek-kielbasa\/#breadcrumb"},"inLanguage":"uk-UA","potentialAction":[{"@type":"ReadAction","target":["https:\/\/vertigojazz.pl\/wydarzenia\/ed-sheeran-by-wojtek-kielbasa\/"]}]},{"@type":"BreadcrumbList","@id":"https:\/\/vertigojazz.pl\/wydarzenia\/ed-sheeran-by-wojtek-kielbasa\/#breadcrumb","itemListElement":[{"@type":"ListItem","position":1,"name":"Strona g\u0142\u00f3wna","item":"https:\/\/vertigojazz.pl\/uk\/"},{"@type":"ListItem","position":2,"name":"Ed Sheeran by Wojtek Kie\u0142basa"}]},{"@type":"WebSite","@id":"https:\/\/vertigojazz.pl\/#website","url":"https:\/\/vertigojazz.pl\/","name":"Vertigo Jazz Club & Restaurant","description":"klub muzyczny we Wroc\u0142awiu","publisher":{"@id":"https:\/\/vertigojazz.pl\/#organization"},"potentialAction":[{"@type":"SearchAction","target":{"@type":"EntryPoint","urlTemplate":"https:\/\/vertigojazz.pl\/?s={search_term_string}"},"query-input":{"@type":"PropertyValueSpecification","valueRequired":true,"valueName":"search_term_string"}}],"inLanguage":"uk-UA"},{"@type":"Organization","@id":"https:\/\/vertigojazz.pl\/#organization","name":"Vertigo Jazz Club & Restaurant","alternateName":"Klub muzyczny we Wroc\u0142awiu","url":"https:\/\/vertigojazz.pl\/","logo":{"@type":"ImageObject","inLanguage":"uk-UA","@id":"https:\/\/vertigojazz.pl\/#\/schema\/logo\/image\/","url":"https:\/\/vertigojazz.pl\/wp-content\/uploads\/2025\/04\/cropped-vertigo_logo_biale-180x180-1.jpg","contentUrl":"https:\/\/vertigojazz.pl\/wp-content\/uploads\/2025\/04\/cropped-vertigo_logo_biale-180x180-1.jpg","width":180,"height":180,"caption":"Vertigo Jazz Club & Restaurant"},"image":{"@id":"https:\/\/vertigojazz.pl\/#\/schema\/logo\/image\/"},"sameAs":["https:\/\/www.facebook.com\/vertigojazzclub","https:\/\/www.instagram.com\/vertigo_jazz_club\/","https:\/\/www.youtube.com\/channel\/UC8sPrX3Xuv7bfuhfr3XbqXg","https:\/\/www.tiktok.com\/@vertigojazzclub"]}]}},"_links":{"self":[{"href":"https:\/\/vertigojazz.pl\/uk\/wp-json\/wp\/v2\/wydarzenie\/17298","targetHints":{"allow":["GET"]}}],"collection":[{"href":"https:\/\/vertigojazz.pl\/uk\/wp-json\/wp\/v2\/wydarzenie"}],"about":[{"href":"https:\/\/vertigojazz.pl\/uk\/wp-json\/wp\/v2\/types\/wydarzenie"}],"author":[{"embeddable":true,"href":"https:\/\/vertigojazz.pl\/uk\/wp-json\/wp\/v2\/users\/13"}],"version-history":[{"count":1,"href":"https:\/\/vertigojazz.pl\/uk\/wp-json\/wp\/v2\/wydarzenie\/17298\/revisions"}],"predecessor-version":[{"id":17819,"href":"https:\/\/vertigojazz.pl\/uk\/wp-json\/wp\/v2\/wydarzenie\/17298\/revisions\/17819"}],"wp:attachment":[{"href":"https:\/\/vertigojazz.pl\/uk\/wp-json\/wp\/v2\/media?parent=17298"}],"curies":[{"name":"wp","href":"https:\/\/api.w.org\/{rel}","templated":true}]}}