{"id":19247,"date":"2026-03-07T20:05:14","date_gmt":"2026-03-07T19:05:14","guid":{"rendered":"https:\/\/vertigojazz.pl\/wydarzenia\/jagus-szczesny-leczycki\/"},"modified":"2026-03-26T12:36:59","modified_gmt":"2026-03-26T11:36:59","slug":"jagus-szczesny-leczycki","status":"publish","type":"wydarzenie","link":"https:\/\/vertigojazz.pl\/uk\/wydarzenia\/jagus-szczesny-leczycki\/","title":{"rendered":"Jagu\u015b \/ Szcz\u0119sny \/ \u0141\u0119czycki"},"content":{"rendered":"<p>English below.<\/p>\n<h1>\u200bJagu\u015b \/ Szcz\u0119sny \/ \u0141\u0119czycki<\/h1>\n<p>Trzech muzyk\u00f3w, kt\u00f3rzy przetwarzaj\u0105 na sw\u00f3j w\u0142asny j\u0119zyk najzacniejsz\u0105 form\u0119 muzyczn\u0105 lat 60&#8242;, 70&#8242; i 80&#8242;.<\/p>\n<p>Poznali si\u0119 niespe\u0142na dwie dekady temu, kiedy Hubert, jeszcze jako dorastaj\u0105cy ch\u0142opak, wielokrotnie zasiada\u0142 w\u015br\u00f3d publiczno\u015bci podczas koncert\u00f3w Jacka i Bartka (JJ Band), wizualizuj\u0105c sobie mo\u017cliwo\u015b\u0107 wsp\u00f3lnego grania.<\/p>\n<p>15 lat p\u00f3\u017aniej powstaje trio JAGU\u015a \/ SZCZ\u0118SNY \/ \u0141\u0118CZYCKI.<\/p>\n<h2>\u200bBlues na \u017cywo we Wroc\u0142awiu<\/h2>\n<p>Gatunek muzyczny, kt\u00f3ry prezentuje tych trzech &#8220;Su\u0142tan\u00f3w Swingu&#8221;, mo\u017cna okre\u015bli\u0107 cytatem jednego z najwi\u0119kszych bluesman&#8217;\u00f3w, Williego Dixona: &#8220;Blues to korzenie, a reszta muzyki to owoce&#8221;.<\/p>\n<p>W swoich aran\u017cacjach utwor\u00f3w autorskich jak i cover\u00f3w, inspiruj\u0105 si\u0119 takimi artystami jak: Bruce Springsteen, Prince, Rolling Stones czy Bob Dylan.<\/p>\n<h2>\u200bSmak, muzyka i atmosfera<\/h2>\n<p>Vertigo to miejsce, w kt\u00f3rym spotykaj\u0105 si\u0119 muzyka na \u017cywo, wyj\u0105tkowa kuchnia i energia Wroc\u0142awia. Zapraszamy Pa\u0144stwa, aby sp\u0119dzi\u0107 czas z bliskimi i poczu\u0107 atmosfer\u0119, kt\u00f3ra przyci\u0105ga go\u015bci ka\u017cdego wieczoru.<\/p>\n<p><b>REGULAMIN: Lokal po godzinie 19:00 przeznaczony jest dla os\u00f3b powy\u017cej 18 roku \u017cycia. Osoby niepe\u0142noletnie nie zostan\u0105 wpuszczone na wydarzenia organizowane przez Vertigo Jazz Club &amp; Restaurant<\/b><\/p>\n\n<p><b>English version:<\/b><\/p>\n<h2>Jagu\u015b \/ Szcz\u0119sny \/ \u0141\u0119czycki: The Roots of Sound<\/h2>\n<p>Three musicians, one shared language: the finest musical forms of the 60s, 70s, and 80s. Their story began nearly two decades ago when Hubert, then just a teenager, spent countless evenings in the audience of Jacek and Bartek\u2019s (<b>JJ Band<\/b>) concerts, envisioning a future where they would share the stage. Fifteen years later, that vision became a reality with the formation of the <b>JAGU\u015a \/ SZCZ\u0118SNY \/ \u0141\u0118CZYCKI<\/b> trio.<\/p>\n<h3>Live Blues in Wroc\u0142aw<\/h3>\n<p>The style presented by these three &#8220;Sultans of Swing&#8221; is best captured by a quote from the legendary Willie Dixon:<\/p>\n<p>&#8220;The blues are the roots and the other musics are the fruits.&#8221;<\/p>\n<p>In their arrangements of both original compositions and covers, the trio draws inspiration from icons such as <b>Bruce Springsteen, Prince, The Rolling Stones, and Bob Dylan<\/b>. It is a raw, authentic tribute to the genres that shaped modern music.<\/p>\n<h3>Taste, Music, and Atmosphere<\/h3>\n<p>Vertigo is a place where live music, exceptional cuisine, and the vibrant energy of Wroc\u0142aw meet. We invite you to spend an evening with your loved ones and experience the atmosphere that draws guests back night after night.<\/p>\n","protected":false},"excerpt":{"rendered":"<p>English below. \u200bJagu\u015b \/ Szcz\u0119sny \/ \u0141\u0119czycki Trzech muzyk\u00f3w, kt\u00f3rzy przetwarzaj\u0105 na sw\u00f3j w\u0142asny j\u0119zyk najzacniejsz\u0105 form\u0119 muzyczn\u0105 lat 60&#8242;, 70&#8242; i 80&#8242;. Poznali si\u0119 niespe\u0142na dwie dekady temu, kiedy Hubert, jeszcze jako dorastaj\u0105cy ch\u0142opak, wielokrotnie zasiada\u0142 w\u015br\u00f3d publiczno\u015bci podczas koncert\u00f3w Jacka i Bartka (JJ Band), wizualizuj\u0105c sobie mo\u017cliwo\u015b\u0107 wsp\u00f3lnego grania. 15 lat p\u00f3\u017aniej powstaje [&hellip;]<\/p>\n","protected":false},"author":13,"featured_media":0,"parent":0,"menu_order":0,"template":"","meta":{"_acf_changed":false,"footnotes":""},"class_list":["post-19247","wydarzenie","type-wydarzenie","status-publish","hentry"],"acf":[],"yoast_head":"<!-- This site is optimized with the Yoast SEO plugin v26.0 - https:\/\/yoast.com\/wordpress\/plugins\/seo\/ -->\n<title>Jagu\u015b \/ Szcz\u0119sny \/ \u0141\u0119czycki - Vertigo Jazz Club &amp; Restaurant<\/title>\n<meta name=\"description\" content=\"Zapraszamy Pa\u0144stwa, aby sp\u0119dzi\u0107 czas z bliskimi i poczu\u0107 atmosfer\u0119, kt\u00f3ra przyci\u0105ga go\u015bci ka\u017cdego wieczoru.\" \/>\n<meta name=\"robots\" content=\"index, follow, max-snippet:-1, max-image-preview:large, max-video-preview:-1\" \/>\n<link rel=\"canonical\" href=\"https:\/\/vertigojazz.pl\/wydarzenia\/jagus-szczesny-leczycki\/\" \/>\n<meta property=\"og:locale\" content=\"uk_UA\" \/>\n<meta property=\"og:type\" content=\"article\" \/>\n<meta property=\"og:title\" content=\"Jagu\u015b \/ Szcz\u0119sny \/ \u0141\u0119czycki - Vertigo Jazz Club &amp; Restaurant\" \/>\n<meta property=\"og:description\" content=\"Zapraszamy Pa\u0144stwa, aby sp\u0119dzi\u0107 czas z bliskimi i poczu\u0107 atmosfer\u0119, kt\u00f3ra przyci\u0105ga go\u015bci ka\u017cdego wieczoru.\" \/>\n<meta property=\"og:url\" content=\"https:\/\/vertigojazz.pl\/wydarzenia\/jagus-szczesny-leczycki\/\" \/>\n<meta property=\"og:site_name\" content=\"Vertigo Jazz Club &amp; Restaurant\" \/>\n<meta property=\"article:publisher\" content=\"https:\/\/www.facebook.com\/vertigojazzclub\" \/>\n<meta property=\"article:modified_time\" content=\"2026-03-26T11:36:59+00:00\" \/>\n<meta property=\"og:image\" content=\"https:\/\/vertigojazz.pl\/wp-content\/uploads\/2025\/08\/VertigoJazz-Logo_1080_1080.jpeg\" \/>\n\t<meta property=\"og:image:width\" content=\"768\" \/>\n\t<meta property=\"og:image:height\" content=\"768\" \/>\n\t<meta property=\"og:image:type\" content=\"image\/jpeg\" \/>\n<meta name=\"twitter:card\" content=\"summary_large_image\" \/>\n<meta name=\"twitter:label1\" content=\"Est. reading time\" \/>\n\t<meta name=\"twitter:data1\" content=\"3 minutes\" \/>\n<script type=\"application\/ld+json\" class=\"yoast-schema-graph\">{\"@context\":\"https:\/\/schema.org\",\"@graph\":[{\"@type\":\"WebPage\",\"@id\":\"https:\/\/vertigojazz.pl\/wydarzenia\/jagus-szczesny-leczycki\/\",\"url\":\"https:\/\/vertigojazz.pl\/wydarzenia\/jagus-szczesny-leczycki\/\",\"name\":\"Jagu\u015b \/ Szcz\u0119sny \/ \u0141\u0119czycki - Vertigo Jazz Club &amp; Restaurant\",\"isPartOf\":{\"@id\":\"https:\/\/vertigojazz.pl\/#website\"},\"datePublished\":\"2026-03-07T19:05:14+00:00\",\"dateModified\":\"2026-03-26T11:36:59+00:00\",\"description\":\"Zapraszamy Pa\u0144stwa, aby sp\u0119dzi\u0107 czas z bliskimi i poczu\u0107 atmosfer\u0119, kt\u00f3ra przyci\u0105ga go\u015bci ka\u017cdego wieczoru.\",\"breadcrumb\":{\"@id\":\"https:\/\/vertigojazz.pl\/wydarzenia\/jagus-szczesny-leczycki\/#breadcrumb\"},\"inLanguage\":\"uk-UA\",\"potentialAction\":[{\"@type\":\"ReadAction\",\"target\":[\"https:\/\/vertigojazz.pl\/wydarzenia\/jagus-szczesny-leczycki\/\"]}]},{\"@type\":\"BreadcrumbList\",\"@id\":\"https:\/\/vertigojazz.pl\/wydarzenia\/jagus-szczesny-leczycki\/#breadcrumb\",\"itemListElement\":[{\"@type\":\"ListItem\",\"position\":1,\"name\":\"Strona g\u0142\u00f3wna\",\"item\":\"https:\/\/vertigojazz.pl\/uk\/\"},{\"@type\":\"ListItem\",\"position\":2,\"name\":\"Jagu\u015b \/ Szcz\u0119sny \/ \u0141\u0119czycki\"}]},{\"@type\":\"WebSite\",\"@id\":\"https:\/\/vertigojazz.pl\/#website\",\"url\":\"https:\/\/vertigojazz.pl\/\",\"name\":\"Vertigo Jazz Club & Restaurant\",\"description\":\"klub muzyczny we Wroc\u0142awiu\",\"publisher\":{\"@id\":\"https:\/\/vertigojazz.pl\/#organization\"},\"potentialAction\":[{\"@type\":\"SearchAction\",\"target\":{\"@type\":\"EntryPoint\",\"urlTemplate\":\"https:\/\/vertigojazz.pl\/?s={search_term_string}\"},\"query-input\":{\"@type\":\"PropertyValueSpecification\",\"valueRequired\":true,\"valueName\":\"search_term_string\"}}],\"inLanguage\":\"uk-UA\"},{\"@type\":\"Organization\",\"@id\":\"https:\/\/vertigojazz.pl\/#organization\",\"name\":\"Vertigo Jazz Club & Restaurant\",\"alternateName\":\"Klub muzyczny we Wroc\u0142awiu\",\"url\":\"https:\/\/vertigojazz.pl\/\",\"logo\":{\"@type\":\"ImageObject\",\"inLanguage\":\"uk-UA\",\"@id\":\"https:\/\/vertigojazz.pl\/#\/schema\/logo\/image\/\",\"url\":\"https:\/\/vertigojazz.pl\/wp-content\/uploads\/2025\/04\/cropped-vertigo_logo_biale-180x180-1.jpg\",\"contentUrl\":\"https:\/\/vertigojazz.pl\/wp-content\/uploads\/2025\/04\/cropped-vertigo_logo_biale-180x180-1.jpg\",\"width\":180,\"height\":180,\"caption\":\"Vertigo Jazz Club & Restaurant\"},\"image\":{\"@id\":\"https:\/\/vertigojazz.pl\/#\/schema\/logo\/image\/\"},\"sameAs\":[\"https:\/\/www.facebook.com\/vertigojazzclub\",\"https:\/\/www.instagram.com\/vertigo_jazz_club\/\",\"https:\/\/www.youtube.com\/channel\/UC8sPrX3Xuv7bfuhfr3XbqXg\",\"https:\/\/www.tiktok.com\/@vertigojazzclub\"]}]}<\/script>\n<!-- \/ Yoast SEO plugin. -->","yoast_head_json":{"title":"Jagu\u015b \/ Szcz\u0119sny \/ \u0141\u0119czycki - Vertigo Jazz Club &amp; Restaurant","description":"Zapraszamy Pa\u0144stwa, aby sp\u0119dzi\u0107 czas z bliskimi i poczu\u0107 atmosfer\u0119, kt\u00f3ra przyci\u0105ga go\u015bci ka\u017cdego wieczoru.","robots":{"index":"index","follow":"follow","max-snippet":"max-snippet:-1","max-image-preview":"max-image-preview:large","max-video-preview":"max-video-preview:-1"},"canonical":"https:\/\/vertigojazz.pl\/wydarzenia\/jagus-szczesny-leczycki\/","og_locale":"uk_UA","og_type":"article","og_title":"Jagu\u015b \/ Szcz\u0119sny \/ \u0141\u0119czycki - Vertigo Jazz Club &amp; Restaurant","og_description":"Zapraszamy Pa\u0144stwa, aby sp\u0119dzi\u0107 czas z bliskimi i poczu\u0107 atmosfer\u0119, kt\u00f3ra przyci\u0105ga go\u015bci ka\u017cdego wieczoru.","og_url":"https:\/\/vertigojazz.pl\/wydarzenia\/jagus-szczesny-leczycki\/","og_site_name":"Vertigo Jazz Club &amp; Restaurant","article_publisher":"https:\/\/www.facebook.com\/vertigojazzclub","article_modified_time":"2026-03-26T11:36:59+00:00","og_image":[{"width":768,"height":768,"url":"https:\/\/vertigojazz.pl\/wp-content\/uploads\/2025\/08\/VertigoJazz-Logo_1080_1080.jpeg","type":"image\/jpeg"}],"twitter_card":"summary_large_image","twitter_misc":{"Est. reading time":"3 minutes"},"schema":{"@context":"https:\/\/schema.org","@graph":[{"@type":"WebPage","@id":"https:\/\/vertigojazz.pl\/wydarzenia\/jagus-szczesny-leczycki\/","url":"https:\/\/vertigojazz.pl\/wydarzenia\/jagus-szczesny-leczycki\/","name":"Jagu\u015b \/ Szcz\u0119sny \/ \u0141\u0119czycki - Vertigo Jazz Club &amp; Restaurant","isPartOf":{"@id":"https:\/\/vertigojazz.pl\/#website"},"datePublished":"2026-03-07T19:05:14+00:00","dateModified":"2026-03-26T11:36:59+00:00","description":"Zapraszamy Pa\u0144stwa, aby sp\u0119dzi\u0107 czas z bliskimi i poczu\u0107 atmosfer\u0119, kt\u00f3ra przyci\u0105ga go\u015bci ka\u017cdego wieczoru.","breadcrumb":{"@id":"https:\/\/vertigojazz.pl\/wydarzenia\/jagus-szczesny-leczycki\/#breadcrumb"},"inLanguage":"uk-UA","potentialAction":[{"@type":"ReadAction","target":["https:\/\/vertigojazz.pl\/wydarzenia\/jagus-szczesny-leczycki\/"]}]},{"@type":"BreadcrumbList","@id":"https:\/\/vertigojazz.pl\/wydarzenia\/jagus-szczesny-leczycki\/#breadcrumb","itemListElement":[{"@type":"ListItem","position":1,"name":"Strona g\u0142\u00f3wna","item":"https:\/\/vertigojazz.pl\/uk\/"},{"@type":"ListItem","position":2,"name":"Jagu\u015b \/ Szcz\u0119sny \/ \u0141\u0119czycki"}]},{"@type":"WebSite","@id":"https:\/\/vertigojazz.pl\/#website","url":"https:\/\/vertigojazz.pl\/","name":"Vertigo Jazz Club & Restaurant","description":"klub muzyczny we Wroc\u0142awiu","publisher":{"@id":"https:\/\/vertigojazz.pl\/#organization"},"potentialAction":[{"@type":"SearchAction","target":{"@type":"EntryPoint","urlTemplate":"https:\/\/vertigojazz.pl\/?s={search_term_string}"},"query-input":{"@type":"PropertyValueSpecification","valueRequired":true,"valueName":"search_term_string"}}],"inLanguage":"uk-UA"},{"@type":"Organization","@id":"https:\/\/vertigojazz.pl\/#organization","name":"Vertigo Jazz Club & Restaurant","alternateName":"Klub muzyczny we Wroc\u0142awiu","url":"https:\/\/vertigojazz.pl\/","logo":{"@type":"ImageObject","inLanguage":"uk-UA","@id":"https:\/\/vertigojazz.pl\/#\/schema\/logo\/image\/","url":"https:\/\/vertigojazz.pl\/wp-content\/uploads\/2025\/04\/cropped-vertigo_logo_biale-180x180-1.jpg","contentUrl":"https:\/\/vertigojazz.pl\/wp-content\/uploads\/2025\/04\/cropped-vertigo_logo_biale-180x180-1.jpg","width":180,"height":180,"caption":"Vertigo Jazz Club & Restaurant"},"image":{"@id":"https:\/\/vertigojazz.pl\/#\/schema\/logo\/image\/"},"sameAs":["https:\/\/www.facebook.com\/vertigojazzclub","https:\/\/www.instagram.com\/vertigo_jazz_club\/","https:\/\/www.youtube.com\/channel\/UC8sPrX3Xuv7bfuhfr3XbqXg","https:\/\/www.tiktok.com\/@vertigojazzclub"]}]}},"_links":{"self":[{"href":"https:\/\/vertigojazz.pl\/uk\/wp-json\/wp\/v2\/wydarzenie\/19247","targetHints":{"allow":["GET"]}}],"collection":[{"href":"https:\/\/vertigojazz.pl\/uk\/wp-json\/wp\/v2\/wydarzenie"}],"about":[{"href":"https:\/\/vertigojazz.pl\/uk\/wp-json\/wp\/v2\/types\/wydarzenie"}],"author":[{"embeddable":true,"href":"https:\/\/vertigojazz.pl\/uk\/wp-json\/wp\/v2\/users\/13"}],"version-history":[{"count":1,"href":"https:\/\/vertigojazz.pl\/uk\/wp-json\/wp\/v2\/wydarzenie\/19247\/revisions"}],"predecessor-version":[{"id":19469,"href":"https:\/\/vertigojazz.pl\/uk\/wp-json\/wp\/v2\/wydarzenie\/19247\/revisions\/19469"}],"wp:attachment":[{"href":"https:\/\/vertigojazz.pl\/uk\/wp-json\/wp\/v2\/media?parent=19247"}],"curies":[{"name":"wp","href":"https:\/\/api.w.org\/{rel}","templated":true}]}}