{"id":19253,"date":"2026-03-07T21:20:23","date_gmt":"2026-03-07T20:20:23","guid":{"rendered":"https:\/\/vertigojazz.pl\/wydarzenia\/kuba-kesy-marta-lobos-hallelujah-wieczor-z-cohenem\/"},"modified":"2026-03-26T12:44:26","modified_gmt":"2026-03-26T11:44:26","slug":"kuba-kesy-marta-lobos-hallelujah-wieczor-z-cohenem","status":"publish","type":"wydarzenie","link":"https:\/\/vertigojazz.pl\/uk\/wydarzenia\/kuba-kesy-marta-lobos-hallelujah-wieczor-z-cohenem\/","title":{"rendered":"Kuba K\u0119sy &amp; Marta \u0141obos \u201cHallelujah\u201d wiecz\u00f3r z Cohenem."},"content":{"rendered":"<p>English below.<\/p>\n<h1>\u200bWiecz\u00f3r z Cohenem w Vertigo<\/h1>\n<p>Zapraszamy Pa\u0144stwa na wspania\u0142y wiecz\u00f3r po\u015bwi\u0119cony tw\u00f3rczo\u015bci Leonarda Cohena. Wiecz\u00f3r poprowadzi, doskonale Pa\u0144stwu znany wokalista i gitarzysta Kuba K\u0119sy razem ze znakomit\u0105 skypaczk\u0105 Mart\u0105 \u0141obos.<\/p>\n<h2>\u200bKuba K\u0119sy &amp; Marta \u0141obos we Wroc\u0142awiu<\/h2>\n<p>Mo\u017cecie spodziewa\u0107 si\u0119 Pa\u0144stwo min. takich utwor\u00f3w, wielkiego Leonarda Cohena jak: Hallelujah, Dance me to the end of love, Suzanne, Famous blue raincoat<\/p>\n<h2>\u200bSpotkanie przy koktajlach<\/h2>\n<p>Autorskie koktajle Vertigo to \u015bwietny pretekst, by zatrzyma\u0107 si\u0119 na chwil\u0119 i cieszy\u0107 si\u0119 muzyk\u0105 na \u017cywo. Zapraszamy Pa\u0144stwa na wiecz\u00f3r pe\u0142en klimatu i dobrej energii w centrum Wroc\u0142awia.<\/p>\n\n<p>REGULAMIN: Lokal po godzinie 19:00 przeznaczony jest dla os\u00f3b powy\u017cej 18 roku \u017cycia. Osoby niepe\u0142noletnie nie zostan\u0105 wpuszczone na wydarzenia organizowane przez Vertigo Jazz Club &amp; Restaurant<\/p>\n<p>English version:<\/p>\n<h2>An Evening with Leonard Cohen at Vertigo<\/h2>\n<p>We invite you to a wonderful evening dedicated to the profound work of <b>Leonard Cohen<\/b>. The night will be hosted by the well-known vocalist and guitarist <b>Kuba K\u0119sy<\/b>, accompanied by the brilliant violinist <b>Marta \u0141obos<\/b>.<\/p>\n<h3>Kuba K\u0119sy &amp; Marta \u0141obos live in Wroc\u0142aw<\/h3>\n<p>Prepare for a moving journey through the repertoire of the great Leonard Cohen. The program includes timeless masterpieces such as:<\/p>\n<ul>\n<li><b>&#8220;Hallelujah&#8221;<\/b><\/li>\n<li><b>&#8220;Dance Me to the End of Love&#8221;<\/b><\/li>\n<li><b>&#8220;Suzanne&#8221;<\/b><\/li>\n<li><b>&#8220;Famous Blue Raincoat&#8221;<\/b><\/li>\n<\/ul>\n<h3>Cocktails and Classics<\/h3>\n<p>Vertigo\u2019s signature cocktails are the perfect excuse to slow down and immerse yourself in live music. Join us for an evening of deep atmosphere and soulful energy in the heart of Wroc\u0142aw.<\/p>\n","protected":false},"excerpt":{"rendered":"<p>English below. \u200bWiecz\u00f3r z Cohenem w Vertigo Zapraszamy Pa\u0144stwa na wspania\u0142y wiecz\u00f3r po\u015bwi\u0119cony tw\u00f3rczo\u015bci Leonarda Cohena. Wiecz\u00f3r poprowadzi, doskonale Pa\u0144stwu znany wokalista i gitarzysta Kuba K\u0119sy razem ze znakomit\u0105 skypaczk\u0105 Mart\u0105 \u0141obos. \u200bKuba K\u0119sy &amp; Marta \u0141obos we Wroc\u0142awiu Mo\u017cecie spodziewa\u0107 si\u0119 Pa\u0144stwo min. takich utwor\u00f3w, wielkiego Leonarda Cohena jak: Hallelujah, Dance me to the [&hellip;]<\/p>\n","protected":false},"author":13,"featured_media":0,"parent":0,"menu_order":0,"template":"","meta":{"_acf_changed":false,"footnotes":""},"class_list":["post-19253","wydarzenie","type-wydarzenie","status-publish","hentry"],"acf":[],"yoast_head":"<!-- This site is optimized with the Yoast SEO plugin v26.0 - https:\/\/yoast.com\/wordpress\/plugins\/seo\/ -->\n<title>Kuba K\u0119sy &amp; Marta \u0141obos \u201cHallelujah\u201d wiecz\u00f3r z Cohenem. - Vertigo Jazz Club &amp; Restaurant<\/title>\n<meta name=\"description\" content=\"Wiecz\u00f3r poprowadzi, doskonale Pa\u0144stwu znany wokalista i gitarzysta Kuba K\u0119sy razem ze znakomit\u0105 skypaczk\u0105 Mart\u0105 \u0141obos.\u00a0\" \/>\n<meta name=\"robots\" content=\"index, follow, max-snippet:-1, max-image-preview:large, max-video-preview:-1\" \/>\n<link rel=\"canonical\" href=\"https:\/\/vertigojazz.pl\/wydarzenia\/kuba-kesy-marta-lobos-hallelujah-wieczor-z-cohenem\/\" \/>\n<meta property=\"og:locale\" content=\"uk_UA\" \/>\n<meta property=\"og:type\" content=\"article\" \/>\n<meta property=\"og:title\" content=\"Kuba K\u0119sy &amp; Marta \u0141obos \u201cHallelujah\u201d wiecz\u00f3r z Cohenem. - Vertigo Jazz Club &amp; Restaurant\" \/>\n<meta property=\"og:description\" content=\"Wiecz\u00f3r poprowadzi, doskonale Pa\u0144stwu znany wokalista i gitarzysta Kuba K\u0119sy razem ze znakomit\u0105 skypaczk\u0105 Mart\u0105 \u0141obos.\u00a0\" \/>\n<meta property=\"og:url\" content=\"https:\/\/vertigojazz.pl\/wydarzenia\/kuba-kesy-marta-lobos-hallelujah-wieczor-z-cohenem\/\" \/>\n<meta property=\"og:site_name\" content=\"Vertigo Jazz Club &amp; Restaurant\" \/>\n<meta property=\"article:publisher\" content=\"https:\/\/www.facebook.com\/vertigojazzclub\" \/>\n<meta property=\"article:modified_time\" content=\"2026-03-26T11:44:26+00:00\" \/>\n<meta property=\"og:image\" content=\"https:\/\/vertigojazz.pl\/wp-content\/uploads\/2025\/08\/VertigoJazz-Logo_1080_1080.jpeg\" \/>\n\t<meta property=\"og:image:width\" content=\"768\" \/>\n\t<meta property=\"og:image:height\" content=\"768\" \/>\n\t<meta property=\"og:image:type\" content=\"image\/jpeg\" \/>\n<meta name=\"twitter:card\" content=\"summary_large_image\" \/>\n<meta name=\"twitter:label1\" content=\"Est. reading time\" \/>\n\t<meta name=\"twitter:data1\" content=\"2 minutes\" \/>\n<script type=\"application\/ld+json\" class=\"yoast-schema-graph\">{\"@context\":\"https:\/\/schema.org\",\"@graph\":[{\"@type\":\"WebPage\",\"@id\":\"https:\/\/vertigojazz.pl\/wydarzenia\/kuba-kesy-marta-lobos-hallelujah-wieczor-z-cohenem\/\",\"url\":\"https:\/\/vertigojazz.pl\/wydarzenia\/kuba-kesy-marta-lobos-hallelujah-wieczor-z-cohenem\/\",\"name\":\"Kuba K\u0119sy &amp; Marta \u0141obos \u201cHallelujah\u201d wiecz\u00f3r z Cohenem. - Vertigo Jazz Club &amp; Restaurant\",\"isPartOf\":{\"@id\":\"https:\/\/vertigojazz.pl\/#website\"},\"datePublished\":\"2026-03-07T20:20:23+00:00\",\"dateModified\":\"2026-03-26T11:44:26+00:00\",\"description\":\"Wiecz\u00f3r poprowadzi, doskonale Pa\u0144stwu znany wokalista i gitarzysta Kuba K\u0119sy razem ze znakomit\u0105 skypaczk\u0105 Mart\u0105 \u0141obos.\u00a0\",\"breadcrumb\":{\"@id\":\"https:\/\/vertigojazz.pl\/wydarzenia\/kuba-kesy-marta-lobos-hallelujah-wieczor-z-cohenem\/#breadcrumb\"},\"inLanguage\":\"uk-UA\",\"potentialAction\":[{\"@type\":\"ReadAction\",\"target\":[\"https:\/\/vertigojazz.pl\/wydarzenia\/kuba-kesy-marta-lobos-hallelujah-wieczor-z-cohenem\/\"]}]},{\"@type\":\"BreadcrumbList\",\"@id\":\"https:\/\/vertigojazz.pl\/wydarzenia\/kuba-kesy-marta-lobos-hallelujah-wieczor-z-cohenem\/#breadcrumb\",\"itemListElement\":[{\"@type\":\"ListItem\",\"position\":1,\"name\":\"Strona g\u0142\u00f3wna\",\"item\":\"https:\/\/vertigojazz.pl\/uk\/\"},{\"@type\":\"ListItem\",\"position\":2,\"name\":\"Kuba K\u0119sy &amp; Marta \u0141obos \u201cHallelujah\u201d wiecz\u00f3r z Cohenem.\"}]},{\"@type\":\"WebSite\",\"@id\":\"https:\/\/vertigojazz.pl\/#website\",\"url\":\"https:\/\/vertigojazz.pl\/\",\"name\":\"Vertigo Jazz Club & Restaurant\",\"description\":\"klub muzyczny we Wroc\u0142awiu\",\"publisher\":{\"@id\":\"https:\/\/vertigojazz.pl\/#organization\"},\"potentialAction\":[{\"@type\":\"SearchAction\",\"target\":{\"@type\":\"EntryPoint\",\"urlTemplate\":\"https:\/\/vertigojazz.pl\/?s={search_term_string}\"},\"query-input\":{\"@type\":\"PropertyValueSpecification\",\"valueRequired\":true,\"valueName\":\"search_term_string\"}}],\"inLanguage\":\"uk-UA\"},{\"@type\":\"Organization\",\"@id\":\"https:\/\/vertigojazz.pl\/#organization\",\"name\":\"Vertigo Jazz Club & Restaurant\",\"alternateName\":\"Klub muzyczny we Wroc\u0142awiu\",\"url\":\"https:\/\/vertigojazz.pl\/\",\"logo\":{\"@type\":\"ImageObject\",\"inLanguage\":\"uk-UA\",\"@id\":\"https:\/\/vertigojazz.pl\/#\/schema\/logo\/image\/\",\"url\":\"https:\/\/vertigojazz.pl\/wp-content\/uploads\/2025\/04\/cropped-vertigo_logo_biale-180x180-1.jpg\",\"contentUrl\":\"https:\/\/vertigojazz.pl\/wp-content\/uploads\/2025\/04\/cropped-vertigo_logo_biale-180x180-1.jpg\",\"width\":180,\"height\":180,\"caption\":\"Vertigo Jazz Club & Restaurant\"},\"image\":{\"@id\":\"https:\/\/vertigojazz.pl\/#\/schema\/logo\/image\/\"},\"sameAs\":[\"https:\/\/www.facebook.com\/vertigojazzclub\",\"https:\/\/www.instagram.com\/vertigo_jazz_club\/\",\"https:\/\/www.youtube.com\/channel\/UC8sPrX3Xuv7bfuhfr3XbqXg\",\"https:\/\/www.tiktok.com\/@vertigojazzclub\"]}]}<\/script>\n<!-- \/ Yoast SEO plugin. -->","yoast_head_json":{"title":"Kuba K\u0119sy &amp; Marta \u0141obos \u201cHallelujah\u201d wiecz\u00f3r z Cohenem. - Vertigo Jazz Club &amp; Restaurant","description":"Wiecz\u00f3r poprowadzi, doskonale Pa\u0144stwu znany wokalista i gitarzysta Kuba K\u0119sy razem ze znakomit\u0105 skypaczk\u0105 Mart\u0105 \u0141obos.\u00a0","robots":{"index":"index","follow":"follow","max-snippet":"max-snippet:-1","max-image-preview":"max-image-preview:large","max-video-preview":"max-video-preview:-1"},"canonical":"https:\/\/vertigojazz.pl\/wydarzenia\/kuba-kesy-marta-lobos-hallelujah-wieczor-z-cohenem\/","og_locale":"uk_UA","og_type":"article","og_title":"Kuba K\u0119sy &amp; Marta \u0141obos \u201cHallelujah\u201d wiecz\u00f3r z Cohenem. - Vertigo Jazz Club &amp; Restaurant","og_description":"Wiecz\u00f3r poprowadzi, doskonale Pa\u0144stwu znany wokalista i gitarzysta Kuba K\u0119sy razem ze znakomit\u0105 skypaczk\u0105 Mart\u0105 \u0141obos.\u00a0","og_url":"https:\/\/vertigojazz.pl\/wydarzenia\/kuba-kesy-marta-lobos-hallelujah-wieczor-z-cohenem\/","og_site_name":"Vertigo Jazz Club &amp; Restaurant","article_publisher":"https:\/\/www.facebook.com\/vertigojazzclub","article_modified_time":"2026-03-26T11:44:26+00:00","og_image":[{"width":768,"height":768,"url":"https:\/\/vertigojazz.pl\/wp-content\/uploads\/2025\/08\/VertigoJazz-Logo_1080_1080.jpeg","type":"image\/jpeg"}],"twitter_card":"summary_large_image","twitter_misc":{"Est. reading time":"2 minutes"},"schema":{"@context":"https:\/\/schema.org","@graph":[{"@type":"WebPage","@id":"https:\/\/vertigojazz.pl\/wydarzenia\/kuba-kesy-marta-lobos-hallelujah-wieczor-z-cohenem\/","url":"https:\/\/vertigojazz.pl\/wydarzenia\/kuba-kesy-marta-lobos-hallelujah-wieczor-z-cohenem\/","name":"Kuba K\u0119sy &amp; Marta \u0141obos \u201cHallelujah\u201d wiecz\u00f3r z Cohenem. - Vertigo Jazz Club &amp; Restaurant","isPartOf":{"@id":"https:\/\/vertigojazz.pl\/#website"},"datePublished":"2026-03-07T20:20:23+00:00","dateModified":"2026-03-26T11:44:26+00:00","description":"Wiecz\u00f3r poprowadzi, doskonale Pa\u0144stwu znany wokalista i gitarzysta Kuba K\u0119sy razem ze znakomit\u0105 skypaczk\u0105 Mart\u0105 \u0141obos.\u00a0","breadcrumb":{"@id":"https:\/\/vertigojazz.pl\/wydarzenia\/kuba-kesy-marta-lobos-hallelujah-wieczor-z-cohenem\/#breadcrumb"},"inLanguage":"uk-UA","potentialAction":[{"@type":"ReadAction","target":["https:\/\/vertigojazz.pl\/wydarzenia\/kuba-kesy-marta-lobos-hallelujah-wieczor-z-cohenem\/"]}]},{"@type":"BreadcrumbList","@id":"https:\/\/vertigojazz.pl\/wydarzenia\/kuba-kesy-marta-lobos-hallelujah-wieczor-z-cohenem\/#breadcrumb","itemListElement":[{"@type":"ListItem","position":1,"name":"Strona g\u0142\u00f3wna","item":"https:\/\/vertigojazz.pl\/uk\/"},{"@type":"ListItem","position":2,"name":"Kuba K\u0119sy &amp; Marta \u0141obos \u201cHallelujah\u201d wiecz\u00f3r z Cohenem."}]},{"@type":"WebSite","@id":"https:\/\/vertigojazz.pl\/#website","url":"https:\/\/vertigojazz.pl\/","name":"Vertigo Jazz Club & Restaurant","description":"klub muzyczny we Wroc\u0142awiu","publisher":{"@id":"https:\/\/vertigojazz.pl\/#organization"},"potentialAction":[{"@type":"SearchAction","target":{"@type":"EntryPoint","urlTemplate":"https:\/\/vertigojazz.pl\/?s={search_term_string}"},"query-input":{"@type":"PropertyValueSpecification","valueRequired":true,"valueName":"search_term_string"}}],"inLanguage":"uk-UA"},{"@type":"Organization","@id":"https:\/\/vertigojazz.pl\/#organization","name":"Vertigo Jazz Club & Restaurant","alternateName":"Klub muzyczny we Wroc\u0142awiu","url":"https:\/\/vertigojazz.pl\/","logo":{"@type":"ImageObject","inLanguage":"uk-UA","@id":"https:\/\/vertigojazz.pl\/#\/schema\/logo\/image\/","url":"https:\/\/vertigojazz.pl\/wp-content\/uploads\/2025\/04\/cropped-vertigo_logo_biale-180x180-1.jpg","contentUrl":"https:\/\/vertigojazz.pl\/wp-content\/uploads\/2025\/04\/cropped-vertigo_logo_biale-180x180-1.jpg","width":180,"height":180,"caption":"Vertigo Jazz Club & Restaurant"},"image":{"@id":"https:\/\/vertigojazz.pl\/#\/schema\/logo\/image\/"},"sameAs":["https:\/\/www.facebook.com\/vertigojazzclub","https:\/\/www.instagram.com\/vertigo_jazz_club\/","https:\/\/www.youtube.com\/channel\/UC8sPrX3Xuv7bfuhfr3XbqXg","https:\/\/www.tiktok.com\/@vertigojazzclub"]}]}},"_links":{"self":[{"href":"https:\/\/vertigojazz.pl\/uk\/wp-json\/wp\/v2\/wydarzenie\/19253","targetHints":{"allow":["GET"]}}],"collection":[{"href":"https:\/\/vertigojazz.pl\/uk\/wp-json\/wp\/v2\/wydarzenie"}],"about":[{"href":"https:\/\/vertigojazz.pl\/uk\/wp-json\/wp\/v2\/types\/wydarzenie"}],"author":[{"embeddable":true,"href":"https:\/\/vertigojazz.pl\/uk\/wp-json\/wp\/v2\/users\/13"}],"version-history":[{"count":1,"href":"https:\/\/vertigojazz.pl\/uk\/wp-json\/wp\/v2\/wydarzenie\/19253\/revisions"}],"predecessor-version":[{"id":19476,"href":"https:\/\/vertigojazz.pl\/uk\/wp-json\/wp\/v2\/wydarzenie\/19253\/revisions\/19476"}],"wp:attachment":[{"href":"https:\/\/vertigojazz.pl\/uk\/wp-json\/wp\/v2\/media?parent=19253"}],"curies":[{"name":"wp","href":"https:\/\/api.w.org\/{rel}","templated":true}]}}